{"id":13,"date":"2023-09-06T14:08:04","date_gmt":"2023-09-06T14:08:04","guid":{"rendered":"https:\/\/demosites.royal-elementor-addons.com\/solar-energy-v1\/?page_id=13"},"modified":"2026-01-21T14:09:53","modified_gmt":"2026-01-21T14:09:53","slug":"projetos","status":"publish","type":"page","link":"https:\/\/agbatalha.pt\/portal\/projetos\/","title":{"rendered":"Projetos"},"content":{"rendered":"\t\t<div data-elementor-type=\"wp-page\" data-elementor-id=\"13\" class=\"elementor elementor-13\">\n\t\t\t\t\t\t<section class=\"elementor-section elementor-top-section elementor-element elementor-element-f2827fe elementor-section-height-min-height elementor-section-boxed elementor-section-height-default elementor-section-items-middle wpr-particle-no wpr-jarallax-no wpr-parallax-no wpr-sticky-section-no\" data-id=\"f2827fe\" data-element_type=\"section\" data-e-type=\"section\" data-settings=\"{&quot;background_background&quot;:&quot;classic&quot;}\">\n\t\t\t\t\t\t<div class=\"elementor-container elementor-column-gap-default\">\n\t\t\t\t\t<div class=\"elementor-column elementor-col-100 elementor-top-column elementor-element elementor-element-797d332\" data-id=\"797d332\" data-element_type=\"column\" data-e-type=\"column\">\n\t\t\t<div class=\"elementor-widget-wrap elementor-element-populated\">\n\t\t\t\t\t\t<div class=\"elementor-element elementor-element-a22d1d4 elementor-widget elementor-widget-heading\" data-id=\"a22d1d4\" data-element_type=\"widget\" data-e-type=\"widget\" data-widget_type=\"heading.default\">\n\t\t\t\t<div class=\"elementor-widget-container\">\n\t\t\t\t\t<h2 class=\"elementor-heading-title elementor-size-default\">PROJETOS DESAFIANTES<\/h2>\t\t\t\t<\/div>\n\t\t\t\t<\/div>\n\t\t\t\t\t<\/div>\n\t\t<\/div>\n\t\t\t\t\t<\/div>\n\t\t<\/section>\n\t\t\t\t<section class=\"elementor-section elementor-top-section elementor-element elementor-element-cd1e87a elementor-section-boxed elementor-section-height-default elementor-section-height-default wpr-particle-no wpr-jarallax-no wpr-parallax-no wpr-sticky-section-no elementor-invisible\" data-id=\"cd1e87a\" data-element_type=\"section\" data-e-type=\"section\" data-settings=\"{&quot;animation&quot;:&quot;zoomIn&quot;}\">\n\t\t\t\t\t\t<div class=\"elementor-container elementor-column-gap-default\">\n\t\t\t\t\t<div class=\"elementor-column elementor-col-100 elementor-top-column elementor-element elementor-element-20414f6\" data-id=\"20414f6\" data-element_type=\"column\" data-e-type=\"column\" data-settings=\"{&quot;background_background&quot;:&quot;classic&quot;}\">\n\t\t\t<div class=\"elementor-widget-wrap elementor-element-populated\">\n\t\t\t\t\t\t<section class=\"elementor-section elementor-inner-section elementor-element elementor-element-8b4517c elementor-section-boxed elementor-section-height-default elementor-section-height-default wpr-particle-no wpr-jarallax-no wpr-parallax-no wpr-sticky-section-no\" data-id=\"8b4517c\" data-element_type=\"section\" data-e-type=\"section\">\n\t\t\t\t\t\t<div class=\"elementor-container elementor-column-gap-default\">\n\t\t\t\t\t<div class=\"elementor-column elementor-col-33 elementor-inner-column elementor-element elementor-element-efaefd6\" data-id=\"efaefd6\" data-element_type=\"column\" data-e-type=\"column\">\n\t\t\t<div class=\"elementor-widget-wrap elementor-element-populated\">\n\t\t\t\t\t\t<div class=\"elementor-element elementor-element-dffeff6 elementor-view-stacked elementor-position-inline-start elementor-shape-circle elementor-mobile-position-block-start elementor-widget elementor-widget-icon-box\" data-id=\"dffeff6\" data-element_type=\"widget\" data-e-type=\"widget\" data-widget_type=\"icon-box.default\">\n\t\t\t\t<div class=\"elementor-widget-container\">\n\t\t\t\t\t\t\t<div class=\"elementor-icon-box-wrapper\">\n\n\t\t\t\t\t\t<div class=\"elementor-icon-box-icon\">\n\t\t\t\t<span  class=\"elementor-icon\">\n\t\t\t\t<svg aria-hidden=\"true\" class=\"e-font-icon-svg e-fas-map-signs\" viewBox=\"0 0 512 512\" xmlns=\"http:\/\/www.w3.org\/2000\/svg\"><path d=\"M507.31 84.69L464 41.37c-6-6-14.14-9.37-22.63-9.37H288V16c0-8.84-7.16-16-16-16h-32c-8.84 0-16 7.16-16 16v16H56c-13.25 0-24 10.75-24 24v80c0 13.25 10.75 24 24 24h385.37c8.49 0 16.62-3.37 22.63-9.37l43.31-43.31c6.25-6.26 6.25-16.38 0-22.63zM224 496c0 8.84 7.16 16 16 16h32c8.84 0 16-7.16 16-16V384h-64v112zm232-272H288v-32h-64v32H70.63c-8.49 0-16.62 3.37-22.63 9.37L4.69 276.69c-6.25 6.25-6.25 16.38 0 22.63L48 342.63c6 6 14.14 9.37 22.63 9.37H456c13.25 0 24-10.75 24-24v-80c0-13.25-10.75-24-24-24z\"><\/path><\/svg>\t\t\t\t<\/span>\n\t\t\t<\/div>\n\t\t\t\n\t\t\t\t\t\t<div class=\"elementor-icon-box-content\">\n\n\t\t\t\t\t\t\t\t\t<h3 class=\"elementor-icon-box-title\">\n\t\t\t\t\t\t<span  >\n\t\t\t\t\t\t\tERASMUS e CLUBE EUROPEU\t\t\t\t\t\t<\/span>\n\t\t\t\t\t<\/h3>\n\t\t\t\t\n\t\t\t\t\t\t\t\t\t<p class=\"elementor-icon-box-description\">\n\t\t\t\t\t\tUma aventura pela Europa em projetos de partilha e de aprendizagens\t\t\t\t\t<\/p>\n\t\t\t\t\n\t\t\t<\/div>\n\t\t\t\n\t\t<\/div>\n\t\t\t\t\t\t<\/div>\n\t\t\t\t<\/div>\n\t\t\t\t<div class=\"elementor-element elementor-element-4caa11c elementor-view-stacked elementor-position-inline-start elementor-shape-circle elementor-mobile-position-block-start elementor-widget elementor-widget-icon-box\" data-id=\"4caa11c\" data-element_type=\"widget\" data-e-type=\"widget\" data-widget_type=\"icon-box.default\">\n\t\t\t\t<div class=\"elementor-widget-container\">\n\t\t\t\t\t\t\t<div class=\"elementor-icon-box-wrapper\">\n\n\t\t\t\t\t\t<div class=\"elementor-icon-box-icon\">\n\t\t\t\t<span  class=\"elementor-icon\">\n\t\t\t\t<svg aria-hidden=\"true\" class=\"e-font-icon-svg e-fas-hands-helping\" viewBox=\"0 0 640 512\" xmlns=\"http:\/\/www.w3.org\/2000\/svg\"><path d=\"M488 192H336v56c0 39.7-32.3 72-72 72s-72-32.3-72-72V126.4l-64.9 39C107.8 176.9 96 197.8 96 220.2v47.3l-80 46.2C.7 322.5-4.6 342.1 4.3 357.4l80 138.6c8.8 15.3 28.4 20.5 43.7 11.7L231.4 448H368c35.3 0 64-28.7 64-64h16c17.7 0 32-14.3 32-32v-64h8c13.3 0 24-10.7 24-24v-48c0-13.3-10.7-24-24-24zm147.7-37.4L555.7 16C546.9.7 527.3-4.5 512 4.3L408.6 64H306.4c-12 0-23.7 3.4-33.9 9.7L239 94.6c-9.4 5.8-15 16.1-15 27.1V248c0 22.1 17.9 40 40 40s40-17.9 40-40v-88h184c30.9 0 56 25.1 56 56v28.5l80-46.2c15.3-8.9 20.5-28.4 11.7-43.7z\"><\/path><\/svg>\t\t\t\t<\/span>\n\t\t\t<\/div>\n\t\t\t\n\t\t\t\t\t\t<div class=\"elementor-icon-box-content\">\n\n\t\t\t\t\t\t\t\t\t<h3 class=\"elementor-icon-box-title\">\n\t\t\t\t\t\t<span  >\n\t\t\t\t\t\t\tUBUNTU e UNESCO\t\t\t\t\t\t<\/span>\n\t\t\t\t\t<\/h3>\n\t\t\t\t\n\t\t\t\t\t\t\t\t\t<p class=\"elementor-icon-box-description\">\n\t\t\t\t\t\tNa constru\u00e7\u00e3o de pessoas envolvidas, solid\u00e1rias, ativas no futuro de todos!\t\t\t\t\t<\/p>\n\t\t\t\t\n\t\t\t<\/div>\n\t\t\t\n\t\t<\/div>\n\t\t\t\t\t\t<\/div>\n\t\t\t\t<\/div>\n\t\t\t\t\t<\/div>\n\t\t<\/div>\n\t\t\t\t<div class=\"elementor-column elementor-col-33 elementor-inner-column elementor-element elementor-element-3dfbe47\" data-id=\"3dfbe47\" data-element_type=\"column\" data-e-type=\"column\">\n\t\t\t<div class=\"elementor-widget-wrap elementor-element-populated\">\n\t\t\t\t\t\t<div class=\"elementor-element elementor-element-0151d71 elementor-view-stacked elementor-position-inline-start elementor-shape-circle elementor-mobile-position-block-start elementor-widget elementor-widget-icon-box\" data-id=\"0151d71\" data-element_type=\"widget\" data-e-type=\"widget\" data-widget_type=\"icon-box.default\">\n\t\t\t\t<div class=\"elementor-widget-container\">\n\t\t\t\t\t\t\t<div class=\"elementor-icon-box-wrapper\">\n\n\t\t\t\t\t\t<div class=\"elementor-icon-box-icon\">\n\t\t\t\t<span  class=\"elementor-icon\">\n\t\t\t\t<svg aria-hidden=\"true\" class=\"e-font-icon-svg e-far-heart\" viewBox=\"0 0 512 512\" xmlns=\"http:\/\/www.w3.org\/2000\/svg\"><path d=\"M458.4 64.3C400.6 15.7 311.3 23 256 79.3 200.7 23 111.4 15.6 53.6 64.3-21.6 127.6-10.6 230.8 43 285.5l175.4 178.7c10 10.2 23.4 15.9 37.6 15.9 14.3 0 27.6-5.6 37.6-15.8L469 285.6c53.5-54.7 64.7-157.9-10.6-221.3zm-23.6 187.5L259.4 430.5c-2.4 2.4-4.4 2.4-6.8 0L77.2 251.8c-36.5-37.2-43.9-107.6 7.3-150.7 38.9-32.7 98.9-27.8 136.5 10.5l35 35.7 35-35.7c37.8-38.5 97.8-43.2 136.5-10.6 51.1 43.1 43.5 113.9 7.3 150.8z\"><\/path><\/svg>\t\t\t\t<\/span>\n\t\t\t<\/div>\n\t\t\t\n\t\t\t\t\t\t<div class=\"elementor-icon-box-content\">\n\n\t\t\t\t\t\t\t\t\t<h3 class=\"elementor-icon-box-title\">\n\t\t\t\t\t\t<span  >\n\t\t\t\t\t\t\tDESPORTO e SA\u00daDE\t\t\t\t\t\t<\/span>\n\t\t\t\t\t<\/h3>\n\t\t\t\t\n\t\t\t\t\t\t\t\t\t<p class=\"elementor-icon-box-description\">\n\t\t\t\t\t\tDesporto Escolar, projetos de Educa\u00e7\u00e3o para uma vida mais saud\u00e1vel.\t\t\t\t\t<\/p>\n\t\t\t\t\n\t\t\t<\/div>\n\t\t\t\n\t\t<\/div>\n\t\t\t\t\t\t<\/div>\n\t\t\t\t<\/div>\n\t\t\t\t<div class=\"elementor-element elementor-element-b7644cb elementor-view-stacked elementor-position-inline-start elementor-shape-circle elementor-mobile-position-block-start elementor-widget elementor-widget-icon-box\" data-id=\"b7644cb\" data-element_type=\"widget\" data-e-type=\"widget\" data-widget_type=\"icon-box.default\">\n\t\t\t\t<div class=\"elementor-widget-container\">\n\t\t\t\t\t\t\t<div class=\"elementor-icon-box-wrapper\">\n\n\t\t\t\t\t\t<div class=\"elementor-icon-box-icon\">\n\t\t\t\t<span  class=\"elementor-icon\">\n\t\t\t\t<svg aria-hidden=\"true\" class=\"e-font-icon-svg e-fas-clipboard-list\" viewBox=\"0 0 384 512\" xmlns=\"http:\/\/www.w3.org\/2000\/svg\"><path d=\"M336 64h-80c0-35.3-28.7-64-64-64s-64 28.7-64 64H48C21.5 64 0 85.5 0 112v352c0 26.5 21.5 48 48 48h288c26.5 0 48-21.5 48-48V112c0-26.5-21.5-48-48-48zM96 424c-13.3 0-24-10.7-24-24s10.7-24 24-24 24 10.7 24 24-10.7 24-24 24zm0-96c-13.3 0-24-10.7-24-24s10.7-24 24-24 24 10.7 24 24-10.7 24-24 24zm0-96c-13.3 0-24-10.7-24-24s10.7-24 24-24 24 10.7 24 24-10.7 24-24 24zm96-192c13.3 0 24 10.7 24 24s-10.7 24-24 24-24-10.7-24-24 10.7-24 24-24zm128 368c0 4.4-3.6 8-8 8H168c-4.4 0-8-3.6-8-8v-16c0-4.4 3.6-8 8-8h144c4.4 0 8 3.6 8 8v16zm0-96c0 4.4-3.6 8-8 8H168c-4.4 0-8-3.6-8-8v-16c0-4.4 3.6-8 8-8h144c4.4 0 8 3.6 8 8v16zm0-96c0 4.4-3.6 8-8 8H168c-4.4 0-8-3.6-8-8v-16c0-4.4 3.6-8 8-8h144c4.4 0 8 3.6 8 8v16z\"><\/path><\/svg>\t\t\t\t<\/span>\n\t\t\t<\/div>\n\t\t\t\n\t\t\t\t\t\t<div class=\"elementor-icon-box-content\">\n\n\t\t\t\t\t\t\t\t\t<h3 class=\"elementor-icon-box-title\">\n\t\t\t\t\t\t<span  >\n\t\t\t\t\t\t\tBibliotecas e Jornalismo\t\t\t\t\t\t<\/span>\n\t\t\t\t\t<\/h3>\n\t\t\t\t\n\t\t\t\t\t\t\t\t\t<p class=\"elementor-icon-box-description\">\n\t\t\t\t\t\tPromo\u00e7\u00e3o da escrita e da leitura para uma mente criativa e inquiridora\t\t\t\t\t<\/p>\n\t\t\t\t\n\t\t\t<\/div>\n\t\t\t\n\t\t<\/div>\n\t\t\t\t\t\t<\/div>\n\t\t\t\t<\/div>\n\t\t\t\t\t<\/div>\n\t\t<\/div>\n\t\t\t\t<div class=\"elementor-column elementor-col-33 elementor-inner-column elementor-element elementor-element-c0b163d\" data-id=\"c0b163d\" data-element_type=\"column\" data-e-type=\"column\">\n\t\t\t<div class=\"elementor-widget-wrap elementor-element-populated\">\n\t\t\t\t\t\t<div class=\"elementor-element elementor-element-c313e64 elementor-widget elementor-widget-heading\" data-id=\"c313e64\" data-element_type=\"widget\" data-e-type=\"widget\" data-widget_type=\"heading.default\">\n\t\t\t\t<div class=\"elementor-widget-container\">\n\t\t\t\t\t<h2 class=\"elementor-heading-title elementor-size-default\">Onde tu \u00e9s a estrela!<\/h2>\t\t\t\t<\/div>\n\t\t\t\t<\/div>\n\t\t\t\t<div class=\"elementor-element elementor-element-ccd11ba elementor-widget elementor-widget-heading\" data-id=\"ccd11ba\" data-element_type=\"widget\" data-e-type=\"widget\" data-widget_type=\"heading.default\">\n\t\t\t\t<div class=\"elementor-widget-container\">\n\t\t\t\t\t<h2 class=\"elementor-heading-title elementor-size-default\">DESAFIA-TE!<\/h2>\t\t\t\t<\/div>\n\t\t\t\t<\/div>\n\t\t\t\t<div class=\"elementor-element elementor-element-1db13d2 elementor-widget elementor-widget-text-editor\" data-id=\"1db13d2\" data-element_type=\"widget\" data-e-type=\"widget\" data-widget_type=\"text-editor.default\">\n\t\t\t\t<div class=\"elementor-widget-container\">\n\t\t\t\t\t\t\t\t\t<p>Das Artes \u00e0 Sustentabilidade, da Cultura ao Desporto, da Ci\u00eancia ao Jornalismo, temos um lugar para ti!<\/p>\t\t\t\t\t\t\t\t<\/div>\n\t\t\t\t<\/div>\n\t\t\t\t\t<\/div>\n\t\t<\/div>\n\t\t\t\t\t<\/div>\n\t\t<\/section>\n\t\t\t\t\t<\/div>\n\t\t<\/div>\n\t\t\t\t\t<\/div>\n\t\t<\/section>\n\t\t\t\t<section class=\"elementor-section elementor-top-section elementor-element elementor-element-784de69 elementor-section-boxed elementor-section-height-default elementor-section-height-default wpr-particle-no wpr-jarallax-no wpr-parallax-no wpr-sticky-section-no\" data-id=\"784de69\" data-element_type=\"section\" data-e-type=\"section\">\n\t\t\t\t\t\t<div class=\"elementor-container elementor-column-gap-wide\">\n\t\t\t\t\t<div class=\"elementor-column elementor-col-33 elementor-top-column elementor-element elementor-element-22d7b9c elementor-invisible\" data-id=\"22d7b9c\" data-element_type=\"column\" data-e-type=\"column\" data-settings=\"{&quot;animation&quot;:&quot;slideInRight&quot;}\">\n\t\t\t<div class=\"elementor-widget-wrap elementor-element-populated\">\n\t\t\t\t\t\t<div class=\"elementor-element elementor-element-ff0b4fe elementor-widget elementor-widget-heading\" data-id=\"ff0b4fe\" data-element_type=\"widget\" data-e-type=\"widget\" data-widget_type=\"heading.default\">\n\t\t\t\t<div class=\"elementor-widget-container\">\n\t\t\t\t\t<h2 class=\"elementor-heading-title elementor-size-default\">Pela COLABORA\u00c7\u00c3O<\/h2>\t\t\t\t<\/div>\n\t\t\t\t<\/div>\n\t\t\t\t<div class=\"elementor-element elementor-element-59ac870 elementor-widget elementor-widget-heading\" data-id=\"59ac870\" data-element_type=\"widget\" data-e-type=\"widget\" data-widget_type=\"heading.default\">\n\t\t\t\t<div class=\"elementor-widget-container\">\n\t\t\t\t\t<h2 class=\"elementor-heading-title elementor-size-default\">\"aprenderem uns com os outros\"<\/h2>\t\t\t\t<\/div>\n\t\t\t\t<\/div>\n\t\t\t\t<div class=\"elementor-element elementor-element-2b80911 elementor-widget__width-auto elementor-widget elementor-widget-image\" data-id=\"2b80911\" data-element_type=\"widget\" data-e-type=\"widget\" data-widget_type=\"image.default\">\n\t\t\t\t<div class=\"elementor-widget-container\">\n\t\t\t\t\t\t\t\t\t\t\t\t\t\t\t<img fetchpriority=\"high\" decoding=\"async\" width=\"960\" height=\"657\" src=\"https:\/\/agbatalha.pt\/portal\/wp-content\/uploads\/2025\/08\/Logo-eTwinning-Vertical-cmyk-1024x701.png\" class=\"attachment-large size-large wp-image-2375\" alt=\"\" srcset=\"https:\/\/agbatalha.pt\/portal\/wp-content\/uploads\/2025\/08\/Logo-eTwinning-Vertical-cmyk-1024x701.png 1024w, https:\/\/agbatalha.pt\/portal\/wp-content\/uploads\/2025\/08\/Logo-eTwinning-Vertical-cmyk-300x205.png 300w, https:\/\/agbatalha.pt\/portal\/wp-content\/uploads\/2025\/08\/Logo-eTwinning-Vertical-cmyk-768x526.png 768w, https:\/\/agbatalha.pt\/portal\/wp-content\/uploads\/2025\/08\/Logo-eTwinning-Vertical-cmyk-1536x1052.png 1536w, https:\/\/agbatalha.pt\/portal\/wp-content\/uploads\/2025\/08\/Logo-eTwinning-Vertical-cmyk-2048x1403.png 2048w\" sizes=\"(max-width: 960px) 100vw, 960px\" \/>\t\t\t\t\t\t\t\t\t\t\t\t\t\t\t<\/div>\n\t\t\t\t<\/div>\n\t\t\t\t<div class=\"elementor-element elementor-element-0a369f5 elementor-widget elementor-widget-text-editor\" data-id=\"0a369f5\" data-element_type=\"widget\" data-e-type=\"widget\" data-widget_type=\"text-editor.default\">\n\t\t\t\t<div class=\"elementor-widget-container\">\n\t\t\t\t\t\t\t\t\t<p>O eTwinning \u00e9 a comunidade de escolas da Uni\u00e3o Europeia na qual o AEB se integra, desenvolvendo uma a\u00e7\u00e3o do Programa Erasmus+. Tem como principal objetivo a cria\u00e7\u00e3o de redes de trabalho colaborativo, com recurso \u00e0s TIC, aprofundando o esp\u00edrito de cidadania europeia.\u00a0<\/p>\t\t\t\t\t\t\t\t<\/div>\n\t\t\t\t<\/div>\n\t\t\t\t<div class=\"elementor-element elementor-element-23ca9ee wpr-button-icon-style-inline wpr-button-icon-position-right elementor-widget elementor-widget-wpr-button\" data-id=\"23ca9ee\" data-element_type=\"widget\" data-e-type=\"widget\" data-widget_type=\"wpr-button.default\">\n\t\t\t\t<div class=\"elementor-widget-container\">\n\t\t\t\t\t\t\n\t\t\t\n\t\t\n\t\t<div class=\"wpr-button-wrap elementor-clearfix\">\n\t\t<a class=\"wpr-button wpr-button-effect wpr-button-none\" data-text=\"\" href=\"https:\/\/agbatalha.pt\/portal\/etwinning-school\/\">\n\t\t\t\n\t\t\t<span class=\"wpr-button-content\">\n\t\t\t\t\t\t\t\t\t<span class=\"wpr-button-text\">Ver mais<\/span>\n\t\t\t\t\t\t\t\t\n\t\t\t\t\t\t\t<\/span>\n\t\t<\/a>\n\n\t\t\t\t<\/div>\n\t\n\t\n\t\t\t\t\t<\/div>\n\t\t\t\t<\/div>\n\t\t\t\t\t<\/div>\n\t\t<\/div>\n\t\t\t\t<div class=\"elementor-column elementor-col-33 elementor-top-column elementor-element elementor-element-54295f3 elementor-invisible\" data-id=\"54295f3\" data-element_type=\"column\" data-e-type=\"column\" data-settings=\"{&quot;animation&quot;:&quot;slideInRight&quot;}\">\n\t\t\t<div class=\"elementor-widget-wrap elementor-element-populated\">\n\t\t\t\t\t\t<div class=\"elementor-element elementor-element-09ec00f elementor-widget elementor-widget-heading\" data-id=\"09ec00f\" data-element_type=\"widget\" data-e-type=\"widget\" data-widget_type=\"heading.default\">\n\t\t\t\t<div class=\"elementor-widget-container\">\n\t\t\t\t\t<h2 class=\"elementor-heading-title elementor-size-default\">PelO ESPA\u00c7O EUROPEU COMUM<\/h2>\t\t\t\t<\/div>\n\t\t\t\t<\/div>\n\t\t\t\t<div class=\"elementor-element elementor-element-8fa2ada elementor-widget elementor-widget-heading\" data-id=\"8fa2ada\" data-element_type=\"widget\" data-e-type=\"widget\" data-widget_type=\"heading.default\">\n\t\t\t\t<div class=\"elementor-widget-container\">\n\t\t\t\t\t<h2 class=\"elementor-heading-title elementor-size-default\">\"aprender com outros pa\u00edses\"<\/h2>\t\t\t\t<\/div>\n\t\t\t\t<\/div>\n\t\t\t\t<div class=\"elementor-element elementor-element-27ccd34 elementor-widget__width-auto elementor-widget elementor-widget-image\" data-id=\"27ccd34\" data-element_type=\"widget\" data-e-type=\"widget\" data-widget_type=\"image.default\">\n\t\t\t\t<div class=\"elementor-widget-container\">\n\t\t\t\t\t\t\t\t\t\t\t\t\t\t\t<img decoding=\"async\" width=\"760\" height=\"691\" src=\"https:\/\/agbatalha.pt\/portal\/wp-content\/uploads\/2025\/08\/Erasmus-Logo.jpg\" class=\"attachment-large size-large wp-image-2377\" alt=\"\" srcset=\"https:\/\/agbatalha.pt\/portal\/wp-content\/uploads\/2025\/08\/Erasmus-Logo.jpg 760w, https:\/\/agbatalha.pt\/portal\/wp-content\/uploads\/2025\/08\/Erasmus-Logo-300x273.jpg 300w\" sizes=\"(max-width: 760px) 100vw, 760px\" \/>\t\t\t\t\t\t\t\t\t\t\t\t\t\t\t<\/div>\n\t\t\t\t<\/div>\n\t\t\t\t<div class=\"elementor-element elementor-element-0e98c71 elementor-widget elementor-widget-text-editor\" data-id=\"0e98c71\" data-element_type=\"widget\" data-e-type=\"widget\" data-widget_type=\"text-editor.default\">\n\t\t\t\t<div class=\"elementor-widget-container\">\n\t\t\t\t\t\t\t\t\t<p>O programa ERASMUS+ no AEB \u00e9 um dos projetos mais ambiciosos e com resultados que promovem experi\u00eancias \u00fanicas para todos os participantes! A acredita\u00e7\u00e3o de longa dura\u00e7\u00e3o permite \u00e0 nossa comunidade escolar participar em projetos internacionais, promovendo a mobilidade de alunos, professores e pessoal educativo,\u00a0bem como o interc\u00e2mbio de boas pr\u00e1ticas com outras escolas europeias.<\/p>\t\t\t\t\t\t\t\t<\/div>\n\t\t\t\t<\/div>\n\t\t\t\t<div class=\"elementor-element elementor-element-7e228df wpr-button-icon-style-inline wpr-button-icon-position-right elementor-widget elementor-widget-wpr-button\" data-id=\"7e228df\" data-element_type=\"widget\" data-e-type=\"widget\" data-widget_type=\"wpr-button.default\">\n\t\t\t\t<div class=\"elementor-widget-container\">\n\t\t\t\t\t\t\n\t\t\t\n\t\t\n\t\t<div class=\"wpr-button-wrap elementor-clearfix\">\n\t\t<a class=\"wpr-button wpr-button-effect wpr-button-none\" data-text=\"\" href=\"https:\/\/agbatalha.pt\/portal\/erasmus-aeb\/\">\n\t\t\t\n\t\t\t<span class=\"wpr-button-content\">\n\t\t\t\t\t\t\t\t\t<span class=\"wpr-button-text\">Ver mais<\/span>\n\t\t\t\t\t\t\t\t\n\t\t\t\t\t\t\t<\/span>\n\t\t<\/a>\n\n\t\t\t\t<\/div>\n\t\n\t\n\t\t\t\t\t<\/div>\n\t\t\t\t<\/div>\n\t\t\t\t\t<\/div>\n\t\t<\/div>\n\t\t\t\t<div class=\"elementor-column elementor-col-33 elementor-top-column elementor-element elementor-element-5d9d0a7 elementor-invisible\" data-id=\"5d9d0a7\" data-element_type=\"column\" data-e-type=\"column\" data-settings=\"{&quot;animation&quot;:&quot;slideInRight&quot;}\">\n\t\t\t<div class=\"elementor-widget-wrap elementor-element-populated\">\n\t\t\t\t\t\t<div class=\"elementor-element elementor-element-d29db1e elementor-widget elementor-widget-heading\" data-id=\"d29db1e\" data-element_type=\"widget\" data-e-type=\"widget\" data-widget_type=\"heading.default\">\n\t\t\t\t<div class=\"elementor-widget-container\">\n\t\t\t\t\t<h2 class=\"elementor-heading-title elementor-size-default\">Pela educa\u00e7\u00e3o<\/h2>\t\t\t\t<\/div>\n\t\t\t\t<\/div>\n\t\t\t\t<div class=\"elementor-element elementor-element-fa8ae6e elementor-widget elementor-widget-heading\" data-id=\"fa8ae6e\" data-element_type=\"widget\" data-e-type=\"widget\" data-widget_type=\"heading.default\">\n\t\t\t\t<div class=\"elementor-widget-container\">\n\t\t\t\t\t<h2 class=\"elementor-heading-title elementor-size-default\">\"temos de aprender a viver juntos\"<\/h2>\t\t\t\t<\/div>\n\t\t\t\t<\/div>\n\t\t\t\t<div class=\"elementor-element elementor-element-eeadbcb elementor-widget__width-auto elementor-widget elementor-widget-image\" data-id=\"eeadbcb\" data-element_type=\"widget\" data-e-type=\"widget\" data-widget_type=\"image.default\">\n\t\t\t\t<div class=\"elementor-widget-container\">\n\t\t\t\t\t\t\t\t\t\t\t\t\t\t\t<img decoding=\"async\" width=\"852\" height=\"746\" src=\"https:\/\/agbatalha.pt\/portal\/wp-content\/uploads\/2025\/08\/logoescolasnovo2-01.jpg\" class=\"attachment-large size-large wp-image-2374\" alt=\"\" srcset=\"https:\/\/agbatalha.pt\/portal\/wp-content\/uploads\/2025\/08\/logoescolasnovo2-01.jpg 852w, https:\/\/agbatalha.pt\/portal\/wp-content\/uploads\/2025\/08\/logoescolasnovo2-01-300x263.jpg 300w, https:\/\/agbatalha.pt\/portal\/wp-content\/uploads\/2025\/08\/logoescolasnovo2-01-768x672.jpg 768w\" sizes=\"(max-width: 852px) 100vw, 852px\" \/>\t\t\t\t\t\t\t\t\t\t\t\t\t\t\t<\/div>\n\t\t\t\t<\/div>\n\t\t\t\t<div class=\"elementor-element elementor-element-518a46f elementor-widget elementor-widget-text-editor\" data-id=\"518a46f\" data-element_type=\"widget\" data-e-type=\"widget\" data-widget_type=\"text-editor.default\">\n\t\t\t\t<div class=\"elementor-widget-container\">\n\t\t\t\t\t\t\t\t\t<p><span style=\"color: #333333; font-family: 'Open Sans', Helvetica, Arial, sans-serif; font-size: 15px; letter-spacing: 0.45px; word-spacing: 0.45px;\">A UNESCO assegura a lideran\u00e7a global e regional na educa\u00e7\u00e3o a fim de fortalecer os sistemas de ensino em todo o mundo desde a inf\u00e2ncia at\u00e9 \u00e0 idade adulta, para responder aos desafios globais, atrav\u00e9s da educa\u00e7\u00e3o.<\/span><\/p><p><span style=\"color: #333333; font-family: 'Open Sans', Helvetica, Arial, sans-serif; font-size: 15px; letter-spacing: 0.45px; word-spacing: 0.45px;\">Pelos seus projetos, pelos valores refletidos no seu Projeto Educativo, o AEB orgulha-se de ser uma das Escolas Associadas a esta rede global!<\/span><\/p>\t\t\t\t\t\t\t\t<\/div>\n\t\t\t\t<\/div>\n\t\t\t\t<div class=\"elementor-element elementor-element-03bd015 wpr-button-icon-style-inline wpr-button-icon-position-right elementor-widget elementor-widget-wpr-button\" data-id=\"03bd015\" data-element_type=\"widget\" data-e-type=\"widget\" data-widget_type=\"wpr-button.default\">\n\t\t\t\t<div class=\"elementor-widget-container\">\n\t\t\t\t\t\t\n\t\t\t\n\t\t\n\t\t<div class=\"wpr-button-wrap elementor-clearfix\">\n\t\t<a class=\"wpr-button wpr-button-effect wpr-button-none\" data-text=\"\" href=\"https:\/\/agbatalha.pt\/portal\/unesco-aeb\/\">\n\t\t\t\n\t\t\t<span class=\"wpr-button-content\">\n\t\t\t\t\t\t\t\t\t<span class=\"wpr-button-text\">Ver mais<\/span>\n\t\t\t\t\t\t\t\t\n\t\t\t\t\t\t\t<\/span>\n\t\t<\/a>\n\n\t\t\t\t<\/div>\n\t\n\t\n\t\t\t\t\t<\/div>\n\t\t\t\t<\/div>\n\t\t\t\t\t<\/div>\n\t\t<\/div>\n\t\t\t\t\t<\/div>\n\t\t<\/section>\n\t\t\t\t<section class=\"elementor-section elementor-top-section elementor-element elementor-element-a96fea4 elementor-section-boxed elementor-section-height-default elementor-section-height-default wpr-particle-no wpr-jarallax-no wpr-parallax-no wpr-sticky-section-no\" data-id=\"a96fea4\" data-element_type=\"section\" data-e-type=\"section\">\n\t\t\t\t\t\t<div class=\"elementor-container elementor-column-gap-wide\">\n\t\t\t\t\t<div class=\"elementor-column elementor-col-33 elementor-top-column elementor-element elementor-element-b5df429 elementor-invisible\" data-id=\"b5df429\" data-element_type=\"column\" data-e-type=\"column\" data-settings=\"{&quot;animation&quot;:&quot;slideInRight&quot;}\">\n\t\t\t<div class=\"elementor-widget-wrap elementor-element-populated\">\n\t\t\t\t\t\t<div class=\"elementor-element elementor-element-5706ac2 elementor-widget elementor-widget-heading\" data-id=\"5706ac2\" data-element_type=\"widget\" data-e-type=\"widget\" data-widget_type=\"heading.default\">\n\t\t\t\t<div class=\"elementor-widget-container\">\n\t\t\t\t\t<h2 class=\"elementor-heading-title elementor-size-default\">PelO PR\u00d3XIMO<\/h2>\t\t\t\t<\/div>\n\t\t\t\t<\/div>\n\t\t\t\t<div class=\"elementor-element elementor-element-7079992 elementor-widget elementor-widget-heading\" data-id=\"7079992\" data-element_type=\"widget\" data-e-type=\"widget\" data-widget_type=\"heading.default\">\n\t\t\t\t<div class=\"elementor-widget-container\">\n\t\t\t\t\t<h2 class=\"elementor-heading-title elementor-size-default\">\"eu sou porque tu \u00e9s \"<\/h2>\t\t\t\t<\/div>\n\t\t\t\t<\/div>\n\t\t\t\t<div class=\"elementor-element elementor-element-f7a97dd elementor-widget__width-auto elementor-widget elementor-widget-image\" data-id=\"f7a97dd\" data-element_type=\"widget\" data-e-type=\"widget\" data-widget_type=\"image.default\">\n\t\t\t\t<div class=\"elementor-widget-container\">\n\t\t\t\t\t\t\t\t\t\t\t\t\t\t\t<img loading=\"lazy\" decoding=\"async\" width=\"960\" height=\"600\" src=\"https:\/\/agbatalha.pt\/portal\/wp-content\/uploads\/2025\/08\/Academia-de-Lideres-Ubuntu-1080x608-1-edited.jpg\" class=\"attachment-large size-large wp-image-2382\" alt=\"\" srcset=\"https:\/\/agbatalha.pt\/portal\/wp-content\/uploads\/2025\/08\/Academia-de-Lideres-Ubuntu-1080x608-1-edited.jpg 972w, https:\/\/agbatalha.pt\/portal\/wp-content\/uploads\/2025\/08\/Academia-de-Lideres-Ubuntu-1080x608-1-edited-300x187.jpg 300w, https:\/\/agbatalha.pt\/portal\/wp-content\/uploads\/2025\/08\/Academia-de-Lideres-Ubuntu-1080x608-1-edited-768x480.jpg 768w\" sizes=\"(max-width: 960px) 100vw, 960px\" \/>\t\t\t\t\t\t\t\t\t\t\t\t\t\t\t<\/div>\n\t\t\t\t<\/div>\n\t\t\t\t<div class=\"elementor-element elementor-element-29358a1 elementor-widget elementor-widget-text-editor\" data-id=\"29358a1\" data-element_type=\"widget\" data-e-type=\"widget\" data-widget_type=\"text-editor.default\">\n\t\t\t\t<div class=\"elementor-widget-container\">\n\t\t\t\t\t\t\t\t\t<p>O Agrupamento de Escolas da Batalha juntou-se em 2020 a este desafio das Academias UBUNTU, presente j\u00e1 em 16 pa\u00edses, e que atrav\u00e9s do Conceito UBUNTU\u00a0&#8220;Eu sou porque tu \u00e9s; Eu s\u00f3 posso ser pessoa atrav\u00e9s das outras pessoas &#8221; procura inspirar os nossos jovens com\u00a0modelos de refer\u00eancia mundial\u00a0de lideran\u00e7a (como Mandela ou Luther King) a serem eles tamb\u00e9m lideres e agentes de mudan\u00e7a.<\/p>\t\t\t\t\t\t\t\t<\/div>\n\t\t\t\t<\/div>\n\t\t\t\t<div class=\"elementor-element elementor-element-a868c1e wpr-button-icon-style-inline wpr-button-icon-position-right elementor-widget elementor-widget-wpr-button\" data-id=\"a868c1e\" data-element_type=\"widget\" data-e-type=\"widget\" data-widget_type=\"wpr-button.default\">\n\t\t\t\t<div class=\"elementor-widget-container\">\n\t\t\t\t\t\t\n\t\t\t\n\t\t\n\t\t<div class=\"wpr-button-wrap elementor-clearfix\">\n\t\t<a class=\"wpr-button wpr-button-effect wpr-button-none\" data-text=\"\" href=\"https:\/\/agbatalha.pt\/portal\/ubuntu\/\">\n\t\t\t\n\t\t\t<span class=\"wpr-button-content\">\n\t\t\t\t\t\t\t\t\t<span class=\"wpr-button-text\">Ver mais<\/span>\n\t\t\t\t\t\t\t\t\n\t\t\t\t\t\t\t<\/span>\n\t\t<\/a>\n\n\t\t\t\t<\/div>\n\t\n\t\n\t\t\t\t\t<\/div>\n\t\t\t\t<\/div>\n\t\t\t\t\t<\/div>\n\t\t<\/div>\n\t\t\t\t<div class=\"elementor-column elementor-col-33 elementor-top-column elementor-element elementor-element-e27721d elementor-invisible\" data-id=\"e27721d\" data-element_type=\"column\" data-e-type=\"column\" data-settings=\"{&quot;animation&quot;:&quot;slideInRight&quot;}\">\n\t\t\t<div class=\"elementor-widget-wrap elementor-element-populated\">\n\t\t\t\t\t\t<div class=\"elementor-element elementor-element-f451f07 elementor-widget elementor-widget-heading\" data-id=\"f451f07\" data-element_type=\"widget\" data-e-type=\"widget\" data-widget_type=\"heading.default\">\n\t\t\t\t<div class=\"elementor-widget-container\">\n\t\t\t\t\t<h2 class=\"elementor-heading-title elementor-size-default\">PelO CONHECIMENTO CIENT\u00cdFICO<\/h2>\t\t\t\t<\/div>\n\t\t\t\t<\/div>\n\t\t\t\t<div class=\"elementor-element elementor-element-127f800 elementor-widget elementor-widget-heading\" data-id=\"127f800\" data-element_type=\"widget\" data-e-type=\"widget\" data-widget_type=\"heading.default\">\n\t\t\t\t<div class=\"elementor-widget-container\">\n\t\t\t\t\t<h2 class=\"elementor-heading-title elementor-size-default\">\"o entusiasmo pela ci\u00eancia e pela aprendizagem \"<\/h2>\t\t\t\t<\/div>\n\t\t\t\t<\/div>\n\t\t\t\t<div class=\"elementor-element elementor-element-2cfe5c6 elementor-widget__width-auto elementor-widget elementor-widget-image\" data-id=\"2cfe5c6\" data-element_type=\"widget\" data-e-type=\"widget\" data-widget_type=\"image.default\">\n\t\t\t\t<div class=\"elementor-widget-container\">\n\t\t\t\t\t\t\t\t\t\t\t\t\t\t\t<img loading=\"lazy\" decoding=\"async\" width=\"960\" height=\"849\" src=\"https:\/\/agbatalha.pt\/portal\/wp-content\/uploads\/2025\/08\/CV-1024x906.png\" class=\"attachment-large size-large wp-image-2380\" alt=\"\" srcset=\"https:\/\/agbatalha.pt\/portal\/wp-content\/uploads\/2025\/08\/CV-1024x906.png 1024w, https:\/\/agbatalha.pt\/portal\/wp-content\/uploads\/2025\/08\/CV-300x265.png 300w, https:\/\/agbatalha.pt\/portal\/wp-content\/uploads\/2025\/08\/CV-768x680.png 768w, https:\/\/agbatalha.pt\/portal\/wp-content\/uploads\/2025\/08\/CV-1536x1359.png 1536w, https:\/\/agbatalha.pt\/portal\/wp-content\/uploads\/2025\/08\/CV.png 1668w\" sizes=\"(max-width: 960px) 100vw, 960px\" \/>\t\t\t\t\t\t\t\t\t\t\t\t\t\t\t<\/div>\n\t\t\t\t<\/div>\n\t\t\t\t<div class=\"elementor-element elementor-element-9f3a98f elementor-widget elementor-widget-text-editor\" data-id=\"9f3a98f\" data-element_type=\"widget\" data-e-type=\"widget\" data-widget_type=\"text-editor.default\">\n\t\t\t\t<div class=\"elementor-widget-container\">\n\t\t\t\t\t\t\t\t\t<p>Os Clubes Ci\u00eancia Viva na Escola assentam num conceito din\u00e2mico e plural, enquanto estruturas de ci\u00eancia e conhecimento adaptadas \u00e0s caracter\u00edsticas espec\u00edficas das organiza\u00e7\u00f5es parceiras que as constituem e do meio social e cultural em que se inserem.<\/p>\t\t\t\t\t\t\t\t<\/div>\n\t\t\t\t<\/div>\n\t\t\t\t<div class=\"elementor-element elementor-element-4d3b938 wpr-button-icon-style-inline wpr-button-icon-position-right elementor-widget elementor-widget-wpr-button\" data-id=\"4d3b938\" data-element_type=\"widget\" data-e-type=\"widget\" data-widget_type=\"wpr-button.default\">\n\t\t\t\t<div class=\"elementor-widget-container\">\n\t\t\t\t\t\t\n\t\t\t\n\t\t\n\t\t<div class=\"wpr-button-wrap elementor-clearfix\">\n\t\t<a class=\"wpr-button wpr-button-effect wpr-button-none\" data-text=\"\" href=\"https:\/\/agbatalha.pt\/portal\/ciencia-viva\/\">\n\t\t\t\n\t\t\t<span class=\"wpr-button-content\">\n\t\t\t\t\t\t\t\t\t<span class=\"wpr-button-text\">Ver mais<\/span>\n\t\t\t\t\t\t\t\t\n\t\t\t\t\t\t\t<\/span>\n\t\t<\/a>\n\n\t\t\t\t<\/div>\n\t\n\t\n\t\t\t\t\t<\/div>\n\t\t\t\t<\/div>\n\t\t\t\t\t<\/div>\n\t\t<\/div>\n\t\t\t\t<div class=\"elementor-column elementor-col-33 elementor-top-column elementor-element elementor-element-3e8c604 elementor-invisible\" data-id=\"3e8c604\" data-element_type=\"column\" data-e-type=\"column\" data-settings=\"{&quot;animation&quot;:&quot;slideInRight&quot;}\">\n\t\t\t<div class=\"elementor-widget-wrap elementor-element-populated\">\n\t\t\t\t\t\t<div class=\"elementor-element elementor-element-302374b elementor-widget elementor-widget-heading\" data-id=\"302374b\" data-element_type=\"widget\" data-e-type=\"widget\" data-widget_type=\"heading.default\">\n\t\t\t\t<div class=\"elementor-widget-container\">\n\t\t\t\t\t<h2 class=\"elementor-heading-title elementor-size-default\">PelO PLURALISMO EUROPEU<\/h2>\t\t\t\t<\/div>\n\t\t\t\t<\/div>\n\t\t\t\t<div class=\"elementor-element elementor-element-20ee405 elementor-widget elementor-widget-heading\" data-id=\"20ee405\" data-element_type=\"widget\" data-e-type=\"widget\" data-widget_type=\"heading.default\">\n\t\t\t\t<div class=\"elementor-widget-container\">\n\t\t\t\t\t<h2 class=\"elementor-heading-title elementor-size-default\">\"escola relacional e inclusiva\"<\/h2>\t\t\t\t<\/div>\n\t\t\t\t<\/div>\n\t\t\t\t<div class=\"elementor-element elementor-element-53ffff6 elementor-widget__width-auto elementor-widget elementor-widget-image\" data-id=\"53ffff6\" data-element_type=\"widget\" data-e-type=\"widget\" data-widget_type=\"image.default\">\n\t\t\t\t<div class=\"elementor-widget-container\">\n\t\t\t\t\t\t\t\t\t\t\t\t\t\t\t<img loading=\"lazy\" decoding=\"async\" width=\"500\" height=\"500\" src=\"https:\/\/agbatalha.pt\/portal\/wp-content\/uploads\/2025\/08\/logo_Clube_Europeu_1_.png\" class=\"attachment-large size-large wp-image-2378\" alt=\"\" srcset=\"https:\/\/agbatalha.pt\/portal\/wp-content\/uploads\/2025\/08\/logo_Clube_Europeu_1_.png 500w, https:\/\/agbatalha.pt\/portal\/wp-content\/uploads\/2025\/08\/logo_Clube_Europeu_1_-300x300.png 300w, https:\/\/agbatalha.pt\/portal\/wp-content\/uploads\/2025\/08\/logo_Clube_Europeu_1_-150x150.png 150w\" sizes=\"(max-width: 500px) 100vw, 500px\" \/>\t\t\t\t\t\t\t\t\t\t\t\t\t\t\t<\/div>\n\t\t\t\t<\/div>\n\t\t\t\t<div class=\"elementor-element elementor-element-2ae8987 elementor-widget elementor-widget-text-editor\" data-id=\"2ae8987\" data-element_type=\"widget\" data-e-type=\"widget\" data-widget_type=\"text-editor.default\">\n\t\t\t\t<div class=\"elementor-widget-container\">\n\t\t\t\t\t\t\t\t\t<p>O Clube Europeu AEBatalha pretende afirmar-se enquanto centro dinamizador de atividades no dom\u00ednio da Dimens\u00e3o Europeia da Educa\u00e7\u00e3o. De entre outros objetivos, procura integrar o desenvolvimento de parcerias estrat\u00e9gicas, participando em projetos no \u00e2mbito do programa <em>Erasmus+<\/em>\/eTwinning, celebrando a diversidade lingu\u00edstica e cultural da Europa<\/p>\t\t\t\t\t\t\t\t<\/div>\n\t\t\t\t<\/div>\n\t\t\t\t<div class=\"elementor-element elementor-element-bafe316 wpr-button-icon-style-inline wpr-button-icon-position-right elementor-widget elementor-widget-wpr-button\" data-id=\"bafe316\" data-element_type=\"widget\" data-e-type=\"widget\" data-widget_type=\"wpr-button.default\">\n\t\t\t\t<div class=\"elementor-widget-container\">\n\t\t\t\t\t\t\n\t\t\t\n\t\t\n\t\t<div class=\"wpr-button-wrap elementor-clearfix\">\n\t\t<a class=\"wpr-button wpr-button-effect wpr-button-none\" data-text=\"\" href=\"https:\/\/agbatalha.pt\/portal\/clube-europeu\/\">\n\t\t\t\n\t\t\t<span class=\"wpr-button-content\">\n\t\t\t\t\t\t\t\t\t<span class=\"wpr-button-text\">Ver mais<\/span>\n\t\t\t\t\t\t\t\t\n\t\t\t\t\t\t\t<\/span>\n\t\t<\/a>\n\n\t\t\t\t<\/div>\n\t\n\t\n\t\t\t\t\t<\/div>\n\t\t\t\t<\/div>\n\t\t\t\t\t<\/div>\n\t\t<\/div>\n\t\t\t\t\t<\/div>\n\t\t<\/section>\n\t\t\t\t<section class=\"elementor-section elementor-top-section elementor-element elementor-element-0e2eb93 elementor-section-boxed elementor-section-height-default elementor-section-height-default wpr-particle-no wpr-jarallax-no wpr-parallax-no wpr-sticky-section-no\" data-id=\"0e2eb93\" data-element_type=\"section\" data-e-type=\"section\">\n\t\t\t\t\t\t<div class=\"elementor-container elementor-column-gap-wide\">\n\t\t\t\t\t<div class=\"elementor-column elementor-col-33 elementor-top-column elementor-element elementor-element-a4f51b6 elementor-invisible\" data-id=\"a4f51b6\" data-element_type=\"column\" data-e-type=\"column\" data-settings=\"{&quot;animation&quot;:&quot;slideInRight&quot;}\">\n\t\t\t<div class=\"elementor-widget-wrap elementor-element-populated\">\n\t\t\t\t\t\t<div class=\"elementor-element elementor-element-54e0790 elementor-widget elementor-widget-heading\" data-id=\"54e0790\" data-element_type=\"widget\" data-e-type=\"widget\" data-widget_type=\"heading.default\">\n\t\t\t\t<div class=\"elementor-widget-container\">\n\t\t\t\t\t<h2 class=\"elementor-heading-title elementor-size-default\">Pela sa\u00fade<\/h2>\t\t\t\t<\/div>\n\t\t\t\t<\/div>\n\t\t\t\t<div class=\"elementor-element elementor-element-c365106 elementor-widget elementor-widget-heading\" data-id=\"c365106\" data-element_type=\"widget\" data-e-type=\"widget\" data-widget_type=\"heading.default\">\n\t\t\t\t<div class=\"elementor-widget-container\">\n\t\t\t\t\t<h2 class=\"elementor-heading-title elementor-size-default\">\"prevenir comportamentos de risco\"<\/h2>\t\t\t\t<\/div>\n\t\t\t\t<\/div>\n\t\t\t\t<div class=\"elementor-element elementor-element-7600376 elementor-widget__width-auto elementor-widget elementor-widget-image\" data-id=\"7600376\" data-element_type=\"widget\" data-e-type=\"widget\" data-widget_type=\"image.default\">\n\t\t\t\t<div class=\"elementor-widget-container\">\n\t\t\t\t\t\t\t\t\t\t\t\t\t\t\t<img loading=\"lazy\" decoding=\"async\" width=\"320\" height=\"320\" src=\"https:\/\/agbatalha.pt\/portal\/wp-content\/uploads\/2025\/08\/like_saude_parceiros.png\" class=\"attachment-large size-large wp-image-2393\" alt=\"\" srcset=\"https:\/\/agbatalha.pt\/portal\/wp-content\/uploads\/2025\/08\/like_saude_parceiros.png 320w, https:\/\/agbatalha.pt\/portal\/wp-content\/uploads\/2025\/08\/like_saude_parceiros-300x300.png 300w, https:\/\/agbatalha.pt\/portal\/wp-content\/uploads\/2025\/08\/like_saude_parceiros-150x150.png 150w\" sizes=\"(max-width: 320px) 100vw, 320px\" \/>\t\t\t\t\t\t\t\t\t\t\t\t\t\t\t<\/div>\n\t\t\t\t<\/div>\n\t\t\t\t<div class=\"elementor-element elementor-element-e9f190f elementor-widget elementor-widget-text-editor\" data-id=\"e9f190f\" data-element_type=\"widget\" data-e-type=\"widget\" data-widget_type=\"text-editor.default\">\n\t\t\t\t<div class=\"elementor-widget-container\">\n\t\t\t\t\t\t\t\t\t<p>O Programa Like Sa\u00fade consiste num conjunto de a\u00e7\u00f5es que visam prevenir comportamentos aditivos e depend\u00eancias entre os jovens, no sentido de garantir que est\u00e3o informados sobre os perigos do consumo de drogas, \u00e1lcool, tabaco e rela\u00e7\u00f5es sexuais desprotegidas.<\/p>\t\t\t\t\t\t\t\t<\/div>\n\t\t\t\t<\/div>\n\t\t\t\t<div class=\"elementor-element elementor-element-a986250 wpr-button-icon-style-inline wpr-button-icon-position-right elementor-widget elementor-widget-wpr-button\" data-id=\"a986250\" data-element_type=\"widget\" data-e-type=\"widget\" data-widget_type=\"wpr-button.default\">\n\t\t\t\t<div class=\"elementor-widget-container\">\n\t\t\t\t\t\t\n\t\t\t\n\t\t\n\t\t<div class=\"wpr-button-wrap elementor-clearfix\">\n\t\t<a class=\"wpr-button wpr-button-effect wpr-button-none\" data-text=\"\" href=\"https:\/\/agbatalha.pt\/portal\/like-saude\/\">\n\t\t\t\n\t\t\t<span class=\"wpr-button-content\">\n\t\t\t\t\t\t\t\t\t<span class=\"wpr-button-text\">Ver mais<\/span>\n\t\t\t\t\t\t\t\t\n\t\t\t\t\t\t\t<\/span>\n\t\t<\/a>\n\n\t\t\t\t<\/div>\n\t\n\t\n\t\t\t\t\t<\/div>\n\t\t\t\t<\/div>\n\t\t\t\t\t<\/div>\n\t\t<\/div>\n\t\t\t\t<div class=\"elementor-column elementor-col-33 elementor-top-column elementor-element elementor-element-1327085 elementor-invisible\" data-id=\"1327085\" data-element_type=\"column\" data-e-type=\"column\" data-settings=\"{&quot;animation&quot;:&quot;slideInRight&quot;}\">\n\t\t\t<div class=\"elementor-widget-wrap elementor-element-populated\">\n\t\t\t\t\t\t<div class=\"elementor-element elementor-element-04b8d5b elementor-widget elementor-widget-heading\" data-id=\"04b8d5b\" data-element_type=\"widget\" data-e-type=\"widget\" data-widget_type=\"heading.default\">\n\t\t\t\t<div class=\"elementor-widget-container\">\n\t\t\t\t\t<h2 class=\"elementor-heading-title elementor-size-default\">Pelo desporto <\/h2>\t\t\t\t<\/div>\n\t\t\t\t<\/div>\n\t\t\t\t<div class=\"elementor-element elementor-element-48258cb elementor-widget elementor-widget-heading\" data-id=\"48258cb\" data-element_type=\"widget\" data-e-type=\"widget\" data-widget_type=\"heading.default\">\n\t\t\t\t<div class=\"elementor-widget-container\">\n\t\t\t\t\t<h2 class=\"elementor-heading-title elementor-size-default\">\"exerc\u00edcio f\u00edsico e  bons h\u00e1bitos alimentares\"<\/h2>\t\t\t\t<\/div>\n\t\t\t\t<\/div>\n\t\t\t\t<div class=\"elementor-element elementor-element-c97ad64 elementor-widget__width-auto elementor-widget elementor-widget-image\" data-id=\"c97ad64\" data-element_type=\"widget\" data-e-type=\"widget\" data-widget_type=\"image.default\">\n\t\t\t\t<div class=\"elementor-widget-container\">\n\t\t\t\t\t\t\t\t\t\t\t\t\t\t\t<img loading=\"lazy\" decoding=\"async\" width=\"904\" height=\"604\" src=\"https:\/\/agbatalha.pt\/portal\/wp-content\/uploads\/2025\/08\/logo_desporto_escolar.png\" class=\"attachment-large size-large wp-image-2392\" alt=\"\" srcset=\"https:\/\/agbatalha.pt\/portal\/wp-content\/uploads\/2025\/08\/logo_desporto_escolar.png 904w, https:\/\/agbatalha.pt\/portal\/wp-content\/uploads\/2025\/08\/logo_desporto_escolar-300x200.png 300w, https:\/\/agbatalha.pt\/portal\/wp-content\/uploads\/2025\/08\/logo_desporto_escolar-768x513.png 768w\" sizes=\"(max-width: 904px) 100vw, 904px\" \/>\t\t\t\t\t\t\t\t\t\t\t\t\t\t\t<\/div>\n\t\t\t\t<\/div>\n\t\t\t\t<div class=\"elementor-element elementor-element-e5fea55 elementor-widget elementor-widget-text-editor\" data-id=\"e5fea55\" data-element_type=\"widget\" data-e-type=\"widget\" data-widget_type=\"text-editor.default\">\n\t\t\t\t<div class=\"elementor-widget-container\">\n\t\t\t\t\t\t\t\t\t<p>O Desporto Escolar envolve dezenas de jovens da nossa escola em diversas modalidades que promovem a pr\u00e1tica saud\u00e1vel do Desporto. Para al\u00e9m deste, o Grupo de Educa\u00e7\u00e3o F\u00edsica decidiu implementar e desenvolver o Programa PESSOA na nossa Escola. Este visa a promo\u00e7\u00e3o de h\u00e1bitos de vida saud\u00e1vel, atrav\u00e9s do exerc\u00edcio f\u00edsico e da cria\u00e7\u00e3o de bons h\u00e1bitos alimentares, combatendo o sedentarismo e obesidade, contribuindo para uma tomada de consci\u00eancia correcta e adequada as estas problem\u00e1ticas.<\/p>\t\t\t\t\t\t\t\t<\/div>\n\t\t\t\t<\/div>\n\t\t\t\t<div class=\"elementor-element elementor-element-07d3a55 wpr-button-icon-style-inline wpr-button-icon-position-right elementor-widget elementor-widget-wpr-button\" data-id=\"07d3a55\" data-element_type=\"widget\" data-e-type=\"widget\" data-widget_type=\"wpr-button.default\">\n\t\t\t\t<div class=\"elementor-widget-container\">\n\t\t\t\t\t\t\n\t\t\t\n\t\t\n\t\t<div class=\"wpr-button-wrap elementor-clearfix\">\n\t\t<a class=\"wpr-button wpr-button-effect wpr-button-none\" data-text=\"\" href=\"https:\/\/agbatalha.pt\/portal\/desporto-escolar\/\">\n\t\t\t\n\t\t\t<span class=\"wpr-button-content\">\n\t\t\t\t\t\t\t\t\t<span class=\"wpr-button-text\">Ver mais<\/span>\n\t\t\t\t\t\t\t\t\n\t\t\t\t\t\t\t<\/span>\n\t\t<\/a>\n\n\t\t\t\t<\/div>\n\t\n\t\n\t\t\t\t\t<\/div>\n\t\t\t\t<\/div>\n\t\t\t\t\t<\/div>\n\t\t<\/div>\n\t\t\t\t<div class=\"elementor-column elementor-col-33 elementor-top-column elementor-element elementor-element-98879f6 elementor-invisible\" data-id=\"98879f6\" data-element_type=\"column\" data-e-type=\"column\" data-settings=\"{&quot;animation&quot;:&quot;slideInRight&quot;}\">\n\t\t\t<div class=\"elementor-widget-wrap elementor-element-populated\">\n\t\t\t\t\t\t<div class=\"elementor-element elementor-element-b788c6b elementor-widget elementor-widget-heading\" data-id=\"b788c6b\" data-element_type=\"widget\" data-e-type=\"widget\" data-widget_type=\"heading.default\">\n\t\t\t\t<div class=\"elementor-widget-container\">\n\t\t\t\t\t<h2 class=\"elementor-heading-title elementor-size-default\">PelA LEITURA <\/h2>\t\t\t\t<\/div>\n\t\t\t\t<\/div>\n\t\t\t\t<div class=\"elementor-element elementor-element-b7c4af3 elementor-widget elementor-widget-heading\" data-id=\"b7c4af3\" data-element_type=\"widget\" data-e-type=\"widget\" data-widget_type=\"heading.default\">\n\t\t\t\t<div class=\"elementor-widget-container\">\n\t\t\t\t\t<h2 class=\"elementor-heading-title elementor-size-default\">\"ambientes de informa\u00e7\u00e3o e conhecimento\"<\/h2>\t\t\t\t<\/div>\n\t\t\t\t<\/div>\n\t\t\t\t<div class=\"elementor-element elementor-element-779be64 elementor-widget__width-auto elementor-widget elementor-widget-image\" data-id=\"779be64\" data-element_type=\"widget\" data-e-type=\"widget\" data-widget_type=\"image.default\">\n\t\t\t\t<div class=\"elementor-widget-container\">\n\t\t\t\t\t\t\t\t\t\t\t\t\t\t\t<img loading=\"lazy\" decoding=\"async\" width=\"960\" height=\"1001\" src=\"https:\/\/agbatalha.pt\/portal\/wp-content\/uploads\/2025\/08\/logobib-982x1024.jpg\" class=\"attachment-large size-large wp-image-2386\" alt=\"\" srcset=\"https:\/\/agbatalha.pt\/portal\/wp-content\/uploads\/2025\/08\/logobib-982x1024.jpg 982w, https:\/\/agbatalha.pt\/portal\/wp-content\/uploads\/2025\/08\/logobib-288x300.jpg 288w, https:\/\/agbatalha.pt\/portal\/wp-content\/uploads\/2025\/08\/logobib-768x801.jpg 768w, https:\/\/agbatalha.pt\/portal\/wp-content\/uploads\/2025\/08\/logobib.jpg 1400w\" sizes=\"(max-width: 960px) 100vw, 960px\" \/>\t\t\t\t\t\t\t\t\t\t\t\t\t\t\t<\/div>\n\t\t\t\t<\/div>\n\t\t\t\t<div class=\"elementor-element elementor-element-e006f7c elementor-widget elementor-widget-text-editor\" data-id=\"e006f7c\" data-element_type=\"widget\" data-e-type=\"widget\" data-widget_type=\"text-editor.default\">\n\t\t\t\t<div class=\"elementor-widget-container\">\n\t\t\t\t\t\t\t\t\t<p>O Programa Rede de Bibliotecas Escolares (PRBE) foi lan\u00e7ado em 1996, pelos Minist\u00e9rios da Educa\u00e7\u00e3o e da Cultura, com o objetivo de instalar e desenvolver bibliotecas em escolas p\u00fablicas de todos os n\u00edveis de ensino<\/p>\t\t\t\t\t\t\t\t<\/div>\n\t\t\t\t<\/div>\n\t\t\t\t<div class=\"elementor-element elementor-element-3eccd8d wpr-button-icon-style-inline wpr-button-icon-position-right elementor-widget elementor-widget-wpr-button\" data-id=\"3eccd8d\" data-element_type=\"widget\" data-e-type=\"widget\" data-widget_type=\"wpr-button.default\">\n\t\t\t\t<div class=\"elementor-widget-container\">\n\t\t\t\t\t\t\n\t\t\t\n\t\t\n\t\t<div class=\"wpr-button-wrap elementor-clearfix\">\n\t\t<a class=\"wpr-button wpr-button-effect wpr-button-none\" data-text=\"\" href=\"https:\/\/agbatalha.pt\/portal\/biblioteca-escolar\/\">\n\t\t\t\n\t\t\t<span class=\"wpr-button-content\">\n\t\t\t\t\t\t\t\t\t<span class=\"wpr-button-text\">Ver mais<\/span>\n\t\t\t\t\t\t\t\t\n\t\t\t\t\t\t\t<\/span>\n\t\t<\/a>\n\n\t\t\t\t<\/div>\n\t\n\t\n\t\t\t\t\t<\/div>\n\t\t\t\t<\/div>\n\t\t\t\t\t<\/div>\n\t\t<\/div>\n\t\t\t\t\t<\/div>\n\t\t<\/section>\n\t\t\t\t<section class=\"elementor-section elementor-top-section elementor-element elementor-element-61d8929 elementor-section-boxed elementor-section-height-default elementor-section-height-default wpr-particle-no wpr-jarallax-no wpr-parallax-no wpr-sticky-section-no\" data-id=\"61d8929\" data-element_type=\"section\" data-e-type=\"section\">\n\t\t\t\t\t\t<div class=\"elementor-container elementor-column-gap-wide\">\n\t\t\t\t\t<div class=\"elementor-column elementor-col-33 elementor-top-column elementor-element elementor-element-ea8381f elementor-invisible\" data-id=\"ea8381f\" data-element_type=\"column\" data-e-type=\"column\" data-settings=\"{&quot;animation&quot;:&quot;slideInRight&quot;}\">\n\t\t\t<div class=\"elementor-widget-wrap elementor-element-populated\">\n\t\t\t\t\t\t<div class=\"elementor-element elementor-element-eb2d6b5 elementor-widget elementor-widget-heading\" data-id=\"eb2d6b5\" data-element_type=\"widget\" data-e-type=\"widget\" data-widget_type=\"heading.default\">\n\t\t\t\t<div class=\"elementor-widget-container\">\n\t\t\t\t\t<h2 class=\"elementor-heading-title elementor-size-default\">Pela sustentabilidade<\/h2>\t\t\t\t<\/div>\n\t\t\t\t<\/div>\n\t\t\t\t<div class=\"elementor-element elementor-element-617c2cc elementor-widget elementor-widget-heading\" data-id=\"617c2cc\" data-element_type=\"widget\" data-e-type=\"widget\" data-widget_type=\"heading.default\">\n\t\t\t\t<div class=\"elementor-widget-container\">\n\t\t\t\t\t<h2 class=\"elementor-heading-title elementor-size-default\">\"todos juntos faremos a diferen\u00e7a\"<\/h2>\t\t\t\t<\/div>\n\t\t\t\t<\/div>\n\t\t\t\t<div class=\"elementor-element elementor-element-ad0fb6e elementor-widget__width-auto elementor-widget elementor-widget-image\" data-id=\"ad0fb6e\" data-element_type=\"widget\" data-e-type=\"widget\" data-widget_type=\"image.default\">\n\t\t\t\t<div class=\"elementor-widget-container\">\n\t\t\t\t\t\t\t\t\t\t\t\t\t\t\t<img loading=\"lazy\" decoding=\"async\" width=\"960\" height=\"679\" src=\"https:\/\/agbatalha.pt\/portal\/wp-content\/uploads\/2025\/08\/submarcas-electrao-14-1024x724.png\" class=\"attachment-large size-large wp-image-2394\" alt=\"\" srcset=\"https:\/\/agbatalha.pt\/portal\/wp-content\/uploads\/2025\/08\/submarcas-electrao-14-1024x724.png 1024w, https:\/\/agbatalha.pt\/portal\/wp-content\/uploads\/2025\/08\/submarcas-electrao-14-300x212.png 300w, https:\/\/agbatalha.pt\/portal\/wp-content\/uploads\/2025\/08\/submarcas-electrao-14-768x543.png 768w, https:\/\/agbatalha.pt\/portal\/wp-content\/uploads\/2025\/08\/submarcas-electrao-14-1536x1086.png 1536w, https:\/\/agbatalha.pt\/portal\/wp-content\/uploads\/2025\/08\/submarcas-electrao-14-2048x1449.png 2048w\" sizes=\"(max-width: 960px) 100vw, 960px\" \/>\t\t\t\t\t\t\t\t\t\t\t\t\t\t\t<\/div>\n\t\t\t\t<\/div>\n\t\t\t\t<div class=\"elementor-element elementor-element-8eaa540 elementor-widget elementor-widget-text-editor\" data-id=\"8eaa540\" data-element_type=\"widget\" data-e-type=\"widget\" data-widget_type=\"text-editor.default\">\n\t\t\t\t<div class=\"elementor-widget-container\">\n\t\t\t\t\t\t\t\t\t<p>O Agrupamento de Escolas da Batalha \u00e9 uma vez mais uma escola da Rede Electr\u00e3o!\u00a0Este projeto tem como objetivo &#8220;sensibilizar e envolver professores, alunos, funcion\u00e1rios, pais e comunidade educativa em geral, no esfor\u00e7o global do encaminhamento adequado dos equipamentos el\u00e9tricos, pilhas e baterias e embalagens usados para reciclagem e valoriza\u00e7\u00e3o, atrav\u00e9s dos Locais de Recolha Electr\u00e3o.<\/p>\t\t\t\t\t\t\t\t<\/div>\n\t\t\t\t<\/div>\n\t\t\t\t<div class=\"elementor-element elementor-element-2260559 wpr-button-icon-style-inline wpr-button-icon-position-right elementor-widget elementor-widget-wpr-button\" data-id=\"2260559\" data-element_type=\"widget\" data-e-type=\"widget\" data-widget_type=\"wpr-button.default\">\n\t\t\t\t<div class=\"elementor-widget-container\">\n\t\t\t\t\t\t\n\t\t\t\n\t\t\n\t\t<div class=\"wpr-button-wrap elementor-clearfix\">\n\t\t<a class=\"wpr-button wpr-button-effect wpr-button-none\" data-text=\"\" href=\"https:\/\/agbatalha.pt\/portal\/eletrao\/\">\n\t\t\t\n\t\t\t<span class=\"wpr-button-content\">\n\t\t\t\t\t\t\t\t\t<span class=\"wpr-button-text\">Ver mais<\/span>\n\t\t\t\t\t\t\t\t\n\t\t\t\t\t\t\t<\/span>\n\t\t<\/a>\n\n\t\t\t\t<\/div>\n\t\n\t\n\t\t\t\t\t<\/div>\n\t\t\t\t<\/div>\n\t\t\t\t\t<\/div>\n\t\t<\/div>\n\t\t\t\t<div class=\"elementor-column elementor-col-33 elementor-top-column elementor-element elementor-element-7bdf3b7 elementor-invisible\" data-id=\"7bdf3b7\" data-element_type=\"column\" data-e-type=\"column\" data-settings=\"{&quot;animation&quot;:&quot;slideInRight&quot;}\">\n\t\t\t<div class=\"elementor-widget-wrap\">\n\t\t\t\t\t\t\t<\/div>\n\t\t<\/div>\n\t\t\t\t<div class=\"elementor-column elementor-col-33 elementor-top-column elementor-element elementor-element-bf57fb1 elementor-hidden-tablet elementor-hidden-mobile elementor-invisible\" data-id=\"bf57fb1\" data-element_type=\"column\" data-e-type=\"column\" data-settings=\"{&quot;animation&quot;:&quot;slideInLeft&quot;}\">\n\t\t\t<div class=\"elementor-widget-wrap\">\n\t\t\t\t\t\t\t<\/div>\n\t\t<\/div>\n\t\t\t\t\t<\/div>\n\t\t<\/section>\n\t\t<div class=\"elementor-element elementor-element-6b85559 e-flex e-con-boxed wpr-particle-no wpr-jarallax-no wpr-parallax-no wpr-sticky-section-no e-con e-parent\" data-id=\"6b85559\" data-element_type=\"container\" data-e-type=\"container\">\n\t\t\t\t\t<div class=\"e-con-inner\">\n\t\t<div class=\"elementor-element elementor-element-7705f29 e-con-full e-flex wpr-particle-no wpr-jarallax-no wpr-parallax-no wpr-sticky-section-no e-con e-child\" data-id=\"7705f29\" data-element_type=\"container\" data-e-type=\"container\">\n\t\t\t\t<\/div>\n\t\t<div class=\"elementor-element elementor-element-6df7828 e-con-full e-flex wpr-particle-no wpr-jarallax-no wpr-parallax-no wpr-sticky-section-no e-con e-child\" data-id=\"6df7828\" data-element_type=\"container\" data-e-type=\"container\">\n\t\t\t\t<\/div>\n\t\t\t\t\t<\/div>\n\t\t\t\t<\/div>\n\t\t\t\t<\/div>\n\t\t","protected":false},"excerpt":{"rendered":"<p>PROJETOS DESAFIANTES ERASMUS e CLUBE EUROPEU Uma aventura pela Europa em projetos de partilha e de aprendizagens UBUNTU e UNESCO Na constru\u00e7\u00e3o de pessoas envolvidas, solid\u00e1rias, ativas no futuro de todos! DESPORTO e SA\u00daDE Desporto Escolar, projetos de Educa\u00e7\u00e3o para uma vida mais saud\u00e1vel. Bibliotecas e Jornalismo Promo\u00e7\u00e3o da escrita e da leitura para uma mente criativa e inquiridora Onde tu \u00e9s a estrela! DESAFIA-TE! Das Artes \u00e0 Sustentabilidade, da Cultura ao Desporto, da Ci\u00eancia ao Jornalismo, temos um lugar para ti! Pela COLABORA\u00c7\u00c3O &#8220;aprenderem uns com os outros&#8221; O eTwinning \u00e9 a comunidade de escolas da Uni\u00e3o Europeia na qual o AEB se integra, desenvolvendo uma a\u00e7\u00e3o do Programa Erasmus+. Tem como principal objetivo a cria\u00e7\u00e3o de redes de trabalho colaborativo, com recurso \u00e0s TIC, aprofundando o esp\u00edrito de cidadania europeia.\u00a0 Ver mais PelO ESPA\u00c7O EUROPEU COMUM &#8220;aprender com outros pa\u00edses&#8221; O programa ERASMUS+ no AEB \u00e9 um dos projetos mais ambiciosos e com resultados que promovem experi\u00eancias \u00fanicas para todos os participantes! A acredita\u00e7\u00e3o de longa dura\u00e7\u00e3o permite \u00e0 nossa comunidade escolar participar em projetos internacionais, promovendo a mobilidade de alunos, professores e pessoal educativo,\u00a0bem como o interc\u00e2mbio de boas pr\u00e1ticas com outras escolas europeias. Ver mais Pela educa\u00e7\u00e3o &#8220;temos de aprender a viver juntos&#8221; A UNESCO assegura a lideran\u00e7a global e regional na educa\u00e7\u00e3o a fim de fortalecer os sistemas de ensino em todo o mundo desde a inf\u00e2ncia at\u00e9 \u00e0 idade adulta, para responder aos desafios globais, atrav\u00e9s da educa\u00e7\u00e3o. Pelos seus projetos, pelos valores refletidos no seu Projeto Educativo, o AEB orgulha-se de ser uma das Escolas Associadas a esta rede global! Ver mais PelO PR\u00d3XIMO &#8220;eu sou porque tu \u00e9s &#8220; O Agrupamento de Escolas da Batalha juntou-se em 2020 a este desafio das Academias UBUNTU, presente j\u00e1 em 16 pa\u00edses, e que atrav\u00e9s do Conceito UBUNTU\u00a0&#8220;Eu sou porque tu \u00e9s; Eu s\u00f3 posso ser pessoa atrav\u00e9s das outras pessoas &#8221; procura inspirar os nossos jovens com\u00a0modelos de refer\u00eancia mundial\u00a0de lideran\u00e7a (como Mandela ou Luther King) a serem eles tamb\u00e9m lideres e agentes de mudan\u00e7a. Ver mais PelO CONHECIMENTO CIENT\u00cdFICO &#8220;o entusiasmo pela ci\u00eancia e pela aprendizagem &#8220; Os Clubes Ci\u00eancia Viva na Escola assentam num conceito din\u00e2mico e plural, enquanto estruturas de ci\u00eancia e conhecimento adaptadas \u00e0s caracter\u00edsticas espec\u00edficas das organiza\u00e7\u00f5es parceiras que as constituem e do meio social e cultural em que se inserem. Ver mais PelO PLURALISMO EUROPEU &#8220;escola relacional e inclusiva&#8221; O Clube Europeu AEBatalha pretende afirmar-se enquanto centro dinamizador de atividades no dom\u00ednio da Dimens\u00e3o Europeia da Educa\u00e7\u00e3o. De entre outros objetivos, procura integrar o desenvolvimento de parcerias estrat\u00e9gicas, participando em projetos no \u00e2mbito do programa Erasmus+\/eTwinning, celebrando a diversidade lingu\u00edstica e cultural da Europa Ver mais Pela sa\u00fade &#8220;prevenir comportamentos de risco&#8221; O Programa Like Sa\u00fade consiste num conjunto de a\u00e7\u00f5es que visam prevenir comportamentos aditivos e depend\u00eancias entre os jovens, no sentido de garantir que est\u00e3o informados sobre os perigos do consumo de drogas, \u00e1lcool, tabaco e rela\u00e7\u00f5es sexuais desprotegidas. Ver mais Pelo desporto &#8220;exerc\u00edcio f\u00edsico e bons h\u00e1bitos alimentares&#8221; O Desporto Escolar envolve dezenas de jovens da nossa escola em diversas modalidades que promovem a pr\u00e1tica saud\u00e1vel do Desporto. Para al\u00e9m deste, o Grupo de Educa\u00e7\u00e3o F\u00edsica decidiu implementar e desenvolver o Programa PESSOA na nossa Escola. Este visa a promo\u00e7\u00e3o de h\u00e1bitos de vida saud\u00e1vel, atrav\u00e9s do exerc\u00edcio f\u00edsico e da cria\u00e7\u00e3o de bons h\u00e1bitos alimentares, combatendo o sedentarismo e obesidade, contribuindo para uma tomada de consci\u00eancia correcta e adequada as estas problem\u00e1ticas. Ver mais PelA LEITURA &#8220;ambientes de informa\u00e7\u00e3o e conhecimento&#8221; O Programa Rede de Bibliotecas Escolares (PRBE) foi lan\u00e7ado em 1996, pelos Minist\u00e9rios da Educa\u00e7\u00e3o e da Cultura, com o objetivo de instalar e desenvolver bibliotecas em escolas p\u00fablicas de todos os n\u00edveis de ensino Ver mais Pela sustentabilidade &#8220;todos juntos faremos a diferen\u00e7a&#8221; O Agrupamento de Escolas da Batalha \u00e9 uma vez mais uma escola da Rede Electr\u00e3o!\u00a0Este projeto tem como objetivo &#8220;sensibilizar e envolver professores, alunos, funcion\u00e1rios, pais e comunidade educativa em geral, no esfor\u00e7o global do encaminhamento adequado dos equipamentos el\u00e9tricos, pilhas e baterias e embalagens usados para reciclagem e valoriza\u00e7\u00e3o, atrav\u00e9s dos Locais de Recolha Electr\u00e3o. Ver mais<\/p>\n","protected":false},"author":2,"featured_media":0,"parent":0,"menu_order":0,"comment_status":"closed","ping_status":"closed","template":"elementor_canvas","meta":{"footnotes":""},"class_list":["post-13","page","type-page","status-publish","hentry"],"_links":{"self":[{"href":"https:\/\/agbatalha.pt\/portal\/wp-json\/wp\/v2\/pages\/13","targetHints":{"allow":["GET"]}}],"collection":[{"href":"https:\/\/agbatalha.pt\/portal\/wp-json\/wp\/v2\/pages"}],"about":[{"href":"https:\/\/agbatalha.pt\/portal\/wp-json\/wp\/v2\/types\/page"}],"author":[{"embeddable":true,"href":"https:\/\/agbatalha.pt\/portal\/wp-json\/wp\/v2\/users\/2"}],"replies":[{"embeddable":true,"href":"https:\/\/agbatalha.pt\/portal\/wp-json\/wp\/v2\/comments?post=13"}],"version-history":[{"count":51,"href":"https:\/\/agbatalha.pt\/portal\/wp-json\/wp\/v2\/pages\/13\/revisions"}],"predecessor-version":[{"id":3225,"href":"https:\/\/agbatalha.pt\/portal\/wp-json\/wp\/v2\/pages\/13\/revisions\/3225"}],"wp:attachment":[{"href":"https:\/\/agbatalha.pt\/portal\/wp-json\/wp\/v2\/media?parent=13"}],"curies":[{"name":"wp","href":"https:\/\/api.w.org\/{rel}","templated":true}]}}