{"id":15,"date":"2023-09-06T14:07:07","date_gmt":"2023-09-06T14:07:07","guid":{"rendered":"https:\/\/demosites.royal-elementor-addons.com\/solar-energy-v1\/?page_id=15"},"modified":"2025-05-03T20:10:45","modified_gmt":"2025-05-03T20:10:45","slug":"centro-qualifica","status":"publish","type":"page","link":"https:\/\/agbatalha.pt\/portal\/centro-qualifica\/","title":{"rendered":"Centro Qualifica"},"content":{"rendered":"\t\t<div data-elementor-type=\"wp-page\" data-elementor-id=\"15\" class=\"elementor elementor-15\">\n\t\t\t\t\t\t<section class=\"elementor-section elementor-top-section elementor-element elementor-element-8c1add3 elementor-section-boxed elementor-section-height-default elementor-section-height-default wpr-particle-no wpr-jarallax-no wpr-parallax-no wpr-sticky-section-no\" data-id=\"8c1add3\" data-element_type=\"section\" data-e-type=\"section\" data-settings=\"{&quot;background_background&quot;:&quot;classic&quot;}\">\n\t\t\t\t\t\t\t<div class=\"elementor-background-overlay\"><\/div>\n\t\t\t\t\t\t\t<div class=\"elementor-container elementor-column-gap-default\">\n\t\t\t\t\t<div class=\"elementor-column elementor-col-100 elementor-top-column elementor-element elementor-element-ec1a87b\" data-id=\"ec1a87b\" data-element_type=\"column\" data-e-type=\"column\">\n\t\t\t<div class=\"elementor-widget-wrap elementor-element-populated\">\n\t\t\t\t\t\t<div class=\"elementor-element elementor-element-a6390bd elementor-widget elementor-widget-image\" data-id=\"a6390bd\" data-element_type=\"widget\" data-e-type=\"widget\" data-widget_type=\"image.default\">\n\t\t\t\t<div class=\"elementor-widget-container\">\n\t\t\t\t\t\t\t\t\t\t\t\t\t\t\t<img fetchpriority=\"high\" decoding=\"async\" width=\"275\" height=\"300\" src=\"https:\/\/agbatalha.pt\/portal\/wp-content\/uploads\/2025\/05\/qualifica-logo-1.png\" class=\"attachment-large size-large wp-image-2178\" alt=\"\" \/>\t\t\t\t\t\t\t\t\t\t\t\t\t\t\t<\/div>\n\t\t\t\t<\/div>\n\t\t\t\t<div class=\"elementor-element elementor-element-1194714 elementor-widget elementor-widget-text-editor\" data-id=\"1194714\" data-element_type=\"widget\" data-e-type=\"widget\" data-widget_type=\"text-editor.default\">\n\t\t\t\t<div class=\"elementor-widget-container\">\n\t\t\t\t\t\t\t\t\t<p>Oportunidades que se abrem de novo<\/p>\t\t\t\t\t\t\t\t<\/div>\n\t\t\t\t<\/div>\n\t\t\t\t\t<\/div>\n\t\t<\/div>\n\t\t\t\t\t<\/div>\n\t\t<\/section>\n\t\t\t\t<section class=\"elementor-section elementor-top-section elementor-element elementor-element-f92f5ea elementor-section-boxed elementor-section-height-default elementor-section-height-default wpr-particle-no wpr-jarallax-no wpr-parallax-no wpr-sticky-section-no\" data-id=\"f92f5ea\" data-element_type=\"section\" data-e-type=\"section\">\n\t\t\t\t\t\t<div class=\"elementor-container elementor-column-gap-default\">\n\t\t\t\t\t<div class=\"elementor-column elementor-col-100 elementor-top-column elementor-element elementor-element-85f8c95 elementor-invisible\" data-id=\"85f8c95\" data-element_type=\"column\" data-e-type=\"column\" data-settings=\"{&quot;animation&quot;:&quot;slideInLeft&quot;}\">\n\t\t\t<div class=\"elementor-widget-wrap elementor-element-populated\">\n\t\t\t\t\t\t<div class=\"elementor-element elementor-element-908f70d elementor-widget elementor-widget-heading\" data-id=\"908f70d\" data-element_type=\"widget\" data-e-type=\"widget\" data-widget_type=\"heading.default\">\n\t\t\t\t<div class=\"elementor-widget-container\">\n\t\t\t\t\t<h2 class=\"elementor-heading-title elementor-size-default\">Oportunidades que se abrem de novo<\/h2>\t\t\t\t<\/div>\n\t\t\t\t<\/div>\n\t\t\t\t<div class=\"elementor-element elementor-element-4435c84 elementor-widget elementor-widget-text-editor\" data-id=\"4435c84\" data-element_type=\"widget\" data-e-type=\"widget\" data-widget_type=\"text-editor.default\">\n\t\t\t\t<div class=\"elementor-widget-container\">\n\t\t\t\t\t\t\t\t\t<blockquote><p><strong>O QUE S\u00c3O OS CENTROS QUALIFICA?<\/strong><\/p><\/blockquote><p>Centros especializados em educa\u00e7\u00e3o e forma\u00e7\u00e3o de adultos, vocacionados para o atendimento, aconselhamento, orienta\u00e7\u00e3o e encaminhamento para percursos de aprendizagem, com base nas reais necessidades de qualifica\u00e7\u00e3o.<\/p><p>\u00a0<\/p><p><strong>A QUEM SE DESTINAM OS CENTROS QUALIFICA?<br \/><\/strong>\u2022 Adultos com idade igual ou superior a 18 anos que procurem uma qualifica\u00e7\u00e3o.<\/p><p>\u2022 Excecionalmente, jovens, entre os 15 e os 17 anos, que n\u00e3o se encontrem a frequentar modalidades de educa\u00e7\u00e3o ou de forma\u00e7\u00e3o profissional e que n\u00e3o estejam inseridos no mercado de trabalho.<\/p><p>\u00a0<\/p><p><strong>QUAL A MISS\u00c3O DO CENTRO QUALIFICA DO NOSSO AGRUPAMENTO?<\/strong><\/p><p>Acolher, informar, orientar e encaminhar os candidatos;<\/p><p>Desenvolver Processos de Reconhecimento, Valida\u00e7\u00e3o e Certifica\u00e7\u00e3o de Compet\u00eancias (RVCC), de \u00e2mbito escolar (4\u00ba, 6\u00ba, 9\u00ba e 12\u00ba anos);<\/p><p>Promover a\u00e7\u00f5es de informa\u00e7\u00e3o e de divulga\u00e7\u00e3o sobre as ofertas de educa\u00e7\u00e3o e forma\u00e7\u00e3o profissional dispon\u00edveis e sensibilizar para a relev\u00e2ncia da aprendizagem ao longo da vida;<\/p><p>Dinamizar e participar numa rede de parcerias, com vista \u00e0 procura de respostas de qualifica\u00e7\u00e3o adequadas;<\/p><p>Emitir Certificados sempre que os candidatos concluam um determinado percurso a partir de Unidades de Forma\u00e7\u00e3o de Curta Dura\u00e7\u00e3o (Registo de Comiss\u00e3o T\u00e9cnica).<\/p><p>\u00a0<\/p><p><strong>QUE DOCUMENTOS S\u00c3O PRECISOS PARA FAZER A INSCRI\u00c7\u00c3O?<\/strong><\/p><p>\u2022 Certificado de habilita\u00e7\u00f5es (original + fotoc\u00f3pia)<\/p><p>\u2022 Documento de Identifica\u00e7\u00e3o (Bilhete de Identidade \/ Cart\u00e3o de Cidad\u00e3o \/Autoriza\u00e7\u00e3o de Resid\u00eancia)<\/p><p>\u00a0<\/p><p><strong>COMO POSSO CONTACTAR O CENTRO E OBTER MAIS INFORMA\u00c7\u00d5ES?<\/strong><br \/><br \/>Por telefone: 244 769 180<\/p><p>Por email:\u00a0<span id=\"cloak0fa6a55d625ce6c03083ae867ceec6ac\"><a href=\"mailto:aebatalha@centroqualifica.gov.pt\">aebatalha@centroqualifica.gov.pt<\/a><\/span><\/p><p>Presencialmente: Escola B\u00e1sica e Secund\u00e1ria da Batalha, Rua da Freiria, 2440-062 Batalha<\/p><p>HOR\u00c1RIO: 2\u00aa, 3.\u00aa e 5\u00aa &#8211; das 9h30 \u00e0s 21h30;\u00a0 4\u00aa e 6\u00aa &#8211; das 9h30 \u00e0s 18h.\u00a0<\/p>\t\t\t\t\t\t\t\t<\/div>\n\t\t\t\t<\/div>\n\t\t\t\t\t<\/div>\n\t\t<\/div>\n\t\t\t\t\t<\/div>\n\t\t<\/section>\n\t\t<div class=\"elementor-element elementor-element-c6bb180 e-flex e-con-boxed wpr-particle-no wpr-jarallax-no wpr-parallax-no wpr-sticky-section-no e-con e-parent\" data-id=\"c6bb180\" data-element_type=\"container\" data-e-type=\"container\">\n\t\t\t\t\t<div class=\"e-con-inner\">\n\t\t\t\t<div class=\"elementor-element elementor-element-38dea42 elementor-widget elementor-widget-image\" data-id=\"38dea42\" data-element_type=\"widget\" data-e-type=\"widget\" data-widget_type=\"image.default\">\n\t\t\t\t<div class=\"elementor-widget-container\">\n\t\t\t\t\t\t\t\t\t\t\t\t\t\t\t<img decoding=\"async\" width=\"275\" height=\"300\" src=\"https:\/\/agbatalha.pt\/portal\/wp-content\/uploads\/2025\/05\/qualifica-logo.png\" class=\"attachment-large size-large wp-image-2177\" alt=\"\" \/>\t\t\t\t\t\t\t\t\t\t\t\t\t\t\t<\/div>\n\t\t\t\t<\/div>\n\t\t\t\t\t<\/div>\n\t\t\t\t<\/div>\n\t\t\t\t<\/div>\n\t\t","protected":false},"excerpt":{"rendered":"<p>Oportunidades que se abrem de novo Oportunidades que se abrem de novo O QUE S\u00c3O OS CENTROS QUALIFICA? Centros especializados em educa\u00e7\u00e3o e forma\u00e7\u00e3o de adultos, vocacionados para o atendimento, aconselhamento, orienta\u00e7\u00e3o e encaminhamento para percursos de aprendizagem, com base nas reais necessidades de qualifica\u00e7\u00e3o. \u00a0 A QUEM SE DESTINAM OS CENTROS QUALIFICA?\u2022 Adultos com idade igual ou superior a 18 anos que procurem uma qualifica\u00e7\u00e3o. \u2022 Excecionalmente, jovens, entre os 15 e os 17 anos, que n\u00e3o se encontrem a frequentar modalidades de educa\u00e7\u00e3o ou de forma\u00e7\u00e3o profissional e que n\u00e3o estejam inseridos no mercado de trabalho. \u00a0 QUAL A MISS\u00c3O DO CENTRO QUALIFICA DO NOSSO AGRUPAMENTO? Acolher, informar, orientar e encaminhar os candidatos; Desenvolver Processos de Reconhecimento, Valida\u00e7\u00e3o e Certifica\u00e7\u00e3o de Compet\u00eancias (RVCC), de \u00e2mbito escolar (4\u00ba, 6\u00ba, 9\u00ba e 12\u00ba anos); Promover a\u00e7\u00f5es de informa\u00e7\u00e3o e de divulga\u00e7\u00e3o sobre as ofertas de educa\u00e7\u00e3o e forma\u00e7\u00e3o profissional dispon\u00edveis e sensibilizar para a relev\u00e2ncia da aprendizagem ao longo da vida; Dinamizar e participar numa rede de parcerias, com vista \u00e0 procura de respostas de qualifica\u00e7\u00e3o adequadas; Emitir Certificados sempre que os candidatos concluam um determinado percurso a partir de Unidades de Forma\u00e7\u00e3o de Curta Dura\u00e7\u00e3o (Registo de Comiss\u00e3o T\u00e9cnica). \u00a0 QUE DOCUMENTOS S\u00c3O PRECISOS PARA FAZER A INSCRI\u00c7\u00c3O? \u2022 Certificado de habilita\u00e7\u00f5es (original + fotoc\u00f3pia) \u2022 Documento de Identifica\u00e7\u00e3o (Bilhete de Identidade \/ Cart\u00e3o de Cidad\u00e3o \/Autoriza\u00e7\u00e3o de Resid\u00eancia) \u00a0 COMO POSSO CONTACTAR O CENTRO E OBTER MAIS INFORMA\u00c7\u00d5ES? Por telefone: 244 769 180 Por email:\u00a0aebatalha@centroqualifica.gov.pt Presencialmente: Escola B\u00e1sica e Secund\u00e1ria da Batalha, Rua da Freiria, 2440-062 Batalha HOR\u00c1RIO: 2\u00aa, 3.\u00aa e 5\u00aa &#8211; das 9h30 \u00e0s 21h30;\u00a0 4\u00aa e 6\u00aa &#8211; das 9h30 \u00e0s 18h.\u00a0<\/p>\n","protected":false},"author":2,"featured_media":0,"parent":0,"menu_order":0,"comment_status":"closed","ping_status":"open","template":"elementor_canvas","meta":{"footnotes":""},"class_list":["post-15","page","type-page","status-publish","hentry"],"_links":{"self":[{"href":"https:\/\/agbatalha.pt\/portal\/wp-json\/wp\/v2\/pages\/15","targetHints":{"allow":["GET"]}}],"collection":[{"href":"https:\/\/agbatalha.pt\/portal\/wp-json\/wp\/v2\/pages"}],"about":[{"href":"https:\/\/agbatalha.pt\/portal\/wp-json\/wp\/v2\/types\/page"}],"author":[{"embeddable":true,"href":"https:\/\/agbatalha.pt\/portal\/wp-json\/wp\/v2\/users\/2"}],"replies":[{"embeddable":true,"href":"https:\/\/agbatalha.pt\/portal\/wp-json\/wp\/v2\/comments?post=15"}],"version-history":[{"count":4,"href":"https:\/\/agbatalha.pt\/portal\/wp-json\/wp\/v2\/pages\/15\/revisions"}],"predecessor-version":[{"id":2181,"href":"https:\/\/agbatalha.pt\/portal\/wp-json\/wp\/v2\/pages\/15\/revisions\/2181"}],"wp:attachment":[{"href":"https:\/\/agbatalha.pt\/portal\/wp-json\/wp\/v2\/media?parent=15"}],"curies":[{"name":"wp","href":"https:\/\/api.w.org\/{rel}","templated":true}]}}