{"id":1727,"date":"2024-01-17T09:30:40","date_gmt":"2024-01-17T09:30:40","guid":{"rendered":"https:\/\/agbatalha.pt\/portal\/?page_id=1727"},"modified":"2026-01-05T22:27:27","modified_gmt":"2026-01-05T22:27:27","slug":"orgaos","status":"publish","type":"page","link":"https:\/\/agbatalha.pt\/portal\/orgaos\/","title":{"rendered":"Org\u00e3os"},"content":{"rendered":"\t\t<div data-elementor-type=\"wp-page\" data-elementor-id=\"1727\" class=\"elementor elementor-1727\">\n\t\t\t\t<div class=\"elementor-element elementor-element-e9f28b8 e-flex e-con-boxed wpr-particle-no wpr-jarallax-no wpr-parallax-no wpr-sticky-section-no e-con e-parent\" data-id=\"e9f28b8\" data-element_type=\"container\" data-e-type=\"container\">\n\t\t\t\t\t<div class=\"e-con-inner\">\n\t\t\t\t<div class=\"elementor-element elementor-element-0375913 elementor-widget elementor-widget-text-editor\" data-id=\"0375913\" data-element_type=\"widget\" data-e-type=\"widget\" data-widget_type=\"text-editor.default\">\n\t\t\t\t<div class=\"elementor-widget-container\">\n\t\t\t\t\t\t\t\t\t<p><strong>CONSELHO GERAL<\/strong><\/p><p><strong>Presidente do Conselho Geral<\/strong>\u00a0<br \/>Marco Ant\u00f3nio Bras Neves<\/p><p><strong>Representantes do Pessoal Docente<\/strong>\u00a0<br \/>Ana Isabel Eduarda Pereira<br \/>Carla Alexandra Oliveira Faustino<br \/>Isabel Maria Duarte Sousa<br \/>Marco Ant\u00f3nio Br\u00e1s Neves<br \/>Maria Fernanda Marques Cardoso<br \/>Maria Isabel Martins S. Sousa Pinheiro<br \/>S\u00e9rgio Alexandre Teixeira Gomes Barroso<\/p><p><strong>Representantes do Pessoal N\u00e3o Docente<\/strong>\u00a0<br \/>M\u00e1rcia Cl\u00e1udia Alves Lopes<br \/>M\u00e1rcia Alexandra da Concei\u00e7\u00e3o Nunes<\/p><p><strong>Representantes dos Pais e Encarregados de Educa\u00e7\u00e3o<br \/><\/strong>\u00c2ngela Filipe Lopes Amaro<br \/>Tiago Medeiros<br \/>Sofia Isabel Monteiro Ferraz<br \/>David Filipe de Oliveira Faria<\/p><p><strong>Representantes dos Alunos<br \/><\/strong>Beatriz Baptista<br \/>Ivana Rem\u00e9dios<\/p><p><strong>Representantes do Munic\u00edpio da Batalha<br \/><\/strong>Andr\u00e9 Bento Sousa<br \/>C\u00e9lia Maria Cunha Ferreira<br \/>Telmo Matos<br \/><br \/><strong>Representantes da Comunidade<br \/><\/strong>Ant\u00f3nio Neto Santos<br \/>Cristov\u00e3o Adelino Fonseca Franco Ribeiro Margarido<br \/>Ana Moderno<\/p><p>\u00a0_____________________________________<\/p><p><strong>CONSELHO PEDAG\u00d3GICO<\/strong><strong><br \/><\/strong><strong>Presidente<\/strong><br \/>Lu\u00eds Miguel Faustino Novais (Diretor do Agrupamento)<\/p><p><strong>Coordenadores(as) dos Departamentos Curriculares<\/strong><br \/><strong>Ensino Pr\u00e9-Escolar<\/strong><br \/>Isabel Maria Pereira da Silva Ferreira<\/p><p><strong>1\u00ba CEB<\/strong><br \/>Carla Alexandra Lopes Pais Moras<\/p><p><strong>Portugu\u00eas<\/strong><br \/>Maria Helena Dias do Carmo Pintor<\/p><p><strong>Matem\u00e1tica<\/strong><br \/>S\u00f3nia Cristina Valentim Assoreira<\/p><p><strong>L\u00ednguas Estrangeiras<\/strong><br \/>Aline Mateus Fortes<\/p><p><strong>Ci\u00eancias Sociais e Humanas<\/strong><br \/>C\u00e9lia Maria Lopes Santos Murta Cadima<\/p><p><strong>Ci\u00eancias Experimentais<\/strong><br \/>Paulo Jos\u00e9 Santos Carri\u00e7o Portugal<\/p><p><strong>Express\u00f5es<\/strong><br \/>Carlos Alberto de Oliveira Henriques<\/p><p><strong>Educa\u00e7\u00e3o Especial<\/strong><br \/>Cid\u00e1lia Maria Coelho da Silva<\/p><p><strong>Coordenadora dos Professores Titulares 1\u00ba CEB<\/strong><br \/>Maria Fernanda Ramos Nico Alvega<\/p><p><strong>Coordenadora de D.T. de 2\u00ba CEB<\/strong><br \/>Raquel Maria Pires Hil\u00e1rio<\/p><p><strong>Coordenadora de D.T. 3\u00baCEB<\/strong><br \/>Margarida Rosa Ferreira Madeira<\/p><p><strong>Coordenadora de D.T. Ens. Secund\u00e1rio<\/strong><br \/>Elisabete Sarago\u00e7a Carvalho<\/p><p><strong>Coordenadora do Ensino Profissional<\/strong><br \/>Maria da Concei\u00e7\u00e3o Ferreira dos Santos<\/p><p><strong>Coordenadora das Bibliotecas Escolares<\/strong><br \/>Ana Paula Machado Ferreira<\/p><p>\u00a0_____________________________________<\/p><p><strong>CONSELHO ADMINISTRATIVO<br \/><\/strong>Lu\u00eds Miguel Faustino Novais<br \/>Jorge Manuel dos Santos Pereira<br \/>Arminda Gomes<\/p>\t\t\t\t\t\t\t\t<\/div>\n\t\t\t\t<\/div>\n\t\t\t\t\t<\/div>\n\t\t\t\t<\/div>\n\t\t\t\t<\/div>\n\t\t","protected":false},"excerpt":{"rendered":"<p>CONSELHO GERAL Presidente do Conselho Geral\u00a0Marco Ant\u00f3nio Bras Neves Representantes do Pessoal Docente\u00a0Ana Isabel Eduarda PereiraCarla Alexandra Oliveira FaustinoIsabel Maria Duarte SousaMarco Ant\u00f3nio Br\u00e1s NevesMaria Fernanda Marques CardosoMaria Isabel Martins S. Sousa PinheiroS\u00e9rgio Alexandre Teixeira Gomes Barroso Representantes do Pessoal N\u00e3o Docente\u00a0M\u00e1rcia Cl\u00e1udia Alves LopesM\u00e1rcia Alexandra da Concei\u00e7\u00e3o Nunes Representantes dos Pais e Encarregados de Educa\u00e7\u00e3o\u00c2ngela Filipe Lopes AmaroTiago MedeirosSofia Isabel Monteiro FerrazDavid Filipe de Oliveira Faria Representantes dos AlunosBeatriz BaptistaIvana Rem\u00e9dios Representantes do Munic\u00edpio da BatalhaAndr\u00e9 Bento SousaC\u00e9lia Maria Cunha FerreiraTelmo Matos Representantes da ComunidadeAnt\u00f3nio Neto SantosCristov\u00e3o Adelino Fonseca Franco Ribeiro MargaridoAna Moderno \u00a0_____________________________________ CONSELHO PEDAG\u00d3GICOPresidenteLu\u00eds Miguel Faustino Novais (Diretor do Agrupamento) Coordenadores(as) dos Departamentos CurricularesEnsino Pr\u00e9-EscolarIsabel Maria Pereira da Silva Ferreira 1\u00ba CEBCarla Alexandra Lopes Pais Moras Portugu\u00easMaria Helena Dias do Carmo Pintor Matem\u00e1ticaS\u00f3nia Cristina Valentim Assoreira L\u00ednguas EstrangeirasAline Mateus Fortes Ci\u00eancias Sociais e HumanasC\u00e9lia Maria Lopes Santos Murta Cadima Ci\u00eancias ExperimentaisPaulo Jos\u00e9 Santos Carri\u00e7o Portugal Express\u00f5esCarlos Alberto de Oliveira Henriques Educa\u00e7\u00e3o EspecialCid\u00e1lia Maria Coelho da Silva Coordenadora dos Professores Titulares 1\u00ba CEBMaria Fernanda Ramos Nico Alvega Coordenadora de D.T. de 2\u00ba CEBRaquel Maria Pires Hil\u00e1rio Coordenadora de D.T. 3\u00baCEBMargarida Rosa Ferreira Madeira Coordenadora de D.T. Ens. Secund\u00e1rioElisabete Sarago\u00e7a Carvalho Coordenadora do Ensino ProfissionalMaria da Concei\u00e7\u00e3o Ferreira dos Santos Coordenadora das Bibliotecas EscolaresAna Paula Machado Ferreira \u00a0_____________________________________ CONSELHO ADMINISTRATIVOLu\u00eds Miguel Faustino NovaisJorge Manuel dos Santos PereiraArminda Gomes<\/p>\n","protected":false},"author":2,"featured_media":0,"parent":0,"menu_order":0,"comment_status":"closed","ping_status":"open","template":"","meta":{"footnotes":""},"class_list":["post-1727","page","type-page","status-publish","hentry"],"_links":{"self":[{"href":"https:\/\/agbatalha.pt\/portal\/wp-json\/wp\/v2\/pages\/1727","targetHints":{"allow":["GET"]}}],"collection":[{"href":"https:\/\/agbatalha.pt\/portal\/wp-json\/wp\/v2\/pages"}],"about":[{"href":"https:\/\/agbatalha.pt\/portal\/wp-json\/wp\/v2\/types\/page"}],"author":[{"embeddable":true,"href":"https:\/\/agbatalha.pt\/portal\/wp-json\/wp\/v2\/users\/2"}],"replies":[{"embeddable":true,"href":"https:\/\/agbatalha.pt\/portal\/wp-json\/wp\/v2\/comments?post=1727"}],"version-history":[{"count":25,"href":"https:\/\/agbatalha.pt\/portal\/wp-json\/wp\/v2\/pages\/1727\/revisions"}],"predecessor-version":[{"id":3096,"href":"https:\/\/agbatalha.pt\/portal\/wp-json\/wp\/v2\/pages\/1727\/revisions\/3096"}],"wp:attachment":[{"href":"https:\/\/agbatalha.pt\/portal\/wp-json\/wp\/v2\/media?parent=1727"}],"curies":[{"name":"wp","href":"https:\/\/api.w.org\/{rel}","templated":true}]}}