{"id":1729,"date":"2024-01-17T09:30:40","date_gmt":"2024-01-17T09:30:40","guid":{"rendered":"https:\/\/agbatalha.pt\/portal\/?page_id=1729"},"modified":"2026-01-14T18:58:55","modified_gmt":"2026-01-14T18:58:55","slug":"documentos-orientadores","status":"publish","type":"page","link":"https:\/\/agbatalha.pt\/portal\/documentos-orientadores\/","title":{"rendered":"Documentos orientadores"},"content":{"rendered":"\t\t<div data-elementor-type=\"wp-page\" data-elementor-id=\"1729\" class=\"elementor elementor-1729\">\n\t\t\t\t<div class=\"elementor-element elementor-element-948465e e-flex e-con-boxed wpr-particle-no wpr-jarallax-no wpr-parallax-no wpr-sticky-section-no e-con e-parent\" data-id=\"948465e\" data-element_type=\"container\" data-e-type=\"container\">\n\t\t\t\t\t<div class=\"e-con-inner\">\n\t\t\t\t<div class=\"elementor-element elementor-element-ee3bbc7 elementor-widget elementor-widget-heading\" data-id=\"ee3bbc7\" data-element_type=\"widget\" data-e-type=\"widget\" data-widget_type=\"heading.default\">\n\t\t\t\t<div class=\"elementor-widget-container\">\n\t\t\t\t\t<h2 class=\"elementor-heading-title elementor-size-default\">DOCUMENTOS ORIENTADORES DO AEB<\/h2>\t\t\t\t<\/div>\n\t\t\t\t<\/div>\n\t\t\t\t\t<\/div>\n\t\t\t\t<\/div>\n\t\t<div class=\"elementor-element elementor-element-1acd84e e-flex e-con-boxed wpr-particle-no wpr-jarallax-no wpr-parallax-no wpr-sticky-section-no e-con e-parent\" data-id=\"1acd84e\" data-element_type=\"container\" data-e-type=\"container\">\n\t\t\t\t\t<div class=\"e-con-inner\">\n\t\t\t\t<div class=\"elementor-element elementor-element-b25bda5 elementor-widget elementor-widget-shortcode\" data-id=\"b25bda5\" data-element_type=\"widget\" data-e-type=\"widget\" data-widget_type=\"shortcode.default\">\n\t\t\t\t<div class=\"elementor-widget-container\">\n\t\t\t\t\t\t\t<div class=\"elementor-shortcode\"><ul class=\"listar-pdfs\"><li><i class=\"fas fa-file-pdf pdf-icon\"><\/i> <a href=\"https:\/\/agbatalha.pt\/portal\/wp-content\/uploads\/pdfs11\/PLANO DE A\u00c7\u00c3O ESTRAT\u00c9GICA EDUCA\u00c7\u00c3O INCLUSIVA 2024-2027.pdf\" target=\"_blank\">PLANO DE A\u00c7\u00c3O ESTRAT\u00c9GICA EDUCA\u00c7\u00c3O INCLUSIVA 2024-2027<\/a> <span class=\"pdf-size\">(1018.2 KB)<\/span><\/li><li><i class=\"fas fa-file-pdf pdf-icon\"><\/i> <a href=\"https:\/\/agbatalha.pt\/portal\/wp-content\/uploads\/pdfs11\/PROJETO CURRICULAR DO AGRUPAMENTO 2025_2026.pdf\" target=\"_blank\">PROJETO CURRICULAR DO AGRUPAMENTO 2025_2026<\/a> <span class=\"pdf-size\">(1.08 MB)<\/span><\/li><li><i class=\"fas fa-file-pdf pdf-icon\"><\/i> <a href=\"https:\/\/agbatalha.pt\/portal\/wp-content\/uploads\/pdfs11\/PROJETO EDUCATIVO 2024-2027.pdf\" target=\"_blank\">PROJETO EDUCATIVO 2024-2027<\/a> <span class=\"pdf-size\">(976.4 KB)<\/span><\/li><li><i class=\"fas fa-file-pdf pdf-icon\"><\/i> <a href=\"https:\/\/agbatalha.pt\/portal\/wp-content\/uploads\/pdfs11\/REGULAMENTO INTERNO AEB.pdf\" target=\"_blank\">REGULAMENTO INTERNO AEB<\/a> <span class=\"pdf-size\">(1.08 MB)<\/span><\/li><\/ul><\/div>\n\t\t\t\t\t\t<\/div>\n\t\t\t\t<\/div>\n\t\t\t\t<div class=\"elementor-element elementor-element-04b4fad elementor-widget elementor-widget-shortcode\" data-id=\"04b4fad\" data-element_type=\"widget\" data-e-type=\"widget\" data-widget_type=\"shortcode.default\">\n\t\t\t\t<div class=\"elementor-widget-container\">\n\t\t\t\t\t\t\t<div class=\"elementor-shortcode\"><ul class=\"listar-pdfs\"><li><i class=\"fas fa-file-pdf pdf-icon\"><\/i> <a href=\"https:\/\/agbatalha.pt\/portal\/wp-content\/uploads\/pdfs1\/ESTRAT\u00c9GIA DE EDUCA\u00c7\u00c3O PARA A CIDADANIA DO AEB.pdf\" target=\"_blank\">ESTRAT\u00c9GIA DE EDUCA\u00c7\u00c3O PARA A CIDADANIA DO AEB<\/a> <span class=\"pdf-size\">(781.7 KB)<\/span><\/li><li><i class=\"fas fa-file-pdf pdf-icon\"><\/i> <a href=\"https:\/\/agbatalha.pt\/portal\/wp-content\/uploads\/pdfs1\/PLANO ANUAL DE ATIVIDADES 2025-2026.pdf\" target=\"_blank\">PLANO ANUAL DE ATIVIDADES 2025-2026<\/a> <span class=\"pdf-size\">(841.1 KB)<\/span><\/li><li><i class=\"fas fa-file-pdf pdf-icon\"><\/i> <a href=\"https:\/\/agbatalha.pt\/portal\/wp-content\/uploads\/pdfs1\/PLANO DE A\u00c7\u00c3O ESTRAT\u00c9GICA 2024-2027.pdf\" target=\"_blank\">PLANO DE A\u00c7\u00c3O ESTRAT\u00c9GICA 2024-2027<\/a> <span class=\"pdf-size\">(1.08 MB)<\/span><\/li><li><i class=\"fas fa-file-pdf pdf-icon\"><\/i> <a href=\"https:\/\/agbatalha.pt\/portal\/wp-content\/uploads\/pdfs1\/PLANO DE A\u00c7\u00c3O PARA O DESENVOLVIMENTO DIGITAL DA ESCOLA.pdf\" target=\"_blank\">PLANO DE A\u00c7\u00c3O PARA O DESENVOLVIMENTO DIGITAL DA ESCOLA<\/a> <span class=\"pdf-size\">(1.06 MB)<\/span><\/li><li><i class=\"fas fa-file-pdf pdf-icon\"><\/i> <a href=\"https:\/\/agbatalha.pt\/portal\/wp-content\/uploads\/pdfs1\/PLANO DE FORMA\u00c7\u00c3O DO AEB 2025-2026-ANEXO I.pdf\" target=\"_blank\">PLANO DE FORMA\u00c7\u00c3O DO AEB 2025-2026-ANEXO I<\/a> <span class=\"pdf-size\">(470.2 KB)<\/span><\/li><li><i class=\"fas fa-file-pdf pdf-icon\"><\/i> <a href=\"https:\/\/agbatalha.pt\/portal\/wp-content\/uploads\/pdfs1\/PLANO DE FORMA\u00c7\u00c3O DO AEB 2025-2026-ANEXO II.pdf\" target=\"_blank\">PLANO DE FORMA\u00c7\u00c3O DO AEB 2025-2026-ANEXO II<\/a> <span class=\"pdf-size\">(320.9 KB)<\/span><\/li><li><i class=\"fas fa-file-pdf pdf-icon\"><\/i> <a href=\"https:\/\/agbatalha.pt\/portal\/wp-content\/uploads\/pdfs1\/PLANO DE FORMA\u00c7\u00c3O DO AEB 2025-2026-ANEXO III.pdf\" target=\"_blank\">PLANO DE FORMA\u00c7\u00c3O DO AEB 2025-2026-ANEXO III<\/a> <span class=\"pdf-size\">(272.8 KB)<\/span><\/li><li><i class=\"fas fa-file-pdf pdf-icon\"><\/i> <a href=\"https:\/\/agbatalha.pt\/portal\/wp-content\/uploads\/pdfs1\/PLANO DE FORMA\u00c7\u00c3O DO AEB 2025-2026.pdf\" target=\"_blank\">PLANO DE FORMA\u00c7\u00c3O DO AEB 2025-2026<\/a> <span class=\"pdf-size\">(388.8 KB)<\/span><\/li><li><i class=\"fas fa-file-pdf pdf-icon\"><\/i> <a href=\"https:\/\/agbatalha.pt\/portal\/wp-content\/uploads\/pdfs1\/PLANO DE PROMO\u00c7\u00c3O DA LEITURA 2024-2027.pdf\" target=\"_blank\">PLANO DE PROMO\u00c7\u00c3O DA LEITURA 2024-2027<\/a> <span class=\"pdf-size\">(536.3 KB)<\/span><\/li><li><i class=\"fas fa-file-pdf pdf-icon\"><\/i> <a href=\"https:\/\/agbatalha.pt\/portal\/wp-content\/uploads\/pdfs1\/PLANO GLOBAL DE MELHORIA DAS APRENDIZAGENS 2024-2025.pdf\" target=\"_blank\">PLANO GLOBAL DE MELHORIA DAS APRENDIZAGENS 2024-2025<\/a> <span class=\"pdf-size\">(300.4 KB)<\/span><\/li><\/ul><\/div>\n\t\t\t\t\t\t<\/div>\n\t\t\t\t<\/div>\n\t\t\t\t<div class=\"elementor-element elementor-element-4e5b01e elementor-widget elementor-widget-shortcode\" data-id=\"4e5b01e\" data-element_type=\"widget\" data-e-type=\"widget\" data-widget_type=\"shortcode.default\">\n\t\t\t\t<div class=\"elementor-widget-container\">\n\t\t\t\t\t\t\t<div class=\"elementor-shortcode\"><ul class=\"listar-pdfs\"><li><i class=\"fas fa-file-pdf pdf-icon\"><\/i> <a href=\"https:\/\/agbatalha.pt\/portal\/wp-content\/uploads\/pdfs2\/AVALIA\u00c7\u00c3O EXTERNA DAS ESCOLAS 2024-2025.pdf\" target=\"_blank\">AVALIA\u00c7\u00c3O EXTERNA DAS ESCOLAS 2024-2025<\/a> <span class=\"pdf-size\">(1.31 MB)<\/span><\/li><li><i class=\"fas fa-file-pdf pdf-icon\"><\/i> <a href=\"https:\/\/agbatalha.pt\/portal\/wp-content\/uploads\/pdfs2\/Avalia\u00e7\u00e3o exrterna 2024.2025 - Q2 - Question\u00e1rio aos Alunos dos 2 e 3 Ciclos e Secund\u00e1rio.pdf\" target=\"_blank\">Avalia\u00e7\u00e3o exrterna 2024.2025 - Q2 - Question\u00e1rio aos Alunos dos 2 e 3 Ciclos e Secund\u00e1rio<\/a> <span class=\"pdf-size\">(155.2 KB)<\/span><\/li><li><i class=\"fas fa-file-pdf pdf-icon\"><\/i> <a href=\"https:\/\/agbatalha.pt\/portal\/wp-content\/uploads\/pdfs2\/Avalia\u00e7\u00e3o externa 2024-2025 - Q1 - Question\u00e1rio aos alunos do 1 Ciclo - 4 Ano.pdf\" target=\"_blank\">Avalia\u00e7\u00e3o externa 2024-2025 - Q1 - Question\u00e1rio aos alunos do 1 Ciclo - 4 Ano<\/a> <span class=\"pdf-size\">(151.4 KB)<\/span><\/li><li><i class=\"fas fa-file-pdf pdf-icon\"><\/i> <a href=\"https:\/\/agbatalha.pt\/portal\/wp-content\/uploads\/pdfs2\/Avalia\u00e7\u00e3o externa 2024-2025 - Q3 - Question\u00e1rio aos trabalhadores docentes.pdf\" target=\"_blank\">Avalia\u00e7\u00e3o externa 2024-2025 - Q3 - Question\u00e1rio aos trabalhadores docentes<\/a> <span class=\"pdf-size\">(148.3 KB)<\/span><\/li><li><i class=\"fas fa-file-pdf pdf-icon\"><\/i> <a href=\"https:\/\/agbatalha.pt\/portal\/wp-content\/uploads\/pdfs2\/Avalia\u00e7\u00e3o externa 2024-2025 - Q4 - Question\u00e1rio aos trabalhadores n\u00e3o docentes.pdf\" target=\"_blank\">Avalia\u00e7\u00e3o externa 2024-2025 - Q4 - Question\u00e1rio aos trabalhadores n\u00e3o docentes<\/a> <span class=\"pdf-size\">(145.9 KB)<\/span><\/li><li><i class=\"fas fa-file-pdf pdf-icon\"><\/i> <a href=\"https:\/\/agbatalha.pt\/portal\/wp-content\/uploads\/pdfs2\/Avalia\u00e7\u00e3o externa 2024-2025 - Q5 - Question\u00e1rio aos Pais e Encarregados de Educa\u00e7\u00e3o - Educa\u00e7\u00e3o Pr\u00e9-escolar.pdf\" target=\"_blank\">Avalia\u00e7\u00e3o externa 2024-2025 - Q5 - Question\u00e1rio aos Pais e Encarregados de Educa\u00e7\u00e3o - Educa\u00e7\u00e3o Pr\u00e9-escolar<\/a> <span class=\"pdf-size\">(153.4 KB)<\/span><\/li><li><i class=\"fas fa-file-pdf pdf-icon\"><\/i> <a href=\"https:\/\/agbatalha.pt\/portal\/wp-content\/uploads\/pdfs2\/Avalia\u00e7\u00e3o externa 2024-2025 - Q6 - Question\u00e1rio aos Pais e Encarregados de Educa\u00e7\u00e3o.pdf\" target=\"_blank\">Avalia\u00e7\u00e3o externa 2024-2025 - Q6 - Question\u00e1rio aos Pais e Encarregados de Educa\u00e7\u00e3o<\/a> <span class=\"pdf-size\">(157.2 KB)<\/span><\/li><li><i class=\"fas fa-file-pdf pdf-icon\"><\/i> <a href=\"https:\/\/agbatalha.pt\/portal\/wp-content\/uploads\/pdfs2\/Avalia\u00e7\u00e3o externa 2024-2025 - Q7 - Question\u00e1rio aos formandos de Cursos EFA e Forma\u00e7\u00f5es modulares.pdf\" target=\"_blank\">Avalia\u00e7\u00e3o externa 2024-2025 - Q7 - Question\u00e1rio aos formandos de Cursos EFA e Forma\u00e7\u00f5es modulares<\/a> <span class=\"pdf-size\">(157.8 KB)<\/span><\/li><\/ul><\/div>\n\t\t\t\t\t\t<\/div>\n\t\t\t\t<\/div>\n\t\t\t\t<div class=\"elementor-element elementor-element-a95ffe8 elementor-widget elementor-widget-heading\" data-id=\"a95ffe8\" data-element_type=\"widget\" data-e-type=\"widget\" data-widget_type=\"heading.default\">\n\t\t\t\t<div class=\"elementor-widget-container\">\n\t\t\t\t\t<h2 class=\"elementor-heading-title elementor-size-default\">MONITORIZA\u00c7\u00d5ES E RELAT\u00d3RIOS<\/h2>\t\t\t\t<\/div>\n\t\t\t\t<\/div>\n\t\t\t\t<div class=\"elementor-element elementor-element-f38d9dc elementor-widget elementor-widget-shortcode\" data-id=\"f38d9dc\" data-element_type=\"widget\" data-e-type=\"widget\" data-widget_type=\"shortcode.default\">\n\t\t\t\t<div class=\"elementor-widget-container\">\n\t\t\t\t\t\t\t<div class=\"elementor-shortcode\"><ul class=\"listar-pdfs\"><li><i class=\"fas fa-file-pdf pdf-icon\"><\/i> <a href=\"https:\/\/agbatalha.pt\/portal\/wp-content\/uploads\/pdfs3\/Implementa\u00e7\u00e3o do Contrato de Autonomia e do Plano de Melhoria 2014.pdf\" target=\"_blank\">Implementa\u00e7\u00e3o do Contrato de Autonomia e do Plano de Melhoria 2014<\/a> <span class=\"pdf-size\">(1.09 MB)<\/span><\/li><li><i class=\"fas fa-file-pdf pdf-icon\"><\/i> <a href=\"https:\/\/agbatalha.pt\/portal\/wp-content\/uploads\/pdfs3\/Implementa\u00e7\u00e3o do Contrato de Autonomia e do Plano de Melhoria 2015.pdf\" target=\"_blank\">Implementa\u00e7\u00e3o do Contrato de Autonomia e do Plano de Melhoria 2015<\/a> <span class=\"pdf-size\">(1.1 MB)<\/span><\/li><li><i class=\"fas fa-file-pdf pdf-icon\"><\/i> <a href=\"https:\/\/agbatalha.pt\/portal\/wp-content\/uploads\/pdfs3\/Monitoriza\u00e7\u00e3o do Projeto Educativo 2021-2022.pdf\" target=\"_blank\">Monitoriza\u00e7\u00e3o do Projeto Educativo 2021-2022<\/a> <span class=\"pdf-size\">(734.3 KB)<\/span><\/li><li><i class=\"fas fa-file-pdf pdf-icon\"><\/i> <a href=\"https:\/\/agbatalha.pt\/portal\/wp-content\/uploads\/pdfs3\/Relatorio de Cidadania e Desenvolvimento 2023-2024.pdf\" target=\"_blank\">Relatorio de Cidadania e Desenvolvimento 2023-2024<\/a> <span class=\"pdf-size\">(1.53 MB)<\/span><\/li><li><i class=\"fas fa-file-pdf pdf-icon\"><\/i> <a href=\"https:\/\/agbatalha.pt\/portal\/wp-content\/uploads\/pdfs3\/Relato\u0301rio de avaliac\u0327a\u0303o do Plano de formacao 2023-2024.pdf\" target=\"_blank\">Relato\u0301rio de avaliac\u0327a\u0303o do Plano de formacao 2023-2024<\/a> <span class=\"pdf-size\">(485.2 KB)<\/span><\/li><li><i class=\"fas fa-file-pdf pdf-icon\"><\/i> <a href=\"https:\/\/agbatalha.pt\/portal\/wp-content\/uploads\/pdfs3\/Relato\u0301rio do Plano de A\u00e7\u00e3o Estrat\u00e9gica da Educa\u00e7\u00e3o Inclusiva 2023-2024.pdf\" target=\"_blank\">Relato\u0301rio do Plano de A\u00e7\u00e3o Estrat\u00e9gica da Educa\u00e7\u00e3o Inclusiva 2023-2024<\/a> <span class=\"pdf-size\">(1.11 MB)<\/span><\/li><li><i class=\"fas fa-file-pdf pdf-icon\"><\/i> <a href=\"https:\/\/agbatalha.pt\/portal\/wp-content\/uploads\/pdfs3\/Relat\u00f3rio Estrat\u00e9gia Educa\u00e7\u00e3o e Cidadania 2021-2022.pdf\" target=\"_blank\">Relat\u00f3rio Estrat\u00e9gia Educa\u00e7\u00e3o e Cidadania 2021-2022<\/a> <span class=\"pdf-size\">(509.2 KB)<\/span><\/li><li><i class=\"fas fa-file-pdf pdf-icon\"><\/i> <a href=\"https:\/\/agbatalha.pt\/portal\/wp-content\/uploads\/pdfs3\/Relat\u00f3rio Final do Projeto Educativo 2023.pdf\" target=\"_blank\">Relat\u00f3rio Final do Projeto Educativo 2023<\/a> <span class=\"pdf-size\">(763.2 KB)<\/span><\/li><li><i class=\"fas fa-file-pdf pdf-icon\"><\/i> <a href=\"https:\/\/agbatalha.pt\/portal\/wp-content\/uploads\/pdfs3\/Relat\u00f3rio de Avalia\u00e7\u00e3o Final do Projeto Efducativo 2015.pdf\" target=\"_blank\">Relat\u00f3rio de Avalia\u00e7\u00e3o Final do Projeto Efducativo 2015<\/a> <span class=\"pdf-size\">(1.4 MB)<\/span><\/li><li><i class=\"fas fa-file-pdf pdf-icon\"><\/i> <a href=\"https:\/\/agbatalha.pt\/portal\/wp-content\/uploads\/pdfs3\/Relat\u00f3rio de Avalia\u00e7\u00e3o do Contrato de Autonomia 2020.pdf\" target=\"_blank\">Relat\u00f3rio de Avalia\u00e7\u00e3o do Contrato de Autonomia 2020<\/a> <span class=\"pdf-size\">(677.5 KB)<\/span><\/li><li><i class=\"fas fa-file-pdf pdf-icon\"><\/i> <a href=\"https:\/\/agbatalha.pt\/portal\/wp-content\/uploads\/pdfs3\/Relat\u00f3rio de conta de ger\u00eancia 2024.pdf\" target=\"_blank\">Relat\u00f3rio de conta de ger\u00eancia 2024<\/a> <span class=\"pdf-size\">(639.9 KB)<\/span><\/li><li><i class=\"fas fa-file-pdf pdf-icon\"><\/i> <a href=\"https:\/\/agbatalha.pt\/portal\/wp-content\/uploads\/pdfs3\/Relat\u00f3rio de conta de ger\u00eancia 2025.pdf\" target=\"_blank\">Relat\u00f3rio de conta de ger\u00eancia 2025<\/a> <span class=\"pdf-size\">(649.3 KB)<\/span><\/li><li><i class=\"fas fa-file-pdf pdf-icon\"><\/i> <a href=\"https:\/\/agbatalha.pt\/portal\/wp-content\/uploads\/pdfs3\/Relat\u00f3rio do Plano Anual de Atividades - 2023_2024.pdf\" target=\"_blank\">Relat\u00f3rio do Plano Anual de Atividades - 2023_2024<\/a> <span class=\"pdf-size\">(804.2 KB)<\/span><\/li><\/ul><\/div>\n\t\t\t\t\t\t<\/div>\n\t\t\t\t<\/div>\n\t\t\t\t<div class=\"elementor-element elementor-element-54c095f elementor-widget elementor-widget-shortcode\" data-id=\"54c095f\" data-element_type=\"widget\" data-e-type=\"widget\" data-widget_type=\"shortcode.default\">\n\t\t\t\t<div class=\"elementor-widget-container\">\n\t\t\t\t\t\t\t<div class=\"elementor-shortcode\"><ul class=\"listar-pdfs\"><li><i class=\"fas fa-file-pdf pdf-icon\"><\/i> <a href=\"https:\/\/agbatalha.pt\/portal\/wp-content\/uploads\/pdfs4\/Estatuto do Aluno.pdf\" target=\"_blank\">Estatuto do Aluno<\/a> <span class=\"pdf-size\">(258.3 KB)<\/span><\/li><li><i class=\"fas fa-file-pdf pdf-icon\"><\/i> <a href=\"https:\/\/agbatalha.pt\/portal\/wp-content\/uploads\/pdfs4\/Manual Procedimentos Aux\u00edlios Econ\u00f3micos.pdf\" target=\"_blank\">Manual Procedimentos Aux\u00edlios Econ\u00f3micos<\/a> <span class=\"pdf-size\">(393.1 KB)<\/span><\/li><li><i class=\"fas fa-file-pdf pdf-icon\"><\/i> <a href=\"https:\/\/agbatalha.pt\/portal\/wp-content\/uploads\/pdfs4\/Manual de Procedimentos Bufete.pdf\" target=\"_blank\">Manual de Procedimentos Bufete<\/a> <span class=\"pdf-size\">(330.2 KB)<\/span><\/li><li><i class=\"fas fa-file-pdf pdf-icon\"><\/i> <a href=\"https:\/\/agbatalha.pt\/portal\/wp-content\/uploads\/pdfs4\/Regimento Cursos Profissionais 2025.pdf\" target=\"_blank\">Regimento Cursos Profissionais 2025<\/a> <span class=\"pdf-size\">(544.9 KB)<\/span><\/li><li><i class=\"fas fa-file-pdf pdf-icon\"><\/i> <a href=\"https:\/\/agbatalha.pt\/portal\/wp-content\/uploads\/pdfs4\/Regimento de Utiliza\u00e7\u00e3o de Cacifos.pdf\" target=\"_blank\">Regimento de Utiliza\u00e7\u00e3o de Cacifos<\/a> <span class=\"pdf-size\">(142.5 KB)<\/span><\/li><li><i class=\"fas fa-file-pdf pdf-icon\"><\/i> <a href=\"https:\/\/agbatalha.pt\/portal\/wp-content\/uploads\/pdfs4\/Regulamento do Cart\u00e3o Magn\u00e9tico de Identifica\u00e7\u00e3o.pdf\" target=\"_blank\">Regulamento do Cart\u00e3o Magn\u00e9tico de Identifica\u00e7\u00e3o<\/a> <span class=\"pdf-size\">(309 KB)<\/span><\/li><\/ul><\/div>\n\t\t\t\t\t\t<\/div>\n\t\t\t\t<\/div>\n\t\t<div class=\"elementor-element elementor-element-bdb2081 e-con-full e-flex wpr-particle-no wpr-jarallax-no wpr-parallax-no wpr-sticky-section-no e-con e-child\" data-id=\"bdb2081\" data-element_type=\"container\" data-e-type=\"container\">\n\t\t\t\t<\/div>\n\t\t\t\t\t<\/div>\n\t\t\t\t<\/div>\n\t\t\t\t<\/div>\n\t\t","protected":false},"excerpt":{"rendered":"<p>DOCUMENTOS ORIENTADORES DO AEB MONITORIZA\u00c7\u00d5ES E RELAT\u00d3RIOS<\/p>\n","protected":false},"author":2,"featured_media":0,"parent":0,"menu_order":0,"comment_status":"closed","ping_status":"open","template":"","meta":{"footnotes":""},"class_list":["post-1729","page","type-page","status-publish","hentry"],"_links":{"self":[{"href":"https:\/\/agbatalha.pt\/portal\/wp-json\/wp\/v2\/pages\/1729","targetHints":{"allow":["GET"]}}],"collection":[{"href":"https:\/\/agbatalha.pt\/portal\/wp-json\/wp\/v2\/pages"}],"about":[{"href":"https:\/\/agbatalha.pt\/portal\/wp-json\/wp\/v2\/types\/page"}],"author":[{"embeddable":true,"href":"https:\/\/agbatalha.pt\/portal\/wp-json\/wp\/v2\/users\/2"}],"replies":[{"embeddable":true,"href":"https:\/\/agbatalha.pt\/portal\/wp-json\/wp\/v2\/comments?post=1729"}],"version-history":[{"count":22,"href":"https:\/\/agbatalha.pt\/portal\/wp-json\/wp\/v2\/pages\/1729\/revisions"}],"predecessor-version":[{"id":3137,"href":"https:\/\/agbatalha.pt\/portal\/wp-json\/wp\/v2\/pages\/1729\/revisions\/3137"}],"wp:attachment":[{"href":"https:\/\/agbatalha.pt\/portal\/wp-json\/wp\/v2\/media?parent=1729"}],"curies":[{"name":"wp","href":"https:\/\/api.w.org\/{rel}","templated":true}]}}