{"id":1732,"date":"2024-01-17T09:30:40","date_gmt":"2024-01-17T09:30:40","guid":{"rendered":"https:\/\/agbatalha.pt\/portal\/?page_id=1732"},"modified":"2025-12-30T23:49:17","modified_gmt":"2025-12-30T23:49:17","slug":"eqavet","status":"publish","type":"page","link":"https:\/\/agbatalha.pt\/portal\/eqavet\/","title":{"rendered":"EQAVET"},"content":{"rendered":"\t\t<div data-elementor-type=\"wp-page\" data-elementor-id=\"1732\" class=\"elementor elementor-1732\">\n\t\t\t\t<div class=\"elementor-element elementor-element-4f063f8 e-flex e-con-boxed wpr-particle-no wpr-jarallax-no wpr-parallax-no wpr-sticky-section-no e-con e-parent\" data-id=\"4f063f8\" data-element_type=\"container\" data-e-type=\"container\">\n\t\t\t\t\t<div class=\"e-con-inner\">\n\t\t\t\t<div class=\"elementor-element elementor-element-bf710bb elementor-widget elementor-widget-image\" data-id=\"bf710bb\" data-element_type=\"widget\" data-e-type=\"widget\" data-widget_type=\"image.default\">\n\t\t\t\t<div class=\"elementor-widget-container\">\n\t\t\t\t\t\t\t\t\t\t\t\t\t\t\t<img fetchpriority=\"high\" decoding=\"async\" width=\"960\" height=\"341\" src=\"https:\/\/agbatalha.pt\/portal\/wp-content\/uploads\/2025\/12\/Logotipo-Selo-EQAVET-1024x364.png\" class=\"attachment-large size-large wp-image-2901\" alt=\"\" srcset=\"https:\/\/agbatalha.pt\/portal\/wp-content\/uploads\/2025\/12\/Logotipo-Selo-EQAVET-1024x364.png 1024w, https:\/\/agbatalha.pt\/portal\/wp-content\/uploads\/2025\/12\/Logotipo-Selo-EQAVET-300x107.png 300w, https:\/\/agbatalha.pt\/portal\/wp-content\/uploads\/2025\/12\/Logotipo-Selo-EQAVET-768x273.png 768w, https:\/\/agbatalha.pt\/portal\/wp-content\/uploads\/2025\/12\/Logotipo-Selo-EQAVET-1536x547.png 1536w, https:\/\/agbatalha.pt\/portal\/wp-content\/uploads\/2025\/12\/Logotipo-Selo-EQAVET-2048x729.png 2048w\" sizes=\"(max-width: 960px) 100vw, 960px\" \/>\t\t\t\t\t\t\t\t\t\t\t\t\t\t\t<\/div>\n\t\t\t\t<\/div>\n\t\t\t\t\t<\/div>\n\t\t\t\t<\/div>\n\t\t<div class=\"elementor-element elementor-element-045ca6a e-flex e-con-boxed wpr-particle-no wpr-jarallax-no wpr-parallax-no wpr-sticky-section-no e-con e-parent\" data-id=\"045ca6a\" data-element_type=\"container\" data-e-type=\"container\">\n\t\t\t\t\t<div class=\"e-con-inner\">\n\t\t\t\t<div class=\"elementor-element elementor-element-4f2cfb5 elementor-widget elementor-widget-text-editor\" data-id=\"4f2cfb5\" data-element_type=\"widget\" data-e-type=\"widget\" data-widget_type=\"text-editor.default\">\n\t\t\t\t<div class=\"elementor-widget-container\">\n\t\t\t\t\t\t\t\t\t<span style=\"color: #800000;\"><strong><span style=\"font-size: 18pt;\">| CERTIFICA\u00c7\u00c3O EQAVET<\/span><\/strong><\/span>\n\n<span style=\"color: #000000;\">Atrav\u00e9s da Recomenda\u00e7\u00e3o do Parlamento Europeu e do Conselho de Ministros da Uni\u00e3o Europeia de 18 de junho de 2009 foi concebido o Quadro de Refer\u00eancia Europeu de Garantia da Qualidade para a Educa\u00e7\u00e3o e Forma\u00e7\u00e3o Profissionais (Quadro EQAVET). Este dispositivo coloca ao dispor das autoridades e dos operadores de EFP, ferramentas comuns para a gest\u00e3o da qualidade.<\/span>\n<span style=\"color: #000000;\"> A promo\u00e7\u00e3o da confian\u00e7a na qualidade da forma\u00e7\u00e3o m\u00fatua, da mobilidade de trabalhadores \/ formandos e da aprendizagem ao longo da vida s\u00e3o os pilares do referencial EQAVET.<\/span>\n<span style=\"color: #000000;\"> Um dos objetivos principais \u00e9 garantir a qualidade das escolas com ensino profissional, atrav\u00e9s de determinados crit\u00e9rios e indicadores. Atrav\u00e9s deste, a escola procurar\u00e1 um acordo entre as perspetivas dos alunos, dos encarregados de educa\u00e7\u00e3o e dos empregadores sobre quais as compet\u00eancias que os alunos devem ter no final dos cursos para trabalhar hoje e no futuro.<\/span>\n<span style=\"color: #000000;\"> O processo de alinhamento com o Quadro EQAVET teve in\u00edcio em junho de 2019, tendo a certifica\u00e7\u00e3o sido atribu\u00edda ap\u00f3s uma auditoria que decorreu em de fevereiro de 2021, num processo que envolveu alunos, professores, pessoal n\u00e3o docente, encarregados de educa\u00e7\u00e3o, empresas e parceiros do AEB.<\/span>\n<span style=\"color: #000000;\"> Como resultado deste trabalho cont\u00ednuo, o Agrupamento de Escolas da Batalha recebeu em 2021 o Selo de Garantia da Qualidade EQAVET por um per\u00edodo de 3 anos. Este reconhecimento pelo trabalho de qualidade desenvolvido no nosso Agrupamento foi renovado em 2024, com a atribui\u00e7\u00e3o de um novo Selo de Garantia da Qualidade EQAVET, por um novo per\u00edodo de tr\u00eas anos, refor\u00e7ando o nosso compromisso permanente com a excel\u00eancia. Esta excel\u00eancia est\u00e1 associada \u00e0 qualidade da oferta formativa e, sobretudo, centrada na excel\u00eancia das aprendizagens proporcionadas aos formandos do Ensino Profissional (EP).<\/span>\n\n<strong>\u00a0<\/strong>\n\n&nbsp;\n<div>\u00a0<span style=\"font-size: 12pt;\"><strong><span style=\"color: #800000;\">| Elementos do Conselho Consultivo:<\/span><\/strong><\/span><\/div>\n<div>\n<div>\n<div>\n<div>\n<p dir=\"ltr\"><span id=\"m_2782884196330639100gmail-docs-internal-guid-7730cc6c-7fff-925c-08a7-4d7f49148528\" style=\"color: #000000;\">Respons\u00e1vel da entidade Formadora\u00a0&#8211; Lu\u00eds Novais\n<\/span><\/p>\n<p dir=\"ltr\"><span id=\"m_2782884196330639100gmail-docs-internal-guid-7730cc6c-7fff-925c-08a7-4d7f49148528\" style=\"color: #000000;\"><span id=\"m_2782884196330639100gmail-docs-internal-guid-664beffb-7fff-ca10-f848-c46a6db406c2\">Representante do Munic\u00edpio\u00a0&#8211; Vice-presidente da C\u00e2mara Carlos Agostinho<\/span><\/span><\/p>\n<p dir=\"ltr\"><span id=\"m_2782884196330639100gmail-docs-internal-guid-7730cc6c-7fff-925c-08a7-4d7f49148528\" style=\"color: #000000;\"><span id=\"m_2782884196330639100gmail-docs-internal-guid-664beffb-7fff-ca10-f848-c46a6db406c2\"><span id=\"m_2782884196330639100gmail-docs-internal-guid-9b2bbbe6-7fff-3829-345d-8e0db7315e34\">Representante do IPL\u00a0&#8211; Francisco Silva<\/span><\/span><\/span><\/p>\n<p dir=\"ltr\"><span id=\"m_2782884196330639100gmail-docs-internal-guid-7730cc6c-7fff-925c-08a7-4d7f49148528\" style=\"color: #000000;\"><span id=\"m_2782884196330639100gmail-docs-internal-guid-664beffb-7fff-ca10-f848-c46a6db406c2\"><span id=\"m_2782884196330639100gmail-docs-internal-guid-e31359d3-7fff-7f28-c74a-cb73d00ea0ec\">Representante da NERLEI\u00a0&#8211;\u00a0<\/span>Henrique Carvalho<\/span><\/span><\/p>\n<p dir=\"ltr\"><span style=\"color: #000000;\">Representante do Conselho Geral\u00a0&#8211; Marco Neves<\/span><\/p>\n<p dir=\"ltr\"><span style=\"color: #000000;\">Representante do pessoal docente\u00a0&#8211; S\u00e9rgio Barroso<\/span><\/p>\n<p dir=\"ltr\"><span style=\"color: #000000;\">Representante da Associa\u00e7\u00e3o de Pais\u00a0&#8211; \u00c2ngela Amaro<\/span><\/p>\n<p dir=\"ltr\"><span style=\"color: #000000;\">Representa\u00e7\u00e3o das empresas:<\/span><\/p>\n<p dir=\"ltr\"><span style=\"color: #000000;\">\u00a0\u00a0\u00a0\u00a0\u00a0\u00a0\u00a0\u00a0\u00a0 S\u00e9rgio Lopes &#8211; Erofio<\/span><\/p>\n<p dir=\"ltr\"><span style=\"color: #000000;\">\u00a0\u00a0\u00a0\u00a0\u00a0\u00a0\u00a0\u00a0\u00a0 Silvio Cruz &#8211; Trigenius<\/span><\/p>\n<p dir=\"ltr\"><span style=\"color: #000000;\">\u00a0 \u00a0 \u00a0 \u00a0 \u00a0Tiago Gomes &#8211; Hotel VillaBatalha<\/span><\/p>\n\u00a0 \u00a0 \u00a0 \u00a0<span style=\"color: #000000;\">\u00a0 \u00a0Andr\u00e9 Loureiro &#8211; Oonify\n<span style=\"color: #000000;\">\u00a0\nDanilo Guimar\u00e3es &#8211; Grutas da Moeda\n\n<\/div>\n<\/div>\n<\/div>\n<\/div>\t\t\t\t\t\t\t\t<\/div>\n\t\t\t\t<\/div>\n\t\t\t\t\t<\/div>\n\t\t\t\t<\/div>\n\t\t<div class=\"elementor-element elementor-element-2a07508 e-flex e-con-boxed wpr-particle-no wpr-jarallax-no wpr-parallax-no wpr-sticky-section-no e-con e-parent\" data-id=\"2a07508\" data-element_type=\"container\" data-e-type=\"container\">\n\t\t\t\t\t<div class=\"e-con-inner\">\n\t\t\t\t<div class=\"elementor-element elementor-element-3cdbbed elementor-widget elementor-widget-text-editor\" data-id=\"3cdbbed\" data-element_type=\"widget\" data-e-type=\"widget\" data-widget_type=\"text-editor.default\">\n\t\t\t\t<div class=\"elementor-widget-container\">\n\t\t\t\t\t\t\t\t\t<p>\u00a0<\/p><h3><strong>| Documentos:<\/strong>\u00a0<\/h3><p>AEB Documento Base\u00a0 |\u00a0<strong><a href=\"https:\/\/agbatalha.pt\/aeb\/images\/pdf\/eqavet\/AEB_Documento_Base_-_FINAL.pdf\" target=\"_blank\" rel=\"noopener\">DESCARREGAR<\/a><\/strong><\/p><p>AEB Plano de A\u00e7\u00e3o\u00a0|\u00a0<strong><a href=\"https:\/\/agbatalha.pt\/aeb\/images\/pdf\/eqavet\/AEB%20Plano%20de%20ac%C3%A7%C3%A3o.pdf\" target=\"_blank\" rel=\"noopener\">DESCARREGAR<\/a><\/strong><\/p><p>AEB Relat\u00f3rio do Operador\u00a0|<a href=\"https:\/\/agbatalha.pt\/aeb\/images\/pdf\/eqavet\/V.final_AEB_Relat%C3%B3rio_do_Operador.pdf\" target=\"_blank\" rel=\"noopener\"><strong>DESCARREGAR<\/strong><\/a><a href=\"https:\/\/agbatalha.pt\/aeb\/images\/pdf\/eqavet\/V.final_AEB_Relat%C3%B3rio_do_Operador.pdf\" target=\"_blank\" rel=\"noopener\"><strong>\u00a0<\/strong>\u00a0<\/a><\/p><p>Manual de Procedimentos do Ensino Profissional\u00a0|\u00a0<strong><a href=\"https:\/\/agbatalha.pt\/aeb\/images\/20242025\/Manual_Procedimentos_EP_AEB_2024.pdf\" target=\"_blank\" rel=\"noopener\">DESCARREGAR<\/a><\/strong><\/p><p>Question\u00e1rio de Satisfa\u00e7\u00e3o com a Forma\u00e7\u00e3o &#8211; Professor\u00a0|\u00a0<strong><a href=\"https:\/\/agbatalha.pt\/aeb\/images\/pdf\/eqavet\/inqueritos\/AEB_EQAVET_-_Questionrio_de_Satisfao_com_a_Formao_-_Professor.pdf\" target=\"_blank\" rel=\"noopener\">DESCARREGAR<\/a><\/strong><\/p><p>Question\u00e1rio a ex-alunos do AEB\u00a0|\u00a0<strong><a href=\"https:\/\/agbatalha.pt\/aeb\/images\/pdf\/eqavet\/inqueritos\/Questionario_a_ex-alunos_do_EP_do_AEB_-EQAVET.pdf\" target=\"_blank\" rel=\"noopener\">DESCARREGAR<\/a><\/strong><\/p><p>Question\u00e1rio de Satisfa\u00e7\u00e3o com a Forma\u00e7\u00e3o &#8211; Aluno\u00a0|\u00a0<strong><a href=\"https:\/\/agbatalha.pt\/aeb\/images\/pdf\/eqavet\/inqueritos\/Questionrio_de_Satisfao_com_a_Formao_-_Aluno.pdf\" target=\"_blank\" rel=\"noopener\">DESCARREGAR<\/a><\/strong><\/p><p>Question\u00e1rio de Satisfa\u00e7\u00e3o com a Forma\u00e7\u00e3o &#8211; EE\u00a0|\u00a0<strong><a href=\"https:\/\/agbatalha.pt\/aeb\/images\/pdf\/eqavet\/inqueritos\/Questionrio_de_Satisfao_com_a_Formao_-_EE.pdf\" target=\"_blank\" rel=\"noopener\">DESCARREGAR<\/a><\/strong><\/p><p>Question\u00e1rio de Satisfa\u00e7\u00e3o com a Forma\u00e7\u00e3o em Contexto de Trabalho (FCT)- Aluno\u00a0|\u00a0<strong><a href=\"https:\/\/agbatalha.pt\/aeb\/images\/pdf\/eqavet\/inqueritos\/Questionrio_de_Satisfao_com_a_Formao_em_Contexto_de_Trabalho_FCT-_Aluno.pdf\" target=\"_blank\" rel=\"noopener\">DESCARREGAR<\/a><\/strong><\/p><p>Question\u00e1rio de Satisfa\u00e7\u00e3o com a Forma\u00e7\u00e3o em Contexto de Trabalho (FCT)- Entidade\u00a0|\u00a0<strong><a href=\"https:\/\/agbatalha.pt\/aeb\/images\/pdf\/eqavet\/inqueritos\/Questionrio_de_Satisfao_com_a_Formao_em_Contexto_de_Trabalho_FCT-_Entidade.pdf\" target=\"_blank\" rel=\"noopener\">DESCARREGAR<\/a><\/strong><\/p><p>Question\u00e1rio de Satisfa\u00e7\u00e3o dos Empregadores face aos diplomados empregados\u00a0|\u00a0<strong><a href=\"https:\/\/agbatalha.pt\/aeb\/images\/pdf\/eqavet\/inqueritos\/Questionrio_de_Satisfao_dos_Empregadores_face_aos_diplomados_empregados.pdf\" target=\"_blank\" rel=\"noopener\">DESCARREGAR<\/a><\/strong><\/p><p>Question\u00e1rio aos alunos do 9\u00ba ano sobre a Oferta Formativa\u00a0|\u00a0<strong><a href=\"https:\/\/agbatalha.pt\/aeb\/images\/pdf\/eqavet\/inqueritos\/alunos_oferta_formativa_9_ano.pdf\" target=\"_blank\" rel=\"noopener\">DESCARREGAR<\/a><\/strong>\u00a0<\/p><p>\u00a0<\/p><h3><strong>| Relat\u00f3rios internos<\/strong><\/h3><p><strong>2024-2025:\u00a0<\/strong><\/p><div>Relat\u00f3rio de Resultados Ensino Profissional 1\u00ba Semestre 2024-2025 <strong><a href=\"https:\/\/agbatalha.pt\/portal\/wp-content\/uploads\/novos_eqavet\/Relat%C3%B3rio%20de%20Resultados%20Ensino%20Profissional%201%C2%BA%20Semestre%202024-2025.pdf\" target=\"_blank\" rel=\"noopener\">DESCARREGAR<\/a><\/strong>\u00a0<\/div><div>\u00a0<\/div><div>Relat\u00f3rio de Resultados Ensino Profissional 2\u00ba Semestre 2024-2025 <strong><a href=\"https:\/\/agbatalha.pt\/portal\/wp-content\/uploads\/novos_eqavet\/Relat%C3%B3rio%20de%20Resultados%20Ensino%20Profissional%202%C2%BA%20Semestre%202024-2025.pdf\" target=\"_blank\" rel=\"noopener\">DESCARREGAR<\/a><\/strong>\u00a0<\/div><div>\u00a0<\/div><p>Relat\u00f3rio dos Resultados \u00a0Stakeholders Internos e Externos\u00a0 <strong><a href=\"https:\/\/agbatalha.pt\/portal\/wp-content\/uploads\/novos_eqavet\/Relat%C3%B3rio%20dos%20Resultados%20%20Stakeholders%20Internos%20e%20Externos%2024-25.pdf\" target=\"_blank\" rel=\"noopener\">DESCARREGAR<\/a><\/strong><\/p><div>Relat\u00f3rio Progresso Anual n.\u00ba 4 AE Batalha <strong><a href=\"https:\/\/agbatalha.pt\/portal\/wp-content\/uploads\/novos_eqavet\/Relat%C3%B3rio%20Progresso%20Anual%20n.%C2%BA%204%20AEBatalha.pdf\" target=\"_blank\" rel=\"noopener\">DESCARREGAR<\/a><\/strong><\/div><div>\u00a0<\/div><div><p>Monitoriza\u00e7\u00e3o das Propostas de Melhoria das Aprendizagens do Ensino<strong>\u00a0<a href=\"https:\/\/agbatalha.pt\/portal\/wp-content\/uploads\/novos_eqavet\/Monitoriza%C3%A7%C3%A3o%20das%20Propostas%20de%20Melhoria%20das%20Aprendizagens%20do%20Ensino%20Profissional%202024-2025.pdf\" target=\"_blank\" rel=\"noopener\">DESCARREGAR<\/a><\/strong><\/p><\/div><p>Proposta de Melhoria das Aprendizagens no \u00c2mbito do Ensino Profissional\u00a0|<strong>\u00a0<a href=\"https:\/\/agbatalha.pt\/aeb\/images\/20242025\/docs_novos\/Propostas_de_Melhoria_das_Aprendizagens_Ensino_Profissio_EQAVET_2024_2025_compressed.pdf\" target=\"_blank\" rel=\"noopener\">DESCARREGAR<\/a><\/strong><\/p><p>\u00a0<\/p><p><strong>2023-2024:\u00a0<\/strong><\/p><p>Relat\u00f3rio dos Resultados &#8211; Stakeholders Internos e Externos\u00a0|\u00a0<strong><a href=\"https:\/\/agbatalha.pt\/aeb\/images\/20242025\/docs_novos\/Relatorio%20Resultados%20-%20STAKEHOLDERS%20EXTERNOS%20e%20INTERNOS%202023-2024.pdf\" target=\"_blank\" rel=\"noopener\">DESCARREGAR<\/a><\/strong><\/p><p>Propostas de Melhoria das Aprendizagens no \u00c2mbito do Ensino Profissional\u00a0<strong>|\u00a0<a href=\"https:\/\/agbatalha.pt\/aeb\/images\/eqavet\/07_Propostas_de_Melhoria_das_Aprendizagens_no_mbito_do_EP_2023_2024.pdf\" target=\"_blank\" rel=\"noopener\">DESCARREGAR<\/a><\/strong><\/p><p>Relat\u00f3rio de Progresso Anual N.\u00ba 3 Ano em avalia\u00e7\u00e3o \u2013 In\u00edcio 03\/2023 |Fim 03\/2024\u00a0<strong>|\u00a0<a href=\"https:\/\/agbatalha.pt\/aeb\/images\/eqavet\/Relatorio_Progresso_Anual_3-mar_2023_mar_2024.pdf\" target=\"_blank\" rel=\"noopener\">DESCARREGAR<\/a><\/strong><\/p><p>Relat\u00f3rio de Resultados Ensino Profissional 1\u00ba Semestre 2023-2024\u00a0<strong>|\u00a0<a href=\"https:\/\/agbatalha.pt\/aeb\/images\/20232024\/novosdocs\/Relatrio_de_Resultados_Ensino_Profissional_1_Semestre_2023_2024.pdf\" target=\"_blank\" rel=\"noopener\">DESCARREGAR<\/a><\/strong><\/p><p>Monitoriza\u00e7\u00e3o das Propostas de Melhoria das Aprendizagens do Ensino Profissional 2023-2024\u00a0|\u00a0<a href=\"https:\/\/agbatalha.pt\/aeb\/images\/20242025\/eqavet\/Monitorizacao_das_Propostas_de_Melhoria_das_Aprendizagens_do_EP_2023-2024.pdf\" target=\"_blank\" rel=\"noopener\"><strong>DESCARREGAR<\/strong><\/a><\/p><p>Relat\u00f3rio de Resultados Ensino Profissional 2\u00ba Semestre 2023-2024\u00a0<strong>|\u00a0<a href=\"https:\/\/agbatalha.pt\/aeb\/images\/20242025\/eqavet\/Relatorio_de_Resultados_Ensino_Profissional_2_Semestre_2023-24.pdf\" target=\"_blank\" rel=\"noopener\">DESCARREGAR<\/a><\/strong><\/p><p>\u00a0<\/p><p><strong>2022-2023:\u00a0<\/strong><\/p><p>Relat\u00f3rio de Progresso Anual N.\u00ba 2 Ano em avalia\u00e7\u00e3o \u2013 In\u00edcio 03\/2022 |Fim 03\/2023\u00a0<strong>|\u00a0<a href=\"https:\/\/agbatalha.pt\/aeb\/images\/eqavet\/Relatorio_Progresso_Anual_2_mar_2022_mar_2023.pdf\" target=\"_blank\" rel=\"noopener\">DESCARREGAR<\/a><\/strong><\/p><p>Propostas de Melhoria das Aprendizagens no \u00c2mbito do Ensino Profissional<strong>|\u00a0<a href=\"https:\/\/agbatalha.pt\/aeb\/images\/eqavet\/05_Propostas_de_Melhoria_das_Aprendizagens_no_mbito_do_EP_2022_2023.pdf\" target=\"_blank\" rel=\"noopener\">DESCARREGAR<\/a><\/strong><\/p><p>Relat\u00f3rio de Resultados Ensino Profissional 1\u00ba Semestre 2022-2023\u00a0<strong>|\u00a0<a href=\"https:\/\/agbatalha.pt\/aeb\/images\/pdf\/eqavet\/2023\/relatorio_resultados_1_semestre_2022_2023.pdf\" target=\"_blank\" rel=\"noopener\">DESCARREGAR<\/a><\/strong><\/p><p>Relat\u00f3rio de Resultados Ensino Profissional 2\u00ba Semestre 2022-2023\u00a0<strong>|\u00a0<a href=\"https:\/\/agbatalha.pt\/aeb\/images\/20232024\/docs\/Relatrio_de_Resultados__Ensino_Profissional_2_Semestre_2022-2023.pdf\" target=\"_blank\" rel=\"noopener\">DESCARREGAR<\/a><\/strong><\/p><p>Relat\u00f3rio de Resultados dos\u00a0Stakeholders Ensino Profissional 2022-2023\u00a0<strong>|\u00a0<a href=\"https:\/\/agbatalha.pt\/aeb\/images\/20222023\/relatorio_resultados_stakeholders_22_23.pdf\" target=\"_blank\" rel=\"noopener\">DESCARREGAR<\/a><\/strong><\/p><p>Monitoriza\u00e7\u00e3o das Propostas de Melhoria das Aprendizagens no \u00c2mbito do Ensino Profissional\u00a0<strong>|\u00a0<a href=\"https:\/\/agbatalha.pt\/aeb\/images\/eqavet\/06_Monitorizao_das_Propostas_de_Melhoria_das_Aprendizagens_do_EP_2022_2023.pdf\" target=\"_blank\" rel=\"noopener\">DESCARREGAR<\/a><\/strong><\/p><p>\u00a0<\/p><p><strong>2021-2022:\u00a0<\/strong><\/p><p>Relat\u00f3rio de Progresso Anual N.\u00ba 1 Ano em avalia\u00e7\u00e3o \u2013 In\u00edcio 03\/2021 |Fim 03\/2022\u00a0<strong>|\u00a0<a href=\"https:\/\/agbatalha.pt\/aeb\/images\/eqavet\/Relatorio_Progresso_Anual_1_mar_2021_mar_2022.pdf\" target=\"_blank\" rel=\"noopener\">DESCARREGAR<\/a><\/strong><\/p><p>Propostas de Melhoria das Aprendizagens no \u00c2mbito do Ensino Profissional<strong>|\u00a0<a href=\"https:\/\/agbatalha.pt\/aeb\/images\/eqavet\/03_Propostas_de_Melhoria_das_Aprendizagens_no_mbito_do_EP_2021_2022.pdf\" target=\"_blank\" rel=\"noopener\">DESCARREGAR<\/a><\/strong><\/p><p>Relat\u00f3rio de Resultados |\u00a0RELAT\u00d3RIO DE PROGRESSO ANUAL n\u00ba1 |\u00a0<strong><a href=\"https:\/\/agbatalha.pt\/aeb\/images\/pdf\/eqavet\/20212022\/R.P.A.%202021_2022_AEBatalha_versao_final.pdf\" target=\"_blank\" rel=\"noopener\">DESCARREGAR<br \/><\/a><\/strong><\/p><p>Relat\u00f3rio de Resultados | STAKEHOLDERS INTERNOS E EXTERNOS |\u00a0<strong><a href=\"https:\/\/agbatalha.pt\/aeb\/images\/pdf\/eqavet\/20212022\/relatorio_resultados%20_STAKEHOLDERS_AEB_21_22_vfinal.pdf\" target=\"_blank\" rel=\"noopener\">DESCARREGAR<\/a><\/strong><\/p><p>Relat\u00f3rio de Resultados | Ensino Profissional 1\u00ba Semestre |\u00a0<strong><a href=\"https:\/\/agbatalha.pt\/aeb\/images\/pdf\/eqavet\/20212022\/Relatorio_resultados%20_1S_21_22.pdf\" target=\"_blank\" rel=\"noopener\">DESCARREGAR<\/a><\/strong><\/p><p>Relat\u00f3rio de Resultados | Ensino Profissional 2\u00ba Semestre |\u00a0<strong><a href=\"https:\/\/agbatalha.pt\/aeb\/images\/pdf\/eqavet\/20212022\/relatorio_resultados%20_2S_2021_2022.pdf\" target=\"_blank\" rel=\"noopener\">DESCARREGAR<\/a><\/strong><\/p><p>Monitoriza\u00e7\u00e3o das Propostas de Melhoria das Aprendizagens no \u00c2mbito do Ensino Profissional\u00a0<strong>|\u00a0<a href=\"https:\/\/agbatalha.pt\/aeb\/images\/eqavet\/04_Monitorizao_das_Propostas_de_Melhoria_das_Aprendizagens_do_EP_2021_2022.pdf\" target=\"_blank\" rel=\"noopener\">DESCARREGAR<\/a><\/strong><\/p><p>\u00a0<\/p><p><strong>2020-2021:<\/strong><\/p><p>Propostas de Melhoria das Aprendizagens no \u00c2mbito do Ensino Profissional<strong>|\u00a0<a href=\"https:\/\/agbatalha.pt\/aeb\/images\/eqavet\/01_Propostas_de_Melhoria_das_Aprendizagens_no_mbito_do_EP_2020_2021.pdf\" target=\"_blank\" rel=\"noopener\">DESCARREGAR<\/a><\/strong><\/p><p>Relat\u00f3rio de Resultados | Ensino Profissional, final do 1\u00ba Per\u00edodo 2020\/2021\u00a0\u00a0|\u00a0<a href=\"https:\/\/agbatalha.pt\/aeb\/images\/pdf\/eqavet\/20212022\/relatorio_resultados__P1.pdf\" target=\"_blank\" rel=\"noopener\"><strong>DESCARREGAR\u00a0<\/strong><\/a><\/p><p>Relat\u00f3rio de Resultados | Ensino Profissional, final do 2\u00ba Per\u00edodo 2020\/2021\u00a0\u00a0|<strong>\u00a0<a href=\"https:\/\/agbatalha.pt\/aeb\/images\/pdf\/eqavet\/20212022\/relatorio_resultados__P2.pdf\" target=\"_blank\" rel=\"noopener\">DESCARREGAR\u00a0<\/a><\/strong><\/p><p>Relat\u00f3rio de Resultados | Ensino Profissional, final do 3\u00ba Per\u00edodo 2020\/2021\u00a0\u00a0|<strong>\u00a0<a href=\"https:\/\/agbatalha.pt\/aeb\/images\/pdf\/eqavet\/20212022\/relatorio_resultados__P3.pdf\" target=\"_blank\" rel=\"noopener\">DESCARREGAR\u00a0<\/a><\/strong><\/p><p>Relat\u00f3rio de Satisfa\u00e7\u00e3o | Ensino Profissional | STAKEHOLDERS INTERNOS E EXTERNOS 2020\/2021\u00a0\u00a0|\u00a0<strong><a href=\"https:\/\/agbatalha.pt\/aeb\/images\/pdf\/eqavet\/20212022\/relatorio_satisfacao_stakeholders.pdf\" target=\"_blank\" rel=\"noopener\">DESCARREGAR\u00a0<\/a><\/strong><\/p><p>Monitoriza\u00e7\u00e3o das Propostas de Melhoria das Aprendizagens no \u00c2mbito do Ensino Profissional\u00a0<strong>|\u00a0<a href=\"https:\/\/agbatalha.pt\/aeb\/images\/eqavet\/02_Monitorizao_das_Propostas_de_Melhoria_das_Aprendizagens_do_EP_2020_2021.pdf\" target=\"_blank\" rel=\"noopener\">DESCARREGAR<\/a><\/strong>\u00a0<\/p><p><strong>| Sess\u00f5es de apresenta\u00e7\u00e3o e sensibiliza\u00e7\u00e3o EQAVET<\/strong><\/p><p>&#8211; Reuni\u00e3o com os docentes do Ensino Profissional &#8211; outubro de 2024 |\u00a0<strong><a href=\"https:\/\/agbatalha.pt\/aeb\/images\/20242025\/docs_novos\/Reuni%C3%A3o%20com%20Docentes%20do%20Ensino%20profissional%20outubro%202024.pdf\" target=\"_blank\" rel=\"noopener\">DESCARREGAR<\/a><\/strong><\/p><p>&#8211; Reuni\u00e3o com os docentes do Ensino Profissional &#8211; setembro de 2023 |\u00a0<strong><a href=\"https:\/\/agbatalha.pt\/aeb\/images\/20242025\/docs_novos\/Reuni%C3%A3o%20com%20Docentes%20do%20Ensino%20profissional%20setembro%202023.pdf\" target=\"_blank\" rel=\"noopener\">DESCARREGAR<\/a><\/strong><\/p><p>&#8211; \u00a0Apresenta\u00e7\u00e3o Certifica\u00e7\u00e3o da Qualidade no Ensino Profissional do AEB, 26 de mar\u00e7o de 2024 |\u00a0<strong>D<a href=\"https:\/\/agbatalha.pt\/aeb\/images\/20242025\/docs_novos\/Apresenta%C3%A7%C3%A3o%20Certifica%C3%A7%C3%A3o%20da%20Qualidade%20no%20Ensino%20Profissional%20do%20AEB%20-%20mar%C3%A7o%20de%202024.pdf\">ESCARREGAR<\/a><\/strong><\/p><p>&#8211; \u00a0Reuni\u00e3o Focus Group AEB &#8211; \u00a08 de Janeiro de 2025 e 22 de janeiro de 2025 |\u00a0<strong><a href=\"https:\/\/agbatalha.pt\/aeb\/images\/20242025\/docs_novos\/ACD%20AEBatalha-%20Focus%20Group%20EP%20EQAVET.pdf\" target=\"_blank\" rel=\"noopener\">DESCARREGAR<\/a><\/strong><\/p><p>&#8211;\u00a0Apresenta\u00e7\u00e3o Certifica\u00e7\u00e3o da Qualidade\u00a0no Ensino Profissional do AEB, 2 de fevereiro de 2021\u00a0|\u00a0<strong><a href=\"https:\/\/agbatalha.pt\/aeb\/images\/pdf\/eqavet\/Apresentacao_EQAVET_AEBatalha.pdf\" target=\"_blank\" rel=\"noopener\">DESCARREGAR<\/a><\/strong><\/p><p>&#8211; Reuni\u00e3o com os docentes do Ensino Profissional\u00a0 &#8211; 5 de novembro de 2020\u00a0|\u00a0<strong><a href=\"https:\/\/agbatalha.pt\/aeb\/images\/pdf\/eqavet\/EQAVET_Apresenta_AEB_PD.pdf\" target=\"_blank\" rel=\"noopener\">DESCARREGAR<\/a><\/strong><\/p><p>&#8211; Reuni\u00e3o Focus Group AEB &#8211;\u00a0 29 de Janeiro de 2020: Cartaz\u00a0|\u00a0<strong><a href=\"https:\/\/agbatalha.pt\/aeb\/images\/pdf\/eqavet\/Cartaz_EQAVET%20c%C3%B3pia.jpg\" target=\"_blank\" rel=\"noopener\">DESCARREGAR<\/a>\u00a0<\/strong>e Apresenta\u00e7\u00e3o\u00a0|\u00a0<strong><a href=\"https:\/\/agbatalha.pt\/aeb\/images\/pdf\/eqavet\/2020%20EQAVET-Apresenta%C3%A7%C3%A3o_Batalha_29-01-2020_Focus_Group.pdf\" target=\"_blank\" rel=\"noopener\">DESCARREGAR<\/a><\/strong><\/p><p>&#8211; XXXI Semin\u00e1rio ESCXEL &#8211; Inova\u00e7\u00e3o e Desenvolvimento no Ensino Profissional &#8211; 14 fevereiro 2020:\u00a0Cartaz\u00a0|\u00a0<strong><a href=\"https:\/\/agbatalha.pt\/aeb\/images\/pdf\/eqavet\/XXXI_Semin%C3%A1rio_cartaz_2.png\" target=\"_blank\" rel=\"noopener\">DESCARREGAR<\/a>\u00a0<\/strong>e Programa\u00a0|\u00a0<strong><a href=\"https:\/\/agbatalha.pt\/aeb\/images\/pdf\/eqavet\/Programa_escxel_v2.1_14_02_2020.pdf\" target=\"_blank\" rel=\"noopener\">DESCARREGAR<\/a><\/strong><\/p><p>&#8211; Reuni\u00e3o com os EE &#8211; 3 de Dezembro de 2020\u00a0|\u00a0<strong><a href=\"https:\/\/agbatalha.pt\/aeb\/images\/pdf\/eqavet\/EQAVET_Apresenta_AEB_EE.pdf\" target=\"_blank\" rel=\"noopener\">DESCARREGAR<\/a><\/strong><\/p><p>&#8211; Reuni\u00e3o com os Assistentes Operacionais &#8211; 22 de Dezembro 2020\u00a0|\u00a0<strong><a href=\"https:\/\/agbatalha.pt\/aeb\/images\/pdf\/eqavet\/EQAVET_PND.pdf\" target=\"_blank\" rel=\"noopener\">DESCARREGAR<\/a><\/strong><\/p><div>\u00a0<\/div><div><h3><strong>| Informa\u00e7\u00f5es sobre as nossas ofertas formativas:<\/strong><\/h3><p>&#8211; Consulte o portal\u00a0<strong><a href=\"https:\/\/agbatalha.pt\/eusoupro\/\" target=\"_blank\" rel=\"noopener\">Eu Sou Pro<\/a><\/strong>:\u00a0T\u00e9cnico de Comunica\u00e7\u00e3o e Servi\u00e7o Digital<strong>\u00a0(<a href=\"https:\/\/agbatalha.pt\/eusoupro\/cursos.php?eusoupro=2\" target=\"_blank\" rel=\"noopener\">VER INFO<\/a>),\u00a0\u00a0<\/strong>T\u00e9cnico de Turismo\u00a0(<strong><a href=\"https:\/\/agbatalha.pt\/eusoupro\/cursos.php?eusoupro=1\" target=\"_blank\" rel=\"noopener\">VER INFO<\/a>)<\/strong>\u00a0e\u00a0T\u00e9cnico de Gest\u00e3o e Programa\u00e7\u00e3o de Sistemas Inform\u00e1ticos<strong>\u00a0(<a href=\"https:\/\/agbatalha.pt\/eusoupro\/cursos.php?eusoupro=2\" target=\"_blank\" rel=\"noopener\">VER INFO<\/a>)<\/strong><\/p><p>&#8211; Consulte o folheto de divulga\u00e7\u00e3o da nossa Oferta Formativa\u00a0\u00a0|\u00a0<strong><a href=\"https:\/\/agbatalha.pt\/aeb\/images\/20242025\/docs_novos\/diptico_frente_compressed.pdf\" target=\"_blank\" rel=\"noopener\">DESCARREGAR\u00a0FRENTE<\/a>\u00a0|\u00a0<a href=\"https:\/\/agbatalha.pt\/aeb\/images\/20242025\/docs_novos\/diptico_interior_compressed.pdf\" target=\"_blank\" rel=\"noopener\">DESCARREGAR INTERIOR\u00a0<\/a><\/strong><\/p><p>&#8211; Estudo SANQ do IPL\u00a0 + Resumo da oferta formativa RL\u00a0|\u00a0<strong><a href=\"https:\/\/agbatalha.pt\/aeb\/images\/pdf\/eqavet\/relat%C3%B3rio_SANQ%20RL.pdf\" target=\"_blank\" rel=\"noopener\">DESCARREGAR<\/a><\/strong><\/p><p>\u00a0<\/p><h3><strong>| Informa\u00e7\u00f5es sobre o quadro EQAVET:<\/strong>\u00a0<\/h3><p>&#8211; Blocos de Constru\u00e7\u00e3o do modelo EQAVET\u00a0\u00a0|\u00a0<strong><a href=\"https:\/\/agbatalha.pt\/aeb\/images\/pdf\/eqavet\/Building-Blocks-brochure-Portuguese.pdf\" target=\"_blank\" rel=\"noopener\">DESCARREGAR<\/a><\/strong><\/p><p>&#8211; Plataforma ANQEP para o EQAVET\u00a0|\u00a0<strong><a href=\"http:\/\/www.qualidade.anqep.gov.pt\/\" target=\"_blank\" rel=\"noopener\">CONSULTAR SITE<\/a><\/strong><\/p><p>&#8211;\u00a0Guia para o Processo de Alinhamento com o Quadro EQAVET\u00a0|\u00a0<strong><a href=\"https:\/\/agbatalha.pt\/aeb\/images\/pdf\/eqavet\/Guia_Alinhamento_QuadroEQAVET.pdf\" target=\"_blank\" rel=\"noopener\">DESCARREGAR<\/a><\/strong><\/p><p>&#8211;\u00a0Guia para o Processo de Verifica\u00e7\u00e3o de Conformidade com o Quadro EQAVET\u00a0|\u00a0<strong><a href=\"https:\/\/agbatalha.pt\/aeb\/images\/pdf\/eqavet\/Guia_Verificacao_EQAVET.pdf\" target=\"_blank\" rel=\"noopener\">DESCARREGAR<\/a><\/strong><\/p><\/div>\t\t\t\t\t\t\t\t<\/div>\n\t\t\t\t<\/div>\n\t\t\t\t\t<\/div>\n\t\t\t\t<\/div>\n\t\t<div class=\"elementor-element elementor-element-a26ca5e e-flex e-con-boxed wpr-particle-no wpr-jarallax-no wpr-parallax-no wpr-sticky-section-no e-con e-parent\" data-id=\"a26ca5e\" data-element_type=\"container\" data-e-type=\"container\">\n\t\t\t\t\t<div class=\"e-con-inner\">\n\t\t\t\t<div class=\"elementor-element elementor-element-32c14f1 elementor-widget elementor-widget-video\" data-id=\"32c14f1\" data-element_type=\"widget\" data-e-type=\"widget\" data-settings=\"{&quot;youtube_url&quot;:&quot;https:\\\/\\\/www.youtube.com\\\/embed\\\/7A2OaR3fejg?&quot;,&quot;video_type&quot;:&quot;youtube&quot;,&quot;controls&quot;:&quot;yes&quot;}\" data-widget_type=\"video.default\">\n\t\t\t\t<div class=\"elementor-widget-container\">\n\t\t\t\t\t\t\t<div class=\"elementor-wrapper elementor-open-inline\">\n\t\t\t<div class=\"elementor-video\"><\/div>\t\t<\/div>\n\t\t\t\t\t\t<\/div>\n\t\t\t\t<\/div>\n\t\t\t\t\t<\/div>\n\t\t\t\t<\/div>\n\t\t\t\t<\/div>\n\t\t","protected":false},"excerpt":{"rendered":"<p>| CERTIFICA\u00c7\u00c3O EQAVET Atrav\u00e9s da Recomenda\u00e7\u00e3o do Parlamento Europeu e do Conselho de Ministros da Uni\u00e3o Europeia de 18 de junho de 2009 foi concebido o Quadro de Refer\u00eancia Europeu de Garantia da Qualidade para a Educa\u00e7\u00e3o e Forma\u00e7\u00e3o Profissionais (Quadro EQAVET). Este dispositivo coloca ao dispor das autoridades e dos operadores de EFP, ferramentas comuns para a gest\u00e3o da qualidade. A promo\u00e7\u00e3o da confian\u00e7a na qualidade da forma\u00e7\u00e3o m\u00fatua, da mobilidade de trabalhadores \/ formandos e da aprendizagem ao longo da vida s\u00e3o os pilares do referencial EQAVET. Um dos objetivos principais \u00e9 garantir a qualidade das escolas com ensino profissional, atrav\u00e9s de determinados crit\u00e9rios e indicadores. Atrav\u00e9s deste, a escola procurar\u00e1 um acordo entre as perspetivas dos alunos, dos encarregados de educa\u00e7\u00e3o e dos empregadores sobre quais as compet\u00eancias que os alunos devem ter no final dos cursos para trabalhar hoje e no futuro. O processo de alinhamento com o Quadro EQAVET teve in\u00edcio em junho de 2019, tendo a certifica\u00e7\u00e3o sido atribu\u00edda ap\u00f3s uma auditoria que decorreu em de fevereiro de 2021, num processo que envolveu alunos, professores, pessoal n\u00e3o docente, encarregados de educa\u00e7\u00e3o, empresas e parceiros do AEB. Como resultado deste trabalho cont\u00ednuo, o Agrupamento de Escolas da Batalha recebeu em 2021 o Selo de Garantia da Qualidade EQAVET por um per\u00edodo de 3 anos. Este reconhecimento pelo trabalho de qualidade desenvolvido no nosso Agrupamento foi renovado em 2024, com a atribui\u00e7\u00e3o de um novo Selo de Garantia da Qualidade EQAVET, por um novo per\u00edodo de tr\u00eas anos, refor\u00e7ando o nosso compromisso permanente com a excel\u00eancia. Esta excel\u00eancia est\u00e1 associada \u00e0 qualidade da oferta formativa e, sobretudo, centrada na excel\u00eancia das aprendizagens proporcionadas aos formandos do Ensino Profissional (EP). \u00a0 &nbsp; \u00a0| Elementos do Conselho Consultivo: Respons\u00e1vel da entidade Formadora\u00a0&#8211; Lu\u00eds Novais Representante do Munic\u00edpio\u00a0&#8211; Vice-presidente da C\u00e2mara Carlos Agostinho Representante do IPL\u00a0&#8211; Francisco Silva Representante da NERLEI\u00a0&#8211;\u00a0Henrique Carvalho Representante do Conselho Geral\u00a0&#8211; Marco Neves Representante do pessoal docente\u00a0&#8211; S\u00e9rgio Barroso Representante da Associa\u00e7\u00e3o de Pais\u00a0&#8211; \u00c2ngela Amaro Representa\u00e7\u00e3o das empresas: \u00a0\u00a0\u00a0\u00a0\u00a0\u00a0\u00a0\u00a0\u00a0 S\u00e9rgio Lopes &#8211; Erofio \u00a0\u00a0\u00a0\u00a0\u00a0\u00a0\u00a0\u00a0\u00a0 Silvio Cruz &#8211; Trigenius \u00a0 \u00a0 \u00a0 \u00a0 \u00a0Tiago Gomes &#8211; Hotel VillaBatalha \u00a0 \u00a0 \u00a0 \u00a0\u00a0 \u00a0Andr\u00e9 Loureiro &#8211; Oonify \u00a0 Danilo Guimar\u00e3es &#8211; Grutas da Moeda \u00a0 | Documentos:\u00a0 AEB Documento Base\u00a0 |\u00a0DESCARREGAR AEB Plano de A\u00e7\u00e3o\u00a0|\u00a0DESCARREGAR AEB Relat\u00f3rio do Operador\u00a0|DESCARREGAR\u00a0\u00a0 Manual de Procedimentos do Ensino Profissional\u00a0|\u00a0DESCARREGAR Question\u00e1rio de Satisfa\u00e7\u00e3o com a Forma\u00e7\u00e3o &#8211; Professor\u00a0|\u00a0DESCARREGAR Question\u00e1rio a ex-alunos do AEB\u00a0|\u00a0DESCARREGAR Question\u00e1rio de Satisfa\u00e7\u00e3o com a Forma\u00e7\u00e3o &#8211; Aluno\u00a0|\u00a0DESCARREGAR Question\u00e1rio de Satisfa\u00e7\u00e3o com a Forma\u00e7\u00e3o &#8211; EE\u00a0|\u00a0DESCARREGAR Question\u00e1rio de Satisfa\u00e7\u00e3o com a Forma\u00e7\u00e3o em Contexto de Trabalho (FCT)- Aluno\u00a0|\u00a0DESCARREGAR Question\u00e1rio de Satisfa\u00e7\u00e3o com a Forma\u00e7\u00e3o em Contexto de Trabalho (FCT)- Entidade\u00a0|\u00a0DESCARREGAR Question\u00e1rio de Satisfa\u00e7\u00e3o dos Empregadores face aos diplomados empregados\u00a0|\u00a0DESCARREGAR Question\u00e1rio aos alunos do 9\u00ba ano sobre a Oferta Formativa\u00a0|\u00a0DESCARREGAR\u00a0 \u00a0 | Relat\u00f3rios internos 2024-2025:\u00a0 Relat\u00f3rio de Resultados Ensino Profissional 1\u00ba Semestre 2024-2025 DESCARREGAR\u00a0\u00a0Relat\u00f3rio de Resultados Ensino Profissional 2\u00ba Semestre 2024-2025 DESCARREGAR\u00a0\u00a0 Relat\u00f3rio dos Resultados \u00a0Stakeholders Internos e Externos\u00a0 DESCARREGAR Relat\u00f3rio Progresso Anual n.\u00ba 4 AE Batalha DESCARREGAR\u00a0 Monitoriza\u00e7\u00e3o das Propostas de Melhoria das Aprendizagens do Ensino\u00a0DESCARREGAR Proposta de Melhoria das Aprendizagens no \u00c2mbito do Ensino Profissional\u00a0|\u00a0DESCARREGAR \u00a0 2023-2024:\u00a0 Relat\u00f3rio dos Resultados &#8211; Stakeholders Internos e Externos\u00a0|\u00a0DESCARREGAR Propostas de Melhoria das Aprendizagens no \u00c2mbito do Ensino Profissional\u00a0|\u00a0DESCARREGAR Relat\u00f3rio de Progresso Anual N.\u00ba 3 Ano em avalia\u00e7\u00e3o \u2013 In\u00edcio 03\/2023 |Fim 03\/2024\u00a0|\u00a0DESCARREGAR Relat\u00f3rio de Resultados Ensino Profissional 1\u00ba Semestre 2023-2024\u00a0|\u00a0DESCARREGAR Monitoriza\u00e7\u00e3o das Propostas de Melhoria das Aprendizagens do Ensino Profissional 2023-2024\u00a0|\u00a0DESCARREGAR Relat\u00f3rio de Resultados Ensino Profissional 2\u00ba Semestre 2023-2024\u00a0|\u00a0DESCARREGAR \u00a0 2022-2023:\u00a0 Relat\u00f3rio de Progresso Anual N.\u00ba 2 Ano em avalia\u00e7\u00e3o \u2013 In\u00edcio 03\/2022 |Fim 03\/2023\u00a0|\u00a0DESCARREGAR Propostas de Melhoria das Aprendizagens no \u00c2mbito do Ensino Profissional|\u00a0DESCARREGAR Relat\u00f3rio de Resultados Ensino Profissional 1\u00ba Semestre 2022-2023\u00a0|\u00a0DESCARREGAR Relat\u00f3rio de Resultados Ensino Profissional 2\u00ba Semestre 2022-2023\u00a0|\u00a0DESCARREGAR Relat\u00f3rio de Resultados dos\u00a0Stakeholders Ensino Profissional 2022-2023\u00a0|\u00a0DESCARREGAR Monitoriza\u00e7\u00e3o das Propostas de Melhoria das Aprendizagens no \u00c2mbito do Ensino Profissional\u00a0|\u00a0DESCARREGAR \u00a0 2021-2022:\u00a0 Relat\u00f3rio de Progresso Anual N.\u00ba 1 Ano em avalia\u00e7\u00e3o \u2013 In\u00edcio 03\/2021 |Fim 03\/2022\u00a0|\u00a0DESCARREGAR Propostas de Melhoria das Aprendizagens no \u00c2mbito do Ensino Profissional|\u00a0DESCARREGAR Relat\u00f3rio de Resultados |\u00a0RELAT\u00d3RIO DE PROGRESSO ANUAL n\u00ba1 |\u00a0DESCARREGAR Relat\u00f3rio de Resultados | STAKEHOLDERS INTERNOS E EXTERNOS |\u00a0DESCARREGAR Relat\u00f3rio de Resultados | Ensino Profissional 1\u00ba Semestre |\u00a0DESCARREGAR Relat\u00f3rio de Resultados | Ensino Profissional 2\u00ba Semestre |\u00a0DESCARREGAR Monitoriza\u00e7\u00e3o das Propostas de Melhoria das Aprendizagens no \u00c2mbito do Ensino Profissional\u00a0|\u00a0DESCARREGAR \u00a0 2020-2021: Propostas de Melhoria das Aprendizagens no \u00c2mbito do Ensino Profissional|\u00a0DESCARREGAR Relat\u00f3rio de Resultados | Ensino Profissional, final do 1\u00ba Per\u00edodo 2020\/2021\u00a0\u00a0|\u00a0DESCARREGAR\u00a0 Relat\u00f3rio de Resultados | Ensino Profissional, final do 2\u00ba Per\u00edodo 2020\/2021\u00a0\u00a0|\u00a0DESCARREGAR\u00a0 Relat\u00f3rio de Resultados | Ensino Profissional, final do 3\u00ba Per\u00edodo 2020\/2021\u00a0\u00a0|\u00a0DESCARREGAR\u00a0 Relat\u00f3rio de Satisfa\u00e7\u00e3o | Ensino Profissional | STAKEHOLDERS INTERNOS E EXTERNOS 2020\/2021\u00a0\u00a0|\u00a0DESCARREGAR\u00a0 Monitoriza\u00e7\u00e3o das Propostas de Melhoria das Aprendizagens no \u00c2mbito do Ensino Profissional\u00a0|\u00a0DESCARREGAR\u00a0 | Sess\u00f5es de apresenta\u00e7\u00e3o e sensibiliza\u00e7\u00e3o EQAVET &#8211; Reuni\u00e3o com os docentes do Ensino Profissional &#8211; outubro de 2024 |\u00a0DESCARREGAR &#8211; Reuni\u00e3o com os docentes do Ensino Profissional &#8211; setembro de 2023 |\u00a0DESCARREGAR &#8211; \u00a0Apresenta\u00e7\u00e3o Certifica\u00e7\u00e3o da Qualidade no Ensino Profissional do AEB, 26 de mar\u00e7o de 2024 |\u00a0DESCARREGAR &#8211; \u00a0Reuni\u00e3o Focus Group AEB &#8211; \u00a08 de Janeiro de 2025 e 22 de janeiro de 2025 |\u00a0DESCARREGAR &#8211;\u00a0Apresenta\u00e7\u00e3o Certifica\u00e7\u00e3o da Qualidade\u00a0no Ensino Profissional do AEB, 2 de fevereiro de 2021\u00a0|\u00a0DESCARREGAR &#8211; Reuni\u00e3o com os docentes do Ensino Profissional\u00a0 &#8211; 5 de novembro de 2020\u00a0|\u00a0DESCARREGAR &#8211; Reuni\u00e3o Focus Group AEB &#8211;\u00a0 29 de Janeiro de 2020: Cartaz\u00a0|\u00a0DESCARREGAR\u00a0e Apresenta\u00e7\u00e3o\u00a0|\u00a0DESCARREGAR &#8211; XXXI Semin\u00e1rio ESCXEL &#8211; Inova\u00e7\u00e3o e Desenvolvimento no Ensino Profissional &#8211; 14 fevereiro 2020:\u00a0Cartaz\u00a0|\u00a0DESCARREGAR\u00a0e Programa\u00a0|\u00a0DESCARREGAR &#8211; Reuni\u00e3o com os EE &#8211; 3 de Dezembro de 2020\u00a0|\u00a0DESCARREGAR &#8211; Reuni\u00e3o com os Assistentes Operacionais &#8211; 22 de Dezembro 2020\u00a0|\u00a0DESCARREGAR \u00a0 | Informa\u00e7\u00f5es sobre as nossas ofertas formativas: &#8211; Consulte o portal\u00a0Eu Sou Pro:\u00a0T\u00e9cnico de Comunica\u00e7\u00e3o e Servi\u00e7o Digital\u00a0(VER INFO),\u00a0\u00a0T\u00e9cnico de Turismo\u00a0(VER INFO)\u00a0e\u00a0T\u00e9cnico de Gest\u00e3o e Programa\u00e7\u00e3o de Sistemas Inform\u00e1ticos\u00a0(VER INFO) &#8211; Consulte o folheto de divulga\u00e7\u00e3o da nossa Oferta Formativa\u00a0\u00a0|\u00a0DESCARREGAR\u00a0FRENTE\u00a0|\u00a0DESCARREGAR INTERIOR\u00a0 &#8211; Estudo SANQ do IPL\u00a0 + Resumo da oferta formativa RL\u00a0|\u00a0DESCARREGAR \u00a0 | Informa\u00e7\u00f5es sobre o quadro EQAVET:\u00a0 &#8211; Blocos de Constru\u00e7\u00e3o do modelo EQAVET\u00a0\u00a0|\u00a0DESCARREGAR &#8211; Plataforma ANQEP<\/p>\n","protected":false},"author":2,"featured_media":0,"parent":0,"menu_order":0,"comment_status":"closed","ping_status":"open","template":"","meta":{"footnotes":""},"class_list":["post-1732","page","type-page","status-publish","hentry"],"_links":{"self":[{"href":"https:\/\/agbatalha.pt\/portal\/wp-json\/wp\/v2\/pages\/1732","targetHints":{"allow":["GET"]}}],"collection":[{"href":"https:\/\/agbatalha.pt\/portal\/wp-json\/wp\/v2\/pages"}],"about":[{"href":"https:\/\/agbatalha.pt\/portal\/wp-json\/wp\/v2\/types\/page"}],"author":[{"embeddable":true,"href":"https:\/\/agbatalha.pt\/portal\/wp-json\/wp\/v2\/users\/2"}],"replies":[{"embeddable":true,"href":"https:\/\/agbatalha.pt\/portal\/wp-json\/wp\/v2\/comments?post=1732"}],"version-history":[{"count":22,"href":"https:\/\/agbatalha.pt\/portal\/wp-json\/wp\/v2\/pages\/1732\/revisions"}],"predecessor-version":[{"id":2986,"href":"https:\/\/agbatalha.pt\/portal\/wp-json\/wp\/v2\/pages\/1732\/revisions\/2986"}],"wp:attachment":[{"href":"https:\/\/agbatalha.pt\/portal\/wp-json\/wp\/v2\/media?parent=1732"}],"curies":[{"name":"wp","href":"https:\/\/api.w.org\/{rel}","templated":true}]}}