{"id":1780,"date":"2024-01-17T09:53:03","date_gmt":"2024-01-17T09:53:03","guid":{"rendered":"https:\/\/agbatalha.pt\/portal\/?page_id=1780"},"modified":"2025-08-27T10:00:34","modified_gmt":"2025-08-27T10:00:34","slug":"pre-escolar","status":"publish","type":"page","link":"https:\/\/agbatalha.pt\/portal\/pre-escolar\/","title":{"rendered":"Pr\u00e9 escolar"},"content":{"rendered":"\t\t<div data-elementor-type=\"wp-page\" data-elementor-id=\"1780\" class=\"elementor elementor-1780\">\n\t\t\t\t\t\t<section class=\"elementor-section elementor-top-section elementor-element elementor-element-d8dcdb0 elementor-section-boxed elementor-section-height-default elementor-section-height-default wpr-particle-no wpr-jarallax-no wpr-parallax-no wpr-sticky-section-no\" data-id=\"d8dcdb0\" data-element_type=\"section\" data-e-type=\"section\" data-settings=\"{&quot;background_background&quot;:&quot;classic&quot;}\">\n\t\t\t\t\t\t\t<div class=\"elementor-background-overlay\"><\/div>\n\t\t\t\t\t\t\t<div class=\"elementor-container elementor-column-gap-default\">\n\t\t\t\t\t<div class=\"elementor-column elementor-col-100 elementor-top-column elementor-element elementor-element-fa8b00f\" data-id=\"fa8b00f\" data-element_type=\"column\" data-e-type=\"column\">\n\t\t\t<div class=\"elementor-widget-wrap elementor-element-populated\">\n\t\t\t\t\t\t<div class=\"elementor-element elementor-element-59d106f elementor-widget elementor-widget-heading\" data-id=\"59d106f\" data-element_type=\"widget\" data-e-type=\"widget\" data-widget_type=\"heading.default\">\n\t\t\t\t<div class=\"elementor-widget-container\">\n\t\t\t\t\t<h2 class=\"elementor-heading-title elementor-size-default\">Pr\u00e9-escolar<\/h2>\t\t\t\t<\/div>\n\t\t\t\t<\/div>\n\t\t\t\t\t<\/div>\n\t\t<\/div>\n\t\t\t\t\t<\/div>\n\t\t<\/section>\n\t\t<div class=\"elementor-element elementor-element-c67179d e-flex e-con-boxed wpr-particle-no wpr-jarallax-no wpr-parallax-no wpr-sticky-section-no e-con e-parent\" data-id=\"c67179d\" data-element_type=\"container\" data-e-type=\"container\">\n\t\t\t\t\t<div class=\"e-con-inner\">\n\t\t\t\t<div class=\"elementor-element elementor-element-3abe7fc elementor-widget elementor-widget-text-editor\" data-id=\"3abe7fc\" data-element_type=\"widget\" data-e-type=\"widget\" data-widget_type=\"text-editor.default\">\n\t\t\t\t<div class=\"elementor-widget-container\">\n\t\t\t\t\t\t\t\t\t<p>\u00a0<\/p><p>\u00a0<\/p>\t\t\t\t\t\t\t\t<\/div>\n\t\t\t\t<\/div>\n\t\t\t\t<div class=\"elementor-element elementor-element-f23d767 elementor-widget elementor-widget-heading\" data-id=\"f23d767\" data-element_type=\"widget\" data-e-type=\"widget\" data-widget_type=\"heading.default\">\n\t\t\t\t<div class=\"elementor-widget-container\">\n\t\t\t\t\t<h2 class=\"elementor-heading-title elementor-size-default\">\n<br>\nA educa\u00e7\u00e3o pr\u00e9-escolar \u00e9 a primeira etapa da educa\u00e7\u00e3o b\u00e1sica no processo de educa\u00e7\u00e3o ao longo da vida, sendo complementar da a\u00e7\u00e3o educativa da fam\u00edlia, com a qual deve estabelecer estreita coopera\u00e7\u00e3o, favorecendo a forma\u00e7\u00e3o e o desenvolvimento equilibrado da crian\u00e7a, tendo em vista a sua plena inser\u00e7\u00e3o na sociedade como ser aut\u00f3nomo, livre e solid\u00e1rio. (https:\/\/www.dge.mec.pt\/educacao-de-infancia)<\/h2>\t\t\t\t<\/div>\n\t\t\t\t<\/div>\n\t\t\t\t<div class=\"elementor-element elementor-element-769626c elementor-widget elementor-widget-text-editor\" data-id=\"769626c\" data-element_type=\"widget\" data-e-type=\"widget\" data-widget_type=\"text-editor.default\">\n\t\t\t\t<div class=\"elementor-widget-container\">\n\t\t\t\t\t\t\t\t\t<p><strong>|\u00a0ESCOLAS DO AGRUPAMENTO COM PR\u00c9-ESCOLAR\u00a0|<\/strong><\/p><p><strong>| Escola B\u00e1sica da Batalha &#8211; Centro Escolar da Batalha (Pr\u00e9-Escolar e 1\u00ba CEB)<\/strong><br \/>Rua da Cerca Conventual, 301<br \/>Batalha<\/p><p><strong>| Escola B\u00e1sica de S\u00e3o Mamede &#8211; Centro Escolar de S\u00e3o Mamede (Pr\u00e9-Escolar e 1\u00ba CEB)<\/strong><br \/>Travessa do Centro Escolar, 62 \u2013 S\u00e3o Mamede<br \/>Batalha<\/p><p><strong>| Escola B\u00e1sica da Faniqueira (Pr\u00e9-Escolar e 1\u00ba CEB)<\/strong><br \/>Rua das Escolas, n\u00ba4 \u2013 Faniqueira<br \/>Batalha<\/p><p><strong>| Escola B\u00e1sica de Casais dos Ledos (Pr\u00e9-Escolar e 1\u00ba CEB)<\/strong><br \/>Rua Principal &#8211; Casais dos Ledos<br \/>Batalha<\/p><p><strong>| Escola B\u00e1sica da Rebolaria (Pr\u00e9-Escolar e 1\u00ba CEB)<\/strong><br \/>Rua da Escola, n.\u00ba 2 \u2013 Rebolaria<br \/>Batalha<\/p><p><strong>| Escola B\u00e1sica da Quinta do Sobrado (Pr\u00e9-Escolar e 1\u00ba CEB)<\/strong><br \/>Travessa da Escola, n.\u00ba 9 &#8211; Quinta Sobrado<br \/>Batalha<\/p><p><strong>| Jardim de Inf\u00e2ncia da Torre (Pr\u00e9-escolar)<\/strong><br \/>Estrada de S\u00e3o Jo\u00e3o \u2013 Torre<br \/>Batalha<\/p><p><strong>| Jardim de Inf\u00e2ncia da Golpilheira (Pr\u00e9-escolar)<\/strong><br \/>Rua Padre Dr. Joaquim Coelho Pereira \u2013 Golpilheira<br \/>Batalha<\/p>\t\t\t\t\t\t\t\t<\/div>\n\t\t\t\t<\/div>\n\t\t\t\t\t<\/div>\n\t\t\t\t<\/div>\n\t\t<div class=\"elementor-element elementor-element-4d926bc e-flex e-con-boxed wpr-particle-no wpr-jarallax-no wpr-parallax-no wpr-sticky-section-no e-con e-parent\" data-id=\"4d926bc\" data-element_type=\"container\" data-e-type=\"container\">\n\t\t\t\t\t<div class=\"e-con-inner\">\n\t\t\t\t<div class=\"elementor-element elementor-element-635b7f5 elementor-widget elementor-widget-text-editor\" data-id=\"635b7f5\" data-element_type=\"widget\" data-e-type=\"widget\" data-widget_type=\"text-editor.default\">\n\t\t\t\t<div class=\"elementor-widget-container\">\n\t\t\t\t\t\t\t\t\t<p>\u00a0<\/p><p>\u00a0<\/p><p>\u00a0<\/p><p>\u00a0<\/p>\t\t\t\t\t\t\t\t<\/div>\n\t\t\t\t<\/div>\n\t\t\t\t\t<\/div>\n\t\t\t\t<\/div>\n\t\t\t\t<\/div>\n\t\t","protected":false},"excerpt":{"rendered":"<p>Pr\u00e9-escolar \u00a0 \u00a0 A educa\u00e7\u00e3o pr\u00e9-escolar \u00e9 a primeira etapa da educa\u00e7\u00e3o b\u00e1sica no processo de educa\u00e7\u00e3o ao longo da vida, sendo complementar da a\u00e7\u00e3o educativa da fam\u00edlia, com a qual deve estabelecer estreita coopera\u00e7\u00e3o, favorecendo a forma\u00e7\u00e3o e o desenvolvimento equilibrado da crian\u00e7a, tendo em vista a sua plena inser\u00e7\u00e3o na sociedade como ser aut\u00f3nomo, livre e solid\u00e1rio. (https:\/\/www.dge.mec.pt\/educacao-de-infancia) |\u00a0ESCOLAS DO AGRUPAMENTO COM PR\u00c9-ESCOLAR\u00a0| | Escola B\u00e1sica da Batalha &#8211; Centro Escolar da Batalha (Pr\u00e9-Escolar e 1\u00ba CEB)Rua da Cerca Conventual, 301Batalha | Escola B\u00e1sica de S\u00e3o Mamede &#8211; Centro Escolar de S\u00e3o Mamede (Pr\u00e9-Escolar e 1\u00ba CEB)Travessa do Centro Escolar, 62 \u2013 S\u00e3o MamedeBatalha | Escola B\u00e1sica da Faniqueira (Pr\u00e9-Escolar e 1\u00ba CEB)Rua das Escolas, n\u00ba4 \u2013 FaniqueiraBatalha | Escola B\u00e1sica de Casais dos Ledos (Pr\u00e9-Escolar e 1\u00ba CEB)Rua Principal &#8211; Casais dos LedosBatalha | Escola B\u00e1sica da Rebolaria (Pr\u00e9-Escolar e 1\u00ba CEB)Rua da Escola, n.\u00ba 2 \u2013 RebolariaBatalha | Escola B\u00e1sica da Quinta do Sobrado (Pr\u00e9-Escolar e 1\u00ba CEB)Travessa da Escola, n.\u00ba 9 &#8211; Quinta SobradoBatalha | Jardim de Inf\u00e2ncia da Torre (Pr\u00e9-escolar)Estrada de S\u00e3o Jo\u00e3o \u2013 TorreBatalha | Jardim de Inf\u00e2ncia da Golpilheira (Pr\u00e9-escolar)Rua Padre Dr. Joaquim Coelho Pereira \u2013 GolpilheiraBatalha \u00a0 \u00a0 \u00a0 \u00a0<\/p>\n","protected":false},"author":2,"featured_media":0,"parent":0,"menu_order":0,"comment_status":"closed","ping_status":"open","template":"elementor_canvas","meta":{"footnotes":""},"class_list":["post-1780","page","type-page","status-publish","hentry"],"_links":{"self":[{"href":"https:\/\/agbatalha.pt\/portal\/wp-json\/wp\/v2\/pages\/1780","targetHints":{"allow":["GET"]}}],"collection":[{"href":"https:\/\/agbatalha.pt\/portal\/wp-json\/wp\/v2\/pages"}],"about":[{"href":"https:\/\/agbatalha.pt\/portal\/wp-json\/wp\/v2\/types\/page"}],"author":[{"embeddable":true,"href":"https:\/\/agbatalha.pt\/portal\/wp-json\/wp\/v2\/users\/2"}],"replies":[{"embeddable":true,"href":"https:\/\/agbatalha.pt\/portal\/wp-json\/wp\/v2\/comments?post=1780"}],"version-history":[{"count":22,"href":"https:\/\/agbatalha.pt\/portal\/wp-json\/wp\/v2\/pages\/1780\/revisions"}],"predecessor-version":[{"id":2236,"href":"https:\/\/agbatalha.pt\/portal\/wp-json\/wp\/v2\/pages\/1780\/revisions\/2236"}],"wp:attachment":[{"href":"https:\/\/agbatalha.pt\/portal\/wp-json\/wp\/v2\/media?parent=1780"}],"curies":[{"name":"wp","href":"https:\/\/api.w.org\/{rel}","templated":true}]}}