{"id":2266,"date":"2025-08-27T14:19:46","date_gmt":"2025-08-27T14:19:46","guid":{"rendered":"https:\/\/agbatalha.pt\/portal\/?page_id=2266"},"modified":"2025-08-27T14:38:29","modified_gmt":"2025-08-27T14:38:29","slug":"manuais-escolares","status":"publish","type":"page","link":"https:\/\/agbatalha.pt\/portal\/manuais-escolares\/","title":{"rendered":"Manuais Escolares"},"content":{"rendered":"\t\t<div data-elementor-type=\"wp-page\" data-elementor-id=\"2266\" class=\"elementor elementor-2266\">\n\t\t\t\t<div class=\"elementor-element elementor-element-ff4169e e-con-full e-flex wpr-particle-no wpr-jarallax-no wpr-parallax-no wpr-sticky-section-no e-con e-parent\" data-id=\"ff4169e\" data-element_type=\"container\" data-e-type=\"container\">\n\t\t\t\t<div class=\"elementor-element elementor-element-f0a7e42 elementor-widget elementor-widget-image\" data-id=\"f0a7e42\" data-element_type=\"widget\" data-e-type=\"widget\" data-widget_type=\"image.default\">\n\t\t\t\t<div class=\"elementor-widget-container\">\n\t\t\t\t\t\t\t\t\t\t\t\t\t\t\t<img fetchpriority=\"high\" decoding=\"async\" width=\"960\" height=\"363\" src=\"https:\/\/agbatalha.pt\/portal\/wp-content\/uploads\/2025\/08\/CALENDRIO_ESCOLAR_2025-2026-1024x387.png\" class=\"attachment-large size-large wp-image-2261\" alt=\"\" srcset=\"https:\/\/agbatalha.pt\/portal\/wp-content\/uploads\/2025\/08\/CALENDRIO_ESCOLAR_2025-2026-1024x387.png 1024w, https:\/\/agbatalha.pt\/portal\/wp-content\/uploads\/2025\/08\/CALENDRIO_ESCOLAR_2025-2026-300x113.png 300w, https:\/\/agbatalha.pt\/portal\/wp-content\/uploads\/2025\/08\/CALENDRIO_ESCOLAR_2025-2026-768x290.png 768w, https:\/\/agbatalha.pt\/portal\/wp-content\/uploads\/2025\/08\/CALENDRIO_ESCOLAR_2025-2026-1536x581.png 1536w, https:\/\/agbatalha.pt\/portal\/wp-content\/uploads\/2025\/08\/CALENDRIO_ESCOLAR_2025-2026.png 1709w\" sizes=\"(max-width: 960px) 100vw, 960px\" \/>\t\t\t\t\t\t\t\t\t\t\t\t\t\t\t<\/div>\n\t\t\t\t<\/div>\n\t\t\t\t<\/div>\n\t\t<div class=\"elementor-element elementor-element-be16b31 e-flex e-con-boxed wpr-particle-no wpr-jarallax-no wpr-parallax-no wpr-sticky-section-no e-con e-parent\" data-id=\"be16b31\" data-element_type=\"container\" data-e-type=\"container\">\n\t\t\t\t\t<div class=\"e-con-inner\">\n\t\t\t\t<div class=\"elementor-element elementor-element-8d976db elementor-widget elementor-widget-text-editor\" data-id=\"8d976db\" data-element_type=\"widget\" data-e-type=\"widget\" data-widget_type=\"text-editor.default\">\n\t\t\t\t<div class=\"elementor-widget-container\">\n\t\t\t\t\t\t\t\t\t<p><strong>|\u00a0LISTA DE MANUAIS POR ESCOLA\u00a0| ANO LETIVO 2025\/2026 |<\/strong><\/p><p>|\u00a0<a href=\"https:\/\/agbatalha.pt\/portal\/wp-content\/uploads\/2025\/manuais\/Manuais_25-26_Escola_Bsica_e_Secundria_da_Batalhapdf.pdf\" target=\"_blank\" rel=\"noopener\">Escola B\u00e1sica e Secund\u00e1ria da Batalha (1\u00ba, 2\u00ba, 3\u00ba CEB e Secund\u00e1rio)<\/a><\/p><p>|\u00a0<a href=\"https:\/\/agbatalha.pt\/portal\/wp-content\/uploads\/2025\/manuais\/Manuais_25-26_Ensino_Profissional.pdf\" target=\"_blank\" rel=\"noopener\">Ensino Profissional<\/a><\/p><p>|\u00a0<a href=\"https:\/\/agbatalha.pt\/portal\/wp-content\/uploads\/2025\/manuais\/Manuais_25-26_Escola_Bsica_de_Golpilheira.pdf\" target=\"_blank\" rel=\"noopener\">Escola B\u00e1sica da Golpilheira (1\u00ba CEB)<\/a><\/p><p>|\u00a0<a href=\"https:\/\/agbatalha.pt\/portal\/wp-content\/uploads\/2025\/manuais\/Manuais_25-26_Escola_Bsica_da_Batalha.pdf\" target=\"_blank\" rel=\"noopener\">Escola B\u00e1sica da Batalha (Centro Escolar da Batalha)<\/a><\/p><p>|\u00a0<a href=\"https:\/\/agbatalha.pt\/portal\/wp-content\/uploads\/2025\/manuais\/Manuais_25-26_Escola_Bsica_de_So_Mamede.pdf\" target=\"_blank\" rel=\"noopener\">Escola B\u00e1sica de S\u00e3o Mamede &#8211; Centro Escolar de S\u00e3o Mamede (Pr\u00e9-Escolar e 1\u00ba CEB)<\/a><\/p><p>|<a href=\"https:\/\/agbatalha.pt\/portal\/wp-content\/uploads\/2025\/manuais\/Manuais_25-26_Escola_Bsica_de_Reguengo_do_Fetal.pdf\" target=\"_blank\" rel=\"noopener\">\u00a0Escola B\u00e1sica do Reguengo do Fetal \u2013 Centro Escolar (1\u00ba CEB)<\/a><\/p><p>|\u00a0<a href=\"https:\/\/agbatalha.pt\/portal\/wp-content\/uploads\/2025\/manuais\/Manuais_25-26_Escola_Bsica_de_Faniqueira.pdf?_t=1756304251\" target=\"_blank\" rel=\"noopener\">Escola B\u00e1sica da Faniqueira (Pr\u00e9-Escolar e 1\u00ba CEB)<\/a><\/p><p><a href=\"https:\/\/agbatalha.pt\/portal\/wp-content\/uploads\/2025\/manuais\/Manuais_25-26_Escola_Bsica_de_Casais_dos_Ledos.pdf?_t=1756304251\">| Escola B\u00e1sica de Casais dos Ledos (Pr\u00e9-Escolar e 1\u00ba CEB)<\/a><\/p><p>|\u00a0<a href=\"https:\/\/agbatalha.pt\/portal\/wp-content\/uploads\/2025\/manuais\/Manuais_25-26_Escola_Bsica_de_Rebolaria.pdf?_t=1756304251\">Escola B\u00e1sica da Rebolaria (Pr\u00e9-Escolar e 1\u00ba CEB)\u00a0\u00a0<\/a><\/p><p>|\u00a0<a href=\"https:\/\/agbatalha.pt\/portal\/wp-content\/uploads\/2025\/manuais\/Manuais_25-26_Escola_Bsica_de_Quinta_do_Sobrado.pdf?_t=1756304251\" target=\"_blank\" rel=\"noopener\">Escola B\u00e1sica da Quinta do Sobrado (Pr\u00e9-Escolar e 1\u00ba CEB)<\/a><\/p><p>|\u00a0<a href=\"https:\/\/agbatalha.pt\/portal\/wp-content\/uploads\/2025\/manuais\/Manuais_25-26_Escola_Bsica_de_Brancas.pdf?_t=1756304251\">Escola B\u00e1sica de Brancas (1\u00ba CEB)\u00a0<\/a><\/p>\t\t\t\t\t\t\t\t<\/div>\n\t\t\t\t<\/div>\n\t\t\t\t\t<\/div>\n\t\t\t\t<\/div>\n\t\t\t\t<\/div>\n\t\t","protected":false},"excerpt":{"rendered":"<p>|\u00a0LISTA DE MANUAIS POR ESCOLA\u00a0| ANO LETIVO 2025\/2026 | |\u00a0Escola B\u00e1sica e Secund\u00e1ria da Batalha (1\u00ba, 2\u00ba, 3\u00ba CEB e Secund\u00e1rio) |\u00a0Ensino Profissional |\u00a0Escola B\u00e1sica da Golpilheira (1\u00ba CEB) |\u00a0Escola B\u00e1sica da Batalha (Centro Escolar da Batalha) |\u00a0Escola B\u00e1sica de S\u00e3o Mamede &#8211; Centro Escolar de S\u00e3o Mamede (Pr\u00e9-Escolar e 1\u00ba CEB) |\u00a0Escola B\u00e1sica do Reguengo do Fetal \u2013 Centro Escolar (1\u00ba CEB) |\u00a0Escola B\u00e1sica da Faniqueira (Pr\u00e9-Escolar e 1\u00ba CEB) | Escola B\u00e1sica de Casais dos Ledos (Pr\u00e9-Escolar e 1\u00ba CEB) |\u00a0Escola B\u00e1sica da Rebolaria (Pr\u00e9-Escolar e 1\u00ba CEB)\u00a0\u00a0 |\u00a0Escola B\u00e1sica da Quinta do Sobrado (Pr\u00e9-Escolar e 1\u00ba CEB) |\u00a0Escola B\u00e1sica de Brancas (1\u00ba CEB)\u00a0<\/p>\n","protected":false},"author":2,"featured_media":0,"parent":0,"menu_order":0,"comment_status":"closed","ping_status":"closed","template":"","meta":{"footnotes":""},"class_list":["post-2266","page","type-page","status-publish","hentry"],"_links":{"self":[{"href":"https:\/\/agbatalha.pt\/portal\/wp-json\/wp\/v2\/pages\/2266","targetHints":{"allow":["GET"]}}],"collection":[{"href":"https:\/\/agbatalha.pt\/portal\/wp-json\/wp\/v2\/pages"}],"about":[{"href":"https:\/\/agbatalha.pt\/portal\/wp-json\/wp\/v2\/types\/page"}],"author":[{"embeddable":true,"href":"https:\/\/agbatalha.pt\/portal\/wp-json\/wp\/v2\/users\/2"}],"replies":[{"embeddable":true,"href":"https:\/\/agbatalha.pt\/portal\/wp-json\/wp\/v2\/comments?post=2266"}],"version-history":[{"count":11,"href":"https:\/\/agbatalha.pt\/portal\/wp-json\/wp\/v2\/pages\/2266\/revisions"}],"predecessor-version":[{"id":2446,"href":"https:\/\/agbatalha.pt\/portal\/wp-json\/wp\/v2\/pages\/2266\/revisions\/2446"}],"wp:attachment":[{"href":"https:\/\/agbatalha.pt\/portal\/wp-json\/wp\/v2\/media?parent=2266"}],"curies":[{"name":"wp","href":"https:\/\/api.w.org\/{rel}","templated":true}]}}