{"id":2934,"date":"2025-12-30T23:04:03","date_gmt":"2025-12-30T23:04:03","guid":{"rendered":"https:\/\/agbatalha.pt\/portal\/?page_id=2934"},"modified":"2025-12-30T23:04:58","modified_gmt":"2025-12-30T23:04:58","slug":"clube-europeu","status":"publish","type":"page","link":"https:\/\/agbatalha.pt\/portal\/clube-europeu\/","title":{"rendered":"Clube Europeu"},"content":{"rendered":"\t\t<div data-elementor-type=\"wp-page\" data-elementor-id=\"2934\" class=\"elementor elementor-2934\">\n\t\t\t\t<div class=\"elementor-element elementor-element-9eb3310 e-flex e-con-boxed wpr-particle-no wpr-jarallax-no wpr-parallax-no wpr-sticky-section-no e-con e-parent\" data-id=\"9eb3310\" data-element_type=\"container\" data-e-type=\"container\">\n\t\t\t\t\t<div class=\"e-con-inner\">\n\t\t\t\t<div class=\"elementor-element elementor-element-3bdd864 elementor-widget elementor-widget-image\" data-id=\"3bdd864\" data-element_type=\"widget\" data-e-type=\"widget\" data-widget_type=\"image.default\">\n\t\t\t\t<div class=\"elementor-widget-container\">\n\t\t\t\t\t\t\t\t\t\t\t\t\t\t\t<img fetchpriority=\"high\" decoding=\"async\" width=\"500\" height=\"500\" src=\"https:\/\/agbatalha.pt\/portal\/wp-content\/uploads\/2025\/12\/logo_Clube_Europeu_1_.png\" class=\"attachment-large size-large wp-image-2936\" alt=\"\" srcset=\"https:\/\/agbatalha.pt\/portal\/wp-content\/uploads\/2025\/12\/logo_Clube_Europeu_1_.png 500w, https:\/\/agbatalha.pt\/portal\/wp-content\/uploads\/2025\/12\/logo_Clube_Europeu_1_-300x300.png 300w, https:\/\/agbatalha.pt\/portal\/wp-content\/uploads\/2025\/12\/logo_Clube_Europeu_1_-150x150.png 150w\" sizes=\"(max-width: 500px) 100vw, 500px\" \/>\t\t\t\t\t\t\t\t\t\t\t\t\t\t\t<\/div>\n\t\t\t\t<\/div>\n\t\t\t\t\t<\/div>\n\t\t\t\t<\/div>\n\t\t<div class=\"elementor-element elementor-element-045ca6a e-flex e-con-boxed wpr-particle-no wpr-jarallax-no wpr-parallax-no wpr-sticky-section-no e-con e-parent\" data-id=\"045ca6a\" data-element_type=\"container\" data-e-type=\"container\">\n\t\t\t\t\t<div class=\"e-con-inner\">\n\t\t\t\t<div class=\"elementor-element elementor-element-4f2cfb5 elementor-widget elementor-widget-text-editor\" data-id=\"4f2cfb5\" data-element_type=\"widget\" data-e-type=\"widget\" data-widget_type=\"text-editor.default\">\n\t\t\t\t<div class=\"elementor-widget-container\">\n\t\t\t\t\t\t\t\t\t<p>O Clube Europeu AEBatalha pretende afirmar-se enquanto centro dinamizador de atividades no dom\u00ednio da Dimens\u00e3o Europeia da Educa\u00e7\u00e3o, integrando o desenvolvimento de parcerias estrat\u00e9gicas, participando em projetos no \u00e2mbito do programa\u00a0<em>Erasmus+<\/em>\/eTwinning, celebrando a diversidade lingu\u00edstica e cultural da Europa, promovendo o gosto pela aprendizagem de l\u00ednguas estrangeiras, contribuindo para a compreens\u00e3o do pluralismo europeu, a necessidade de toler\u00e2ncia rec\u00edproca e a cria\u00e7\u00e3o de um sentido de responsabilidade no que respeita \u00e0 paz, aos direitos humanos e \u00e0 defesa e conserva\u00e7\u00e3o do ambiente e patrim\u00f3nio cultural; promove a divulga\u00e7\u00e3o de informa\u00e7\u00e3o sobre a Europa, as institui\u00e7\u00f5es europeias, os Estados Membros, os problemas atuais, os objetivos da integra\u00e7\u00e3o europeia e a Declara\u00e7\u00e3o Universal dos Direitos Humanos, tendo como principal objetivo a cria\u00e7\u00e3o de um verdadeiro esp\u00edrito europeu de cidadania ativa e abertura de oportunidades de integra\u00e7\u00e3o cultural, social e profissional dos nossos alunos e comunidade educativa na Europa.<\/p>\t\t\t\t\t\t\t\t<\/div>\n\t\t\t\t<\/div>\n\t\t\t\t\t<\/div>\n\t\t\t\t<\/div>\n\t\t<div class=\"elementor-element elementor-element-43b5833 e-flex e-con-boxed wpr-particle-no wpr-jarallax-no wpr-parallax-no wpr-sticky-section-no e-con e-parent\" data-id=\"43b5833\" data-element_type=\"container\" data-e-type=\"container\">\n\t\t\t\t\t<div class=\"e-con-inner\">\n\t\t<div class=\"elementor-element elementor-element-5f9699c e-con-full e-flex wpr-particle-no wpr-jarallax-no wpr-parallax-no wpr-sticky-section-no e-con e-child\" data-id=\"5f9699c\" data-element_type=\"container\" data-e-type=\"container\">\n\t\t\t\t<div class=\"elementor-element elementor-element-e608a57 elementor-widget elementor-widget-text-editor\" data-id=\"e608a57\" data-element_type=\"widget\" data-e-type=\"widget\" data-widget_type=\"text-editor.default\">\n\t\t\t\t<div class=\"elementor-widget-container\">\n\t\t\t\t\t\t\t\t\t<p><strong>Tema do Concurso dos Clubes Europeus 2024\/2025:<\/strong><\/p><p>Diversidade e Inclus\u00e3o: cidadania europeia num contexto de multiculturalidade<\/p><p>\u00a0<\/p><div style=\"display: block; color: #333333; line-height: 1.2; text-decoration: none; padding: 0px; font-weight: normal; font-size: 21px; margin: 0px 0px 0.25em; text-align: center;\"><a style=\"display: block; color: #333; line-height: 1.2; text-decoration: none; padding: 0; font-weight: normal;\" href=\"https:\/\/read.bookcreator.com\/8LLXYXehyYRF9p4mcbXess6zRDg1\/VIJwdcH2TwS360zT8QouHQ\" target=\"_blank\" rel=\"noopener noreferrer\">Clube Europeu 2024\/2025<\/a><\/div><div style=\"display: block; color: #333333; line-height: 1.2; text-decoration: none; padding: 0px; font-weight: normal; font-size: 16px; margin: 0px 0px 0.5em; text-align: center;\"><span style=\"color: #000080;\"><strong><span style=\"background-color: #ffffff;\"><a style=\"display: block; color: #000080; line-height: 1.2; text-decoration: none; padding: 0px; font-weight: normal; background-color: #ffffff;\" href=\"https:\/\/read.bookcreator.com\/8LLXYXehyYRF9p4mcbXess6zRDg1\/VIJwdcH2TwS360zT8QouHQ\" target=\"_blank\" rel=\"noopener noreferrer\">| Clique para ler o ebook |<\/a><\/span><\/strong><\/span><\/div><div style=\"display: block; color: #455a64; line-height: 1.2; text-decoration: none; padding: 0px; font-weight: bold; overflow: hidden; text-overflow: ellipsis; white-space: nowrap; font-size: 14px; text-align: center;\"><a style=\"display: block; color: #333; line-height: 1.2; text-decoration: none; padding: 0; font-weight: normal;\" href=\"https:\/\/read.bookcreator.com\/8LLXYXehyYRF9p4mcbXess6zRDg1\/VIJwdcH2TwS360zT8QouHQ\" target=\"_blank\" rel=\"noopener noreferrer\">read.bookcreator.com<\/a><\/div>\t\t\t\t\t\t\t\t<\/div>\n\t\t\t\t<\/div>\n\t\t\t\t<\/div>\n\t\t<div class=\"elementor-element elementor-element-d7bd2c3 e-con-full e-flex wpr-particle-no wpr-jarallax-no wpr-parallax-no wpr-sticky-section-no e-con e-child\" data-id=\"d7bd2c3\" data-element_type=\"container\" data-e-type=\"container\">\n\t\t\t\t<div class=\"elementor-element elementor-element-b1a9d05 elementor-widget elementor-widget-image\" data-id=\"b1a9d05\" data-element_type=\"widget\" data-e-type=\"widget\" data-widget_type=\"image.default\">\n\t\t\t\t<div class=\"elementor-widget-container\">\n\t\t\t\t\t\t\t\t\t\t\t\t\t\t\t<img decoding=\"async\" width=\"500\" height=\"375\" src=\"https:\/\/agbatalha.pt\/portal\/wp-content\/uploads\/2025\/12\/clube-cover.jpg\" class=\"attachment-large size-large wp-image-2937\" alt=\"\" srcset=\"https:\/\/agbatalha.pt\/portal\/wp-content\/uploads\/2025\/12\/clube-cover.jpg 500w, https:\/\/agbatalha.pt\/portal\/wp-content\/uploads\/2025\/12\/clube-cover-300x225.jpg 300w\" sizes=\"(max-width: 500px) 100vw, 500px\" \/>\t\t\t\t\t\t\t\t\t\t\t\t\t\t\t<\/div>\n\t\t\t\t<\/div>\n\t\t\t\t<\/div>\n\t\t\t\t\t<\/div>\n\t\t\t\t<\/div>\n\t\t<div class=\"elementor-element elementor-element-6051439 e-flex e-con-boxed wpr-particle-no wpr-jarallax-no wpr-parallax-no wpr-sticky-section-no e-con e-parent\" data-id=\"6051439\" data-element_type=\"container\" data-e-type=\"container\">\n\t\t\t\t\t<div class=\"e-con-inner\">\n\t\t\t\t<div class=\"elementor-element elementor-element-12ab5fb elementor-widget elementor-widget-text-editor\" data-id=\"12ab5fb\" data-element_type=\"widget\" data-e-type=\"widget\" data-widget_type=\"text-editor.default\">\n\t\t\t\t<div class=\"elementor-widget-container\">\n\t\t\t\t\t\t\t\t\t<p><strong>Objetivos em articula\u00e7\u00e3o com o Projeto Educativo:<\/strong><\/p><p>Desenvolver a qualidade das aprendizagens, numa perspetiva de escola relacional e inclusiva<\/p><p>Desenvolver metodologias transversais e a consolida\u00e7\u00e3o de pr\u00e1ticas de articula\u00e7\u00e3o curricular<\/p><p>Consolidar uma cultura de escola em que todos os intervenientes se sintam envolvidos, estimulando parcerias, aprofundando as rela\u00e7\u00f5es com a comunidade e desenvolvendo projetos nacionais e internacionais<\/p><p>Desenvolver compet\u00eancias socioemocionais promotoras de uma atitude respons\u00e1vel e de uma cidadania ativa<\/p><p>Desenvolver uma pedagogia alicer\u00e7ada na educa\u00e7\u00e3o inclusiva e intercultural<\/p><p>Incrementar literacias transversais<\/p><p>Incentivar a inova\u00e7\u00e3o pedag\u00f3gica<\/p><p>Potenciar o desenvolvimento do trabalho colaborativo &#8211; Promover a imagem do agrupamento no exterior<\/p><p>\u00a0<\/p><p><strong>Dinamiza\u00e7\u00e3o:<\/strong><\/p><p>O Clube Europeu ser\u00e1 dinamizado por uma equipa de professoras do Departamento de L\u00ednguas Estrangeiras, em conjunto com professores de outros departamentos e clubes (ex.: Clube de Artes, Clube Ubuntu), sempre que as atividades a desenvolver o justifiquem. As atividades ser\u00e3o, maioritariamente, dinamizadas junto de diferentes turmas numa l\u00f3gica de trabalho curricular interdisciplinar e de interciclos, com algumas atividades extracurriculares para os alunos interessados. O Clube Europeu AEB est\u00e1 registado na Rede Nacional de Clubes Europeus (DGE).<\/p>\t\t\t\t\t\t\t\t<\/div>\n\t\t\t\t<\/div>\n\t\t\t\t\t<\/div>\n\t\t\t\t<\/div>\n\t\t\t\t<\/div>\n\t\t","protected":false},"excerpt":{"rendered":"<p>O Clube Europeu AEBatalha pretende afirmar-se enquanto centro dinamizador de atividades no dom\u00ednio da Dimens\u00e3o Europeia da Educa\u00e7\u00e3o, integrando o desenvolvimento de parcerias estrat\u00e9gicas, participando em projetos no \u00e2mbito do programa\u00a0Erasmus+\/eTwinning, celebrando a diversidade lingu\u00edstica e cultural da Europa, promovendo o gosto pela aprendizagem de l\u00ednguas estrangeiras, contribuindo para a compreens\u00e3o do pluralismo europeu, a necessidade de toler\u00e2ncia rec\u00edproca e a cria\u00e7\u00e3o de um sentido de responsabilidade no que respeita \u00e0 paz, aos direitos humanos e \u00e0 defesa e conserva\u00e7\u00e3o do ambiente e patrim\u00f3nio cultural; promove a divulga\u00e7\u00e3o de informa\u00e7\u00e3o sobre a Europa, as institui\u00e7\u00f5es europeias, os Estados Membros, os problemas atuais, os objetivos da integra\u00e7\u00e3o europeia e a Declara\u00e7\u00e3o Universal dos Direitos Humanos, tendo como principal objetivo a cria\u00e7\u00e3o de um verdadeiro esp\u00edrito europeu de cidadania ativa e abertura de oportunidades de integra\u00e7\u00e3o cultural, social e profissional dos nossos alunos e comunidade educativa na Europa. Tema do Concurso dos Clubes Europeus 2024\/2025: Diversidade e Inclus\u00e3o: cidadania europeia num contexto de multiculturalidade \u00a0 Clube Europeu 2024\/2025| Clique para ler o ebook |read.bookcreator.com Objetivos em articula\u00e7\u00e3o com o Projeto Educativo: Desenvolver a qualidade das aprendizagens, numa perspetiva de escola relacional e inclusiva Desenvolver metodologias transversais e a consolida\u00e7\u00e3o de pr\u00e1ticas de articula\u00e7\u00e3o curricular Consolidar uma cultura de escola em que todos os intervenientes se sintam envolvidos, estimulando parcerias, aprofundando as rela\u00e7\u00f5es com a comunidade e desenvolvendo projetos nacionais e internacionais Desenvolver compet\u00eancias socioemocionais promotoras de uma atitude respons\u00e1vel e de uma cidadania ativa Desenvolver uma pedagogia alicer\u00e7ada na educa\u00e7\u00e3o inclusiva e intercultural Incrementar literacias transversais Incentivar a inova\u00e7\u00e3o pedag\u00f3gica Potenciar o desenvolvimento do trabalho colaborativo &#8211; Promover a imagem do agrupamento no exterior \u00a0 Dinamiza\u00e7\u00e3o: O Clube Europeu ser\u00e1 dinamizado por uma equipa de professoras do Departamento de L\u00ednguas Estrangeiras, em conjunto com professores de outros departamentos e clubes (ex.: Clube de Artes, Clube Ubuntu), sempre que as atividades a desenvolver o justifiquem. As atividades ser\u00e3o, maioritariamente, dinamizadas junto de diferentes turmas numa l\u00f3gica de trabalho curricular interdisciplinar e de interciclos, com algumas atividades extracurriculares para os alunos interessados. O Clube Europeu AEB est\u00e1 registado na Rede Nacional de Clubes Europeus (DGE).<\/p>\n","protected":false},"author":2,"featured_media":0,"parent":0,"menu_order":0,"comment_status":"closed","ping_status":"closed","template":"","meta":{"footnotes":""},"class_list":["post-2934","page","type-page","status-publish","hentry"],"_links":{"self":[{"href":"https:\/\/agbatalha.pt\/portal\/wp-json\/wp\/v2\/pages\/2934","targetHints":{"allow":["GET"]}}],"collection":[{"href":"https:\/\/agbatalha.pt\/portal\/wp-json\/wp\/v2\/pages"}],"about":[{"href":"https:\/\/agbatalha.pt\/portal\/wp-json\/wp\/v2\/types\/page"}],"author":[{"embeddable":true,"href":"https:\/\/agbatalha.pt\/portal\/wp-json\/wp\/v2\/users\/2"}],"replies":[{"embeddable":true,"href":"https:\/\/agbatalha.pt\/portal\/wp-json\/wp\/v2\/comments?post=2934"}],"version-history":[{"count":4,"href":"https:\/\/agbatalha.pt\/portal\/wp-json\/wp\/v2\/pages\/2934\/revisions"}],"predecessor-version":[{"id":2940,"href":"https:\/\/agbatalha.pt\/portal\/wp-json\/wp\/v2\/pages\/2934\/revisions\/2940"}],"wp:attachment":[{"href":"https:\/\/agbatalha.pt\/portal\/wp-json\/wp\/v2\/media?parent=2934"}],"curies":[{"name":"wp","href":"https:\/\/api.w.org\/{rel}","templated":true}]}}