{"id":2944,"date":"2025-12-30T23:07:41","date_gmt":"2025-12-30T23:07:41","guid":{"rendered":"https:\/\/agbatalha.pt\/portal\/?page_id=2944"},"modified":"2025-12-30T23:09:18","modified_gmt":"2025-12-30T23:09:18","slug":"biblioteca-escolar","status":"publish","type":"page","link":"https:\/\/agbatalha.pt\/portal\/biblioteca-escolar\/","title":{"rendered":"Biblioteca Escolar"},"content":{"rendered":"\t\t<div data-elementor-type=\"wp-page\" data-elementor-id=\"2944\" class=\"elementor elementor-2944\">\n\t\t\t\t<div class=\"elementor-element elementor-element-045ca6a e-flex e-con-boxed wpr-particle-no wpr-jarallax-no wpr-parallax-no wpr-sticky-section-no e-con e-parent\" data-id=\"045ca6a\" data-element_type=\"container\" data-e-type=\"container\">\n\t\t\t\t\t<div class=\"e-con-inner\">\n\t\t\t\t<div class=\"elementor-element elementor-element-4f2cfb5 elementor-widget elementor-widget-text-editor\" data-id=\"4f2cfb5\" data-element_type=\"widget\" data-e-type=\"widget\" data-widget_type=\"text-editor.default\">\n\t\t\t\t<div class=\"elementor-widget-container\">\n\t\t\t\t\t\t\t\t\t<p>O Programa Rede de Bibliotecas Escolares (PRBE) foi lan\u00e7ado em 1996, pelos Minist\u00e9rios da Educa\u00e7\u00e3o e da Cultura, com o objetivo de instalar e desenvolver bibliotecas em escolas p\u00fablicas de todos os n\u00edveis de ensino, disponibilizando aos utilizadores os recursos necess\u00e1rios \u00e0 leitura, ao acesso, uso e produ\u00e7\u00e3o da informa\u00e7\u00e3o em suporte anal\u00f3gico, eletr\u00f3nico e digital.<\/p><p>O Agrupamento de Escolas da da Batalha integra desde 1998 a Rede, contanto com dois espa\u00e7os, um na Escola B\u00e1sica e Secund\u00e1ria da Batalha<\/p><p>Visite a p\u00e1gina<strong>\u00a0<a href=\"https:\/\/www.facebook.com\/bibliotecas.aebatalha\" target=\"_blank\" rel=\"noopener\">FACEBOOOK\u00a0<\/a><\/strong>e o\u00a0<strong><a href=\"https:\/\/bibliotecasaebatalha.blogspot.com\/\" target=\"_blank\" rel=\"noopener\">BLOG<\/a><\/strong>\u00a0das nossas Bibliotecas<\/p><p>\u00a0<\/p><p>Entre em contacto com a Biblioteca ou conhe\u00e7a um pouco mais das suas atividades nos seus espa\u00e7os online.<\/p><p>email :\u00a0<a href=\"mailto:bibliotecas.aebatalha@aebatalha.ccems.pt\" target=\"_blank\" rel=\"noopener\">bibliotecas.aebatalha@<wbr \/>aebatalha.ccems.pt<\/a><\/p>\t\t\t\t\t\t\t\t<\/div>\n\t\t\t\t<\/div>\n\t\t\t\t\t<\/div>\n\t\t\t\t<\/div>\n\t\t<div class=\"elementor-element elementor-element-1fda98b e-flex e-con-boxed wpr-particle-no wpr-jarallax-no wpr-parallax-no wpr-sticky-section-no e-con e-parent\" data-id=\"1fda98b\" data-element_type=\"container\" data-e-type=\"container\">\n\t\t\t\t\t<div class=\"e-con-inner\">\n\t\t<div class=\"elementor-element elementor-element-5de389d e-con-full e-flex wpr-particle-no wpr-jarallax-no wpr-parallax-no wpr-sticky-section-no e-con e-child\" data-id=\"5de389d\" data-element_type=\"container\" data-e-type=\"container\">\n\t\t\t\t<div class=\"elementor-element elementor-element-39e4d8e elementor-widget elementor-widget-image\" data-id=\"39e4d8e\" data-element_type=\"widget\" data-e-type=\"widget\" data-widget_type=\"image.default\">\n\t\t\t\t<div class=\"elementor-widget-container\">\n\t\t\t\t\t\t\t\t\t\t\t\t\t\t\t<img fetchpriority=\"high\" decoding=\"async\" width=\"800\" height=\"449\" src=\"https:\/\/agbatalha.pt\/portal\/wp-content\/uploads\/2025\/12\/capablogue.jpg\" class=\"attachment-large size-large wp-image-2946\" alt=\"\" srcset=\"https:\/\/agbatalha.pt\/portal\/wp-content\/uploads\/2025\/12\/capablogue.jpg 800w, https:\/\/agbatalha.pt\/portal\/wp-content\/uploads\/2025\/12\/capablogue-300x168.jpg 300w, https:\/\/agbatalha.pt\/portal\/wp-content\/uploads\/2025\/12\/capablogue-768x431.jpg 768w\" sizes=\"(max-width: 800px) 100vw, 800px\" \/>\t\t\t\t\t\t\t\t\t\t\t\t\t\t\t<\/div>\n\t\t\t\t<\/div>\n\t\t\t\t<\/div>\n\t\t<div class=\"elementor-element elementor-element-b1ddbd1 e-con-full e-flex wpr-particle-no wpr-jarallax-no wpr-parallax-no wpr-sticky-section-no e-con e-child\" data-id=\"b1ddbd1\" data-element_type=\"container\" data-e-type=\"container\">\n\t\t\t\t<div class=\"elementor-element elementor-element-c12d966 elementor-widget elementor-widget-image\" data-id=\"c12d966\" data-element_type=\"widget\" data-e-type=\"widget\" data-widget_type=\"image.default\">\n\t\t\t\t<div class=\"elementor-widget-container\">\n\t\t\t\t\t\t\t\t\t\t\t\t\t\t\t<img decoding=\"async\" width=\"720\" height=\"320\" src=\"https:\/\/agbatalha.pt\/portal\/wp-content\/uploads\/2025\/12\/bibliotecas_escolares.jpg\" class=\"attachment-large size-large wp-image-2947\" alt=\"\" srcset=\"https:\/\/agbatalha.pt\/portal\/wp-content\/uploads\/2025\/12\/bibliotecas_escolares.jpg 720w, https:\/\/agbatalha.pt\/portal\/wp-content\/uploads\/2025\/12\/bibliotecas_escolares-300x133.jpg 300w\" sizes=\"(max-width: 720px) 100vw, 720px\" \/>\t\t\t\t\t\t\t\t\t\t\t\t\t\t\t<\/div>\n\t\t\t\t<\/div>\n\t\t\t\t<\/div>\n\t\t\t\t\t<\/div>\n\t\t\t\t<\/div>\n\t\t\t\t<\/div>\n\t\t","protected":false},"excerpt":{"rendered":"<p>O Programa Rede de Bibliotecas Escolares (PRBE) foi lan\u00e7ado em 1996, pelos Minist\u00e9rios da Educa\u00e7\u00e3o e da Cultura, com o objetivo de instalar e desenvolver bibliotecas em escolas p\u00fablicas de todos os n\u00edveis de ensino, disponibilizando aos utilizadores os recursos necess\u00e1rios \u00e0 leitura, ao acesso, uso e produ\u00e7\u00e3o da informa\u00e7\u00e3o em suporte anal\u00f3gico, eletr\u00f3nico e digital. O Agrupamento de Escolas da da Batalha integra desde 1998 a Rede, contanto com dois espa\u00e7os, um na Escola B\u00e1sica e Secund\u00e1ria da Batalha Visite a p\u00e1gina\u00a0FACEBOOOK\u00a0e o\u00a0BLOG\u00a0das nossas Bibliotecas \u00a0 Entre em contacto com a Biblioteca ou conhe\u00e7a um pouco mais das suas atividades nos seus espa\u00e7os online. email :\u00a0bibliotecas.aebatalha@aebatalha.ccems.pt<\/p>\n","protected":false},"author":2,"featured_media":0,"parent":0,"menu_order":0,"comment_status":"closed","ping_status":"closed","template":"","meta":{"footnotes":""},"class_list":["post-2944","page","type-page","status-publish","hentry"],"_links":{"self":[{"href":"https:\/\/agbatalha.pt\/portal\/wp-json\/wp\/v2\/pages\/2944","targetHints":{"allow":["GET"]}}],"collection":[{"href":"https:\/\/agbatalha.pt\/portal\/wp-json\/wp\/v2\/pages"}],"about":[{"href":"https:\/\/agbatalha.pt\/portal\/wp-json\/wp\/v2\/types\/page"}],"author":[{"embeddable":true,"href":"https:\/\/agbatalha.pt\/portal\/wp-json\/wp\/v2\/users\/2"}],"replies":[{"embeddable":true,"href":"https:\/\/agbatalha.pt\/portal\/wp-json\/wp\/v2\/comments?post=2944"}],"version-history":[{"count":4,"href":"https:\/\/agbatalha.pt\/portal\/wp-json\/wp\/v2\/pages\/2944\/revisions"}],"predecessor-version":[{"id":2950,"href":"https:\/\/agbatalha.pt\/portal\/wp-json\/wp\/v2\/pages\/2944\/revisions\/2950"}],"wp:attachment":[{"href":"https:\/\/agbatalha.pt\/portal\/wp-json\/wp\/v2\/media?parent=2944"}],"curies":[{"name":"wp","href":"https:\/\/api.w.org\/{rel}","templated":true}]}}